{"id":1280,"date":"2025-08-20T14:05:51","date_gmt":"2025-08-20T19:05:51","guid":{"rendered":"https:\/\/ubuconla.org\/2025\/?page_id=1280"},"modified":"2025-10-12T11:23:39","modified_gmt":"2025-10-12T16:23:39","slug":"agenda","status":"publish","type":"page","link":"https:\/\/ubuconla.org\/2025\/agenda\/","title":{"rendered":"Agenda e inscripci\u00f3n"},"content":{"rendered":"\t\t<div data-elementor-type=\"wp-page\" data-elementor-id=\"1280\" class=\"elementor elementor-1280\">\n\t\t\t\t<div class=\"elementor-element elementor-element-7de6a2c top e-flex e-con-boxed e-con e-parent\" data-id=\"7de6a2c\" data-element_type=\"container\" data-e-type=\"container\" data-settings=\"{&quot;background_background&quot;:&quot;classic&quot;}\">\n\t\t\t\t\t<div class=\"e-con-inner\">\n\t\t<div class=\"elementor-element elementor-element-ba9d8db e-flex e-con-boxed e-con e-child\" data-id=\"ba9d8db\" data-element_type=\"container\" data-e-type=\"container\">\n\t\t\t\t\t<div class=\"e-con-inner\">\n\t\t\t\t<div class=\"elementor-element elementor-element-4454f2d elementor-widget elementor-widget-image\" data-id=\"4454f2d\" data-element_type=\"widget\" data-e-type=\"widget\" data-widget_type=\"image.default\">\n\t\t\t\t<div class=\"elementor-widget-container\">\n\t\t\t\t\t\t\t\t\t\t\t\t\t\t\t<img decoding=\"async\" src=\"https:\/\/multipasajes.travel\/wp-content\/uploads\/2019\/09\/cuenca.jpg\" title=\"\" alt=\"\" loading=\"lazy\" \/>\t\t\t\t\t\t\t\t\t\t\t\t\t\t\t<\/div>\n\t\t\t\t<\/div>\n\t\t\t\t\t<\/div>\n\t\t\t\t<\/div>\n\t\t\t\t\t<\/div>\n\t\t\t\t<\/div>\n\t\t<div class=\"elementor-element elementor-element-715b0ac e-flex e-con-boxed e-con e-parent\" data-id=\"715b0ac\" data-element_type=\"container\" data-e-type=\"container\" data-settings=\"{&quot;background_background&quot;:&quot;classic&quot;}\">\n\t\t\t\t\t<div class=\"e-con-inner\">\n\t\t<div class=\"elementor-element elementor-element-4fec835 e-con-full e-flex e-con e-child\" data-id=\"4fec835\" data-element_type=\"container\" data-e-type=\"container\">\n\t\t\t\t<div class=\"elementor-element elementor-element-f7d0761 elementor-widget elementor-widget-heading\" data-id=\"f7d0761\" data-element_type=\"widget\" data-e-type=\"widget\" data-widget_type=\"heading.default\">\n\t\t\t\t<div class=\"elementor-widget-container\">\n\t\t\t\t\t<h2 class=\"elementor-heading-title elementor-size-default\">Inscripci\u00f3n al evento<\/h2>\t\t\t\t<\/div>\n\t\t\t\t<\/div>\n\t\t<div class=\"elementor-element elementor-element-d9ba6c7 e-con-full e-flex e-con e-child\" data-id=\"d9ba6c7\" data-element_type=\"container\" data-e-type=\"container\">\n\t\t<div class=\"elementor-element elementor-element-bd9b34e e-con-full e-flex e-con e-child\" data-id=\"bd9b34e\" data-element_type=\"container\" data-e-type=\"container\">\n\t\t\t\t<div class=\"elementor-element elementor-element-5c651d9 elementor-widget elementor-widget-heading\" data-id=\"5c651d9\" data-element_type=\"widget\" data-e-type=\"widget\" data-widget_type=\"heading.default\">\n\t\t\t\t<div class=\"elementor-widget-container\">\n\t\t\t\t\t<h2 class=\"elementor-heading-title elementor-size-default\"><a href=\"https:\/\/www.eventbrite.com.ar\/e\/entradas-ubuconla-2025-1688657493019?aff=oddtdtcreator\" target=\"_blank\">Inscripci\u00f3n d\u00eda 1<\/a><\/h2>\t\t\t\t<\/div>\n\t\t\t\t<\/div>\n\t\t\t\t<\/div>\n\t\t<div class=\"elementor-element elementor-element-a262213 e-con-full e-flex e-con e-child\" data-id=\"a262213\" data-element_type=\"container\" data-e-type=\"container\">\n\t\t\t\t<div class=\"elementor-element elementor-element-0364b84 elementor-widget elementor-widget-heading\" data-id=\"0364b84\" data-element_type=\"widget\" data-e-type=\"widget\" data-widget_type=\"heading.default\">\n\t\t\t\t<div class=\"elementor-widget-container\">\n\t\t\t\t\t<h2 class=\"elementor-heading-title elementor-size-default\"><a href=\"https:\/\/www.eventbrite.com\/e\/ubuconla-2025-tickets-1688902696429?aff=oddtdtcreator&#038;keep_tld=1\" target=\"_blank\">Inscripci\u00f3n d\u00eda 2<\/a><\/h2>\t\t\t\t<\/div>\n\t\t\t\t<\/div>\n\t\t\t\t<\/div>\n\t\t\t\t<\/div>\n\t\t\t\t<div class=\"elementor-element elementor-element-1498b14 elementor-widget elementor-widget-heading\" data-id=\"1498b14\" data-element_type=\"widget\" data-e-type=\"widget\" data-widget_type=\"heading.default\">\n\t\t\t\t<div class=\"elementor-widget-container\">\n\t\t\t\t\t<h2 class=\"elementor-heading-title elementor-size-default\">Agenda del evento<\/h2>\t\t\t\t<\/div>\n\t\t\t\t<\/div>\n\t\t\t\t<div class=\"elementor-element elementor-element-879c33d elementor-tabs-view-vertical elementor-widget elementor-widget-tabs\" data-id=\"879c33d\" data-element_type=\"widget\" data-e-type=\"widget\" data-widget_type=\"tabs.default\">\n\t\t\t\t<div class=\"elementor-widget-container\">\n\t\t\t\t\t\t\t<div class=\"elementor-tabs\">\n\t\t\t<div class=\"elementor-tabs-wrapper\" role=\"tablist\" >\n\t\t\t\t\t\t\t\t\t<div id=\"elementor-tab-title-1421\" class=\"elementor-tab-title elementor-tab-desktop-title\" aria-selected=\"true\" data-tab=\"1\" role=\"tab\" tabindex=\"0\" aria-controls=\"elementor-tab-content-1421\" aria-expanded=\"false\">Pre-Ubucon<\/div>\n\t\t\t\t\t\t\t\t\t<div id=\"elementor-tab-title-1422\" class=\"elementor-tab-title elementor-tab-desktop-title\" aria-selected=\"false\" data-tab=\"2\" role=\"tab\" tabindex=\"-1\" aria-controls=\"elementor-tab-content-1422\" aria-expanded=\"false\">UbuConLA: D\u00eda 1 - 16 de Octubre - Auditorio Mario Jaramillo<\/div>\n\t\t\t\t\t\t\t\t\t<div id=\"elementor-tab-title-1423\" class=\"elementor-tab-title elementor-tab-desktop-title\" aria-selected=\"false\" data-tab=\"3\" role=\"tab\" tabindex=\"-1\" aria-controls=\"elementor-tab-content-1423\" aria-expanded=\"false\">UbuConLA: D\u00eda 1 - 16 de Octubre - Aula Taller<\/div>\n\t\t\t\t\t\t\t\t\t<div id=\"elementor-tab-title-1424\" class=\"elementor-tab-title elementor-tab-desktop-title\" aria-selected=\"false\" data-tab=\"4\" role=\"tab\" tabindex=\"-1\" aria-controls=\"elementor-tab-content-1424\" aria-expanded=\"false\">UbuConLA: D\u00eda 2 - 17 de Octubre - Auditorio Mario Jaramillo<\/div>\n\t\t\t\t\t\t\t\t\t<div id=\"elementor-tab-title-1425\" class=\"elementor-tab-title elementor-tab-desktop-title\" aria-selected=\"false\" data-tab=\"5\" role=\"tab\" tabindex=\"-1\" aria-controls=\"elementor-tab-content-1425\" aria-expanded=\"false\">UbuConLA: D\u00eda 2 - 17 de Octubre - Aula Taller<\/div>\n\t\t\t\t\t\t\t<\/div>\n\t\t\t<div class=\"elementor-tabs-content-wrapper\" role=\"tablist\" aria-orientation=\"vertical\">\n\t\t\t\t\t\t\t\t\t<div class=\"elementor-tab-title elementor-tab-mobile-title\" aria-selected=\"true\" data-tab=\"1\" role=\"tab\" tabindex=\"0\" aria-controls=\"elementor-tab-content-1421\" aria-expanded=\"false\">Pre-Ubucon<\/div>\n\t\t\t\t\t<div id=\"elementor-tab-content-1421\" class=\"elementor-tab-content elementor-clearfix\" data-tab=\"1\" role=\"tabpanel\" aria-labelledby=\"elementor-tab-title-1421\" tabindex=\"0\" hidden=\"false\"><p>La P<a href=\"https:\/\/www.youtube.com\/UbuntuOnAir\" target=\"_blank\" rel=\"noopener\"><img decoding=\"async\" class=\"wp-image-1324 size-thumbnail alignleft\" src=\"https:\/\/ubuconla.org\/2025\/wp-content\/uploads\/sites\/4\/2025\/08\/ubuntuOnAir-150x150.jpg\" alt=\"\" width=\"150\" height=\"150\" srcset=\"https:\/\/ubuconla.org\/2025\/wp-content\/uploads\/sites\/4\/2025\/08\/ubuntuOnAir-150x150.jpg 150w, https:\/\/ubuconla.org\/2025\/wp-content\/uploads\/sites\/4\/2025\/08\/ubuntuOnAir.jpg 160w\" sizes=\"(max-width: 150px) 100vw, 150px\" \/><\/a>reUbucon son una serie de charlas y\/o talleres online, que se realiza previo al evento a modo de preparaci\u00f3n para el mismo. Se tratan de charlas b\u00e1sicas que servir\u00e1n de modo introductorio a lo que se vendr\u00e1 luego en los d\u00edas presenciales, y que son gratuitas y disponibles para todo el que quiera escucharlas en cualquier parte del mundo. Esperamos las disfruten.<\/p><p><strong>Todas las charlas ser\u00e1n trasmitidas en <\/strong><a href=\"https:\/\/m.youtube.com\/@UbuntuEcuador-e7t8f\" target=\"_blank\" rel=\"noopener\"><strong>Ubuntu Ecuador<\/strong><\/a><\/p><hr \/><p><strong>Viernes 5 de Septiembre, 8PM (Hora de Ecuador)<\/strong><\/p><p><strong><img decoding=\"async\" class=\"alignright wp-image-1306 size-thumbnail\" src=\"https:\/\/ubuconla.org\/2025\/wp-content\/uploads\/sites\/4\/2025\/08\/Michael-Estrada-150x150.jpg\" alt=\"\" width=\"150\" height=\"150\" \/><\/strong><\/p><p><em><strong>Una imagen vale m\u00e1s que mil palabras: El futuro de la Visi\u00f3n\u00a0<\/strong><\/em><em><strong>Artificial<\/strong><\/em><\/p><p>Por Michael Estrada &#8211; Ecuador \ud83c\uddea\ud83c\udde8<\/p><p>\u00abEste taller introduce los fundamentos y aplicaciones de la visi\u00f3n artificial, abordando desde el preprocesamiento de im\u00e1genes hasta el an\u00e1lisis de datos complejos. Se exploran t\u00e9cnicas clave para mejorar im\u00e1genes y preparar datos para modelos bidimensionales, as\u00ed como el uso de im\u00e1genes multiespectrales e hiperespectrales en diversas aplicaciones. Tambi\u00e9n se revisan m\u00e9todos de registro de im\u00e1genes y otros campos relacionados dentro del procesamiento visual. Finalmente, se analiza el tratamiento de nubes de puntos y objetos 3D, fundamentales para construir modelos tridimensionales usados en rob\u00f3tica, simulaci\u00f3n, mapeo y m\u00e1s. El enfoque es te\u00f3rico-pr\u00e1ctico, ideal para comprender y aplicar visi\u00f3n\u00a0artificial.\u00bb<\/p><div>\u00a0<\/div><div><a href=\"https:\/\/youtube.com\/live\/cVitRsCKgSs\"><img decoding=\"async\" class=\"size-full wp-image-1424 aligncenter\" src=\"https:\/\/ubuconla.org\/2025\/wp-content\/uploads\/sites\/4\/2025\/09\/icons8-stream-48.png\" alt=\"\" width=\"48\" height=\"48\" \/><\/a><\/div><p>\u00a0 \u00a0 \u00a0 \u00a0 \u00a0 \u00a0 \u00a0 \u00a0 \u00a0 \u00a0 \u00a0 \u00a0 \u00a0 \u00a0 \u00a0 \u00a0 \u00a0 \u00a0 \u00a0 \u00a0 \u00a0 \u00a0 \u00a0 \u00a0 \u00a0 \u00a0 \u00a0 \u00a0 \u00a0 \u00a0 \u00a0 \u00a0 \u00a0 \u00a0 \u00a0 \u00a0 \u00a0 \u00a0 \u00a0 \u00a0 \u00a0 \u00a0<strong>Live Streaming<\/strong><\/p><hr \/><p><strong>\u00a0<\/strong><\/p><p><strong>Viernes 12 de Septiembre, 9PM (Hora de Ecuador)<\/strong><\/p><p><strong><img loading=\"lazy\" decoding=\"async\" class=\"alignright wp-image-1310 size-thumbnail\" src=\"https:\/\/ubuconla.org\/2025\/wp-content\/uploads\/sites\/4\/2025\/08\/Flavio-ESPECHE-NIEVA-150x150.jpeg\" alt=\"\" width=\"150\" height=\"150\" srcset=\"https:\/\/ubuconla.org\/2025\/wp-content\/uploads\/sites\/4\/2025\/08\/Flavio-ESPECHE-NIEVA-150x150.jpeg 150w, https:\/\/ubuconla.org\/2025\/wp-content\/uploads\/sites\/4\/2025\/08\/Flavio-ESPECHE-NIEVA-300x300.jpeg 300w, https:\/\/ubuconla.org\/2025\/wp-content\/uploads\/sites\/4\/2025\/08\/Flavio-ESPECHE-NIEVA-768x768.jpeg 768w, https:\/\/ubuconla.org\/2025\/wp-content\/uploads\/sites\/4\/2025\/08\/Flavio-ESPECHE-NIEVA.jpeg 800w\" sizes=\"(max-width: 150px) 100vw, 150px\" \/><\/strong><\/p><p><em><strong>Taller Iniciaci\u00f3n en Django: Desde la idea hasta la aplicaci\u00f3n web<\/strong><\/em><\/p><p>Por Flavio Espeche Nieva &#8211; Argentina \ud83c\udde6\ud83c\uddf7<\/p><p><a href=\"https:\/\/www.linkedin.com\/in\/flavioespechenieva\/\"><img loading=\"lazy\" decoding=\"async\" class=\"alignleft size-full wp-image-1347\" src=\"https:\/\/ubuconla.org\/2025\/wp-content\/uploads\/sites\/4\/2025\/08\/1024px-LinkedIn_logo_In-Black.svg-e1755741916651.png\" alt=\"\" width=\"15\" height=\"15\" \/><\/a><\/p><p>\u00abCrearemos un proyecto web desde cero utilizando Python + Django. Trabajaremos sobre aplicaciones, modelos, conexiones a bases de datos relacionales, templates para compartir contenido din\u00e1mico y la l\u00f3gica para lograr un CRUDL completamente funcional.\u00bb<\/p><div>\u00a0<\/div><div><a href=\"https:\/\/youtube.com\/live\/1eDp3Pn6p5E\"><img loading=\"lazy\" decoding=\"async\" class=\"aligncenter wp-image-1424 size-full\" src=\"https:\/\/ubuconla.org\/2025\/wp-content\/uploads\/sites\/4\/2025\/09\/icons8-stream-48.png\" alt=\"\" width=\"48\" height=\"48\" \/><\/a><\/div><p>\u00a0 \u00a0 \u00a0 \u00a0 \u00a0 \u00a0 \u00a0 \u00a0 \u00a0 \u00a0 \u00a0 \u00a0 \u00a0 \u00a0 \u00a0 \u00a0 \u00a0 \u00a0 \u00a0 \u00a0 \u00a0 \u00a0 \u00a0 \u00a0 \u00a0 \u00a0 \u00a0 \u00a0 \u00a0 \u00a0 \u00a0 \u00a0 \u00a0 \u00a0 \u00a0 \u00a0 \u00a0 \u00a0 \u00a0 \u00a0 \u00a0 \u00a0<strong>Live Streaming<\/strong><\/p><hr \/><p><strong>\u00a0<\/strong><\/p><p><strong>Viernes 19 de Septiembre, 9PM (Hora de Ecuador)<\/strong><\/p><p><strong><img loading=\"lazy\" decoding=\"async\" class=\"alignright wp-image-1310 size-thumbnail\" src=\"https:\/\/ubuconla.org\/2025\/wp-content\/uploads\/sites\/4\/2025\/08\/Flavio-ESPECHE-NIEVA-150x150.jpeg\" alt=\"\" width=\"150\" height=\"150\" srcset=\"https:\/\/ubuconla.org\/2025\/wp-content\/uploads\/sites\/4\/2025\/08\/Flavio-ESPECHE-NIEVA-150x150.jpeg 150w, https:\/\/ubuconla.org\/2025\/wp-content\/uploads\/sites\/4\/2025\/08\/Flavio-ESPECHE-NIEVA-300x300.jpeg 300w, https:\/\/ubuconla.org\/2025\/wp-content\/uploads\/sites\/4\/2025\/08\/Flavio-ESPECHE-NIEVA-768x768.jpeg 768w, https:\/\/ubuconla.org\/2025\/wp-content\/uploads\/sites\/4\/2025\/08\/Flavio-ESPECHE-NIEVA.jpeg 800w\" sizes=\"(max-width: 150px) 100vw, 150px\" \/><\/strong><\/p><p><em><strong>Taller de dise\u00f1o de Placas de Circuitos Impresos (PCB) para rob\u00f3tica usando KiCAD 9.<\/strong><\/em><\/p><p>Por Flavio Espeche Nieva &#8211; Argentina \ud83c\udde6\ud83c\uddf7<\/p><p><a href=\"https:\/\/www.linkedin.com\/in\/flavioespechenieva\/\"><img loading=\"lazy\" decoding=\"async\" class=\"alignleft size-full wp-image-1347\" src=\"https:\/\/ubuconla.org\/2025\/wp-content\/uploads\/sites\/4\/2025\/08\/1024px-LinkedIn_logo_In-Black.svg-e1755741916651.png\" alt=\"\" width=\"15\" height=\"15\" \/><\/a><\/p><p>\u00abPensado para hobbistas, aficionados a la electr\u00f3nica, el hardware y la rob\u00f3tica, crearemos una versi\u00f3n simplificada de nuestro propia board tipo \u00abArduino\u00bb, transitando todos los pasos fundamentales: desde la construcci\u00f3n del circuito esquem\u00e1tico, pasando por la selecci\u00f3n de componentes y personalizaci\u00f3n del dise\u00f1o, hasta obtener un modelo de PCB probado y listo para ser enviado a fabricar.\u00bb<\/p><div>\u00a0<\/div><div><a href=\"https:\/\/youtube.com\/live\/GI_pxizX25I\"><img loading=\"lazy\" decoding=\"async\" class=\"aligncenter wp-image-1424 size-full\" src=\"https:\/\/ubuconla.org\/2025\/wp-content\/uploads\/sites\/4\/2025\/09\/icons8-stream-48.png\" alt=\"\" width=\"48\" height=\"48\" \/><\/a><\/div><p>\u00a0 \u00a0 \u00a0 \u00a0 \u00a0 \u00a0 \u00a0 \u00a0 \u00a0 \u00a0 \u00a0 \u00a0 \u00a0 \u00a0 \u00a0 \u00a0 \u00a0 \u00a0 \u00a0 \u00a0 \u00a0 \u00a0 \u00a0 \u00a0 \u00a0 \u00a0 \u00a0 \u00a0 \u00a0 \u00a0 \u00a0 \u00a0 \u00a0 \u00a0 \u00a0 \u00a0 \u00a0 \u00a0 \u00a0 \u00a0 \u00a0 \u00a0<strong>Live Streaming<\/strong><\/p><hr \/><p><strong>\u00a0<\/strong><\/p><p><strong>Viernes 26 de Septiembre, 8PM (Hora de Ecuador)<\/strong><\/p><p><strong><img loading=\"lazy\" decoding=\"async\" class=\"alignright wp-image-1373 size-thumbnail\" src=\"https:\/\/ubuconla.org\/2025\/wp-content\/uploads\/sites\/4\/2025\/08\/Nelca_Tovar-e1755992730707-150x150.jpeg\" alt=\"\" width=\"150\" height=\"150\" \/><\/strong><\/p><p><em><strong>Taller de Podcasting educativo, abordando el uso de Audacity<\/strong><\/em><\/p><p>Por Nelca Tovar &#8211; Venezuela \ud83c\uddfb\ud83c\uddea<\/p><p><a href=\"https:\/\/www.linkedin.com\/in\/nelca-tovar-658b4463\/\"><img loading=\"lazy\" decoding=\"async\" class=\"alignleft size-full wp-image-1347\" src=\"https:\/\/ubuconla.org\/2025\/wp-content\/uploads\/sites\/4\/2025\/08\/1024px-LinkedIn_logo_In-Black.svg-e1755741916651.png\" alt=\"\" width=\"15\" height=\"15\" \/><\/a><\/p><p>\u00abEste taller est\u00e1 dise\u00f1ado para capacitar a docentes, estudiantes y creadores de contenido educativo en la producci\u00f3n de podcasts usando software libre, a trav\u00e9s de Audacity. Desde conceptos b\u00e1sicos del podcasting hasta t\u00e9cnicas de grabaci\u00f3n, edici\u00f3n y publicaci\u00f3n, con un enfoque pedag\u00f3gico que resalta el valor del podcast como herramienta facilitadora del aprendizaje accesible, aut\u00f3nomo y flexible.<br \/>Se enfatiza el equilibrio entre teor\u00eda y pr\u00e1ctica, abordando la planeaci\u00f3n del contenido, dise\u00f1o de guiones, manejo t\u00e9cnico de Audacity para la producci\u00f3n del audio y estrategias para difundir el producto final.\u00bb<\/p><div>\u00a0<\/div><div><a href=\"https:\/\/youtube.com\/live\/83FQkreLM8c\"><img loading=\"lazy\" decoding=\"async\" class=\"aligncenter wp-image-1424 size-full\" src=\"https:\/\/ubuconla.org\/2025\/wp-content\/uploads\/sites\/4\/2025\/09\/icons8-stream-48.png\" alt=\"\" width=\"48\" height=\"48\" \/><\/a><\/div><p>\u00a0 \u00a0 \u00a0 \u00a0 \u00a0 \u00a0 \u00a0 \u00a0 \u00a0 \u00a0 \u00a0 \u00a0 \u00a0 \u00a0 \u00a0 \u00a0 \u00a0 \u00a0 \u00a0 \u00a0 \u00a0 \u00a0 \u00a0 \u00a0 \u00a0 \u00a0 \u00a0 \u00a0 \u00a0 \u00a0 \u00a0 \u00a0 \u00a0 \u00a0 \u00a0 \u00a0 \u00a0 \u00a0 \u00a0 \u00a0 \u00a0 \u00a0<strong>Live Streaming<\/strong><\/p><hr \/><p><strong>\u00a0<\/strong><\/p><p><strong>S\u00e1bado 27 de Septiembre, 7PM (Hora de Ecuador)<\/strong><\/p><p><strong><img loading=\"lazy\" decoding=\"async\" class=\"alignright wp-image-219 size-thumbnail\" src=\"https:\/\/ubuconla.org\/2025\/wp-content\/uploads\/sites\/4\/2024\/06\/FB_IMG_1713274948773-Andres-Felipe-Mejia-Florez.redimensionado-150x150.jpg\" alt=\"Foto de perfil\" width=\"150\" height=\"150\" srcset=\"https:\/\/ubuconla.org\/2025\/wp-content\/uploads\/sites\/4\/2024\/06\/FB_IMG_1713274948773-Andres-Felipe-Mejia-Florez.redimensionado-150x150.jpg 150w, https:\/\/ubuconla.org\/2025\/wp-content\/uploads\/sites\/4\/2024\/06\/FB_IMG_1713274948773-Andres-Felipe-Mejia-Florez.redimensionado-300x300.jpg 300w, https:\/\/ubuconla.org\/2025\/wp-content\/uploads\/sites\/4\/2024\/06\/FB_IMG_1713274948773-Andres-Felipe-Mejia-Florez.redimensionado.jpg 450w\" sizes=\"(max-width: 150px) 100vw, 150px\" \/><\/strong><\/p><p><em><strong>Open Hardware para mitigar el cambio climatico<\/strong><\/em><\/p><p>Por Andres Mejia Florez &#8211; Colombia \ud83c\udde8\ud83c\uddf4<\/p><p><a href=\"https:\/\/www.linkedin.com\/in\/afmejia\/\"><img loading=\"lazy\" decoding=\"async\" class=\"alignleft size-full wp-image-1347\" src=\"https:\/\/ubuconla.org\/2025\/wp-content\/uploads\/sites\/4\/2025\/08\/1024px-LinkedIn_logo_In-Black.svg-e1755741916651.png\" alt=\"\" width=\"15\" height=\"15\" \/><\/a><\/p><p>\u00abEl Open Hardware ofrece una oportunidad \u00fanica para mitigar el cambio clim\u00e1tico, ya que permite dise\u00f1ar, compartir y mejorar tecnolog\u00edas de acceso abierto que facilitan la medici\u00f3n, monitoreo y gesti\u00f3n sostenible de los recursos naturales. Sensores ambientales de bajo costo, estaciones meteorol\u00f3gicas comunitarias, sistemas de riego inteligente y soluciones de energ\u00eda renovable son algunos ejemplos de c\u00f3mo la colaboraci\u00f3n abierta acelera la innovaci\u00f3n y democratiza el acceso a herramientas que antes eran costosas o exclusivas. De esta manera, el Open Hardware no solo impulsa la ciencia ciudadana y la educaci\u00f3n, sino que tambi\u00e9n fomenta comunidades m\u00e1s resilientes y comprometidas en la lucha contra el cambio clim\u00e1tico.\u00bb\u00a0<\/p><div>\u00a0<\/div><div><a href=\"https:\/\/youtube.com\/live\/BZiqS4-wY9o\"><img loading=\"lazy\" decoding=\"async\" class=\"aligncenter wp-image-1424 size-full\" src=\"https:\/\/ubuconla.org\/2025\/wp-content\/uploads\/sites\/4\/2025\/09\/icons8-stream-48.png\" alt=\"\" width=\"48\" height=\"48\" \/><\/a><\/div><p>\u00a0 \u00a0 \u00a0 \u00a0 \u00a0 \u00a0 \u00a0 \u00a0 \u00a0 \u00a0 \u00a0 \u00a0 \u00a0 \u00a0 \u00a0 \u00a0 \u00a0 \u00a0 \u00a0 \u00a0 \u00a0 \u00a0 \u00a0 \u00a0 \u00a0 \u00a0 \u00a0 \u00a0 \u00a0 \u00a0 \u00a0 \u00a0 \u00a0 \u00a0 \u00a0 \u00a0 \u00a0 \u00a0 \u00a0 \u00a0 \u00a0 \u00a0 <strong>Live Streaming<\/strong><\/p><hr \/><p><strong>\u00a0<\/strong><\/p><p><strong>Viernes 3 de Octubre, 7PM (Hora de Ecuador)<\/strong><\/p><p><strong><img loading=\"lazy\" decoding=\"async\" class=\"alignright wp-image-1342 size-thumbnail\" src=\"https:\/\/ubuconla.org\/2025\/wp-content\/uploads\/sites\/4\/2025\/08\/Symond-Salazar-e1755741676431-150x150.jpg\" alt=\"\" width=\"150\" height=\"150\" srcset=\"https:\/\/ubuconla.org\/2025\/wp-content\/uploads\/sites\/4\/2025\/08\/Symond-Salazar-e1755741676431-150x150.jpg 150w, https:\/\/ubuconla.org\/2025\/wp-content\/uploads\/sites\/4\/2025\/08\/Symond-Salazar-e1755741676431-300x300.jpg 300w, https:\/\/ubuconla.org\/2025\/wp-content\/uploads\/sites\/4\/2025\/08\/Symond-Salazar-e1755741676431-768x768.jpg 768w, https:\/\/ubuconla.org\/2025\/wp-content\/uploads\/sites\/4\/2025\/08\/Symond-Salazar-e1755741676431.jpg 853w\" sizes=\"(max-width: 150px) 100vw, 150px\" \/><\/strong><\/p><p><em><strong>Contribuir sin c\u00f3digo: tu lugar en el Software Libre<\/strong><\/em><\/p><p>Por Symond Salazar &#8211; Ecuador \ud83c\uddfb\ud83c\uddea<\/p><p><a href=\"https:\/\/www.linkedin.com\/in\/symond-salazar-b1554a352\/\"><img loading=\"lazy\" decoding=\"async\" class=\"alignleft size-full wp-image-1347\" src=\"https:\/\/ubuconla.org\/2025\/wp-content\/uploads\/sites\/4\/2025\/08\/1024px-LinkedIn_logo_In-Black.svg-e1755741916651.png\" alt=\"\" width=\"15\" height=\"15\" \/><\/a><\/p><p>\u00abEl software libre no es solo para programadores. Esta charla explora c\u00f3mo cualquier persona puede aportar al ecosistema libre desde sus habilidades y pasiones: traduciendo interfaces, dise\u00f1ando experiencias m\u00e1s accesibles, reportando errores, escribiendo documentaci\u00f3n clara, o promoviendo proyectos en redes. A trav\u00e9s de ejemplos reales y consejos pr\u00e1cticos, mostraremos c\u00f3mo la diversidad de contribuciones fortalece las comunidades y hace que el software libre sea verdaderamente de todos y para todos. Si alguna vez pensaste que no pod\u00edas ayudar por no saber programar, esta charla\u00a0es\u00a0para\u00a0ti\u00bb<\/p><div>\u00a0<\/div><div><a href=\"https:\/\/youtube.com\/live\/lgC86fZuinU\"><img loading=\"lazy\" decoding=\"async\" class=\"aligncenter wp-image-1424 size-full\" src=\"https:\/\/ubuconla.org\/2025\/wp-content\/uploads\/sites\/4\/2025\/09\/icons8-stream-48.png\" alt=\"\" width=\"48\" height=\"48\" \/><\/a><\/div><p>\u00a0 \u00a0 \u00a0 \u00a0 \u00a0 \u00a0 \u00a0 \u00a0 \u00a0 \u00a0 \u00a0 \u00a0 \u00a0 \u00a0 \u00a0 \u00a0 \u00a0 \u00a0 \u00a0 \u00a0 \u00a0 \u00a0 \u00a0 \u00a0 \u00a0 \u00a0 \u00a0 \u00a0 \u00a0 \u00a0 \u00a0 \u00a0 \u00a0 \u00a0 \u00a0 \u00a0 \u00a0 \u00a0 \u00a0 \u00a0 \u00a0 \u00a0 <strong>Live Streaming<\/strong><\/p><hr \/><\/div>\n\t\t\t\t\t\t\t\t\t<div class=\"elementor-tab-title elementor-tab-mobile-title\" aria-selected=\"false\" data-tab=\"2\" role=\"tab\" tabindex=\"-1\" aria-controls=\"elementor-tab-content-1422\" aria-expanded=\"false\">UbuConLA: D\u00eda 1 - 16 de Octubre - Auditorio Mario Jaramillo<\/div>\n\t\t\t\t\t<div id=\"elementor-tab-content-1422\" class=\"elementor-tab-content elementor-clearfix\" data-tab=\"2\" role=\"tabpanel\" aria-labelledby=\"elementor-tab-title-1422\" tabindex=\"0\" hidden=\"hidden\"><p><img loading=\"lazy\" decoding=\"async\" class=\"wp-image-739 size-medium alignright\" src=\"https:\/\/ubuconla.org\/2025\/wp-content\/uploads\/sites\/4\/2025\/07\/UDA-A-H-300x79.png\" alt=\"\" width=\"300\" height=\"79\" srcset=\"https:\/\/ubuconla.org\/2025\/wp-content\/uploads\/sites\/4\/2025\/07\/UDA-A-H-300x79.png 300w, https:\/\/ubuconla.org\/2025\/wp-content\/uploads\/sites\/4\/2025\/07\/UDA-A-H-1024x268.png 1024w, https:\/\/ubuconla.org\/2025\/wp-content\/uploads\/sites\/4\/2025\/07\/UDA-A-H-768x201.png 768w, https:\/\/ubuconla.org\/2025\/wp-content\/uploads\/sites\/4\/2025\/07\/UDA-A-H-1536x403.png 1536w, https:\/\/ubuconla.org\/2025\/wp-content\/uploads\/sites\/4\/2025\/07\/UDA-A-H.png 1549w\" sizes=\"(max-width: 300px) 100vw, 300px\" \/><\/p><p><strong>8:00AM a 9:00AM &#8211; Ingreso<\/strong><\/p><p>Apertura de puertas e ingreso a la Uinversidad y registro de ingreso<\/p><hr \/><p style=\"text-align: left;\"><strong>9:00AM a 10:00AM &#8211; Bienvenida:<\/strong><\/p><ul><li style=\"text-align: left;\">Acto de apertura<\/li><li>Acto institucional<\/li><li>Palabras de las autoridades<\/li><\/ul><hr \/><p style=\"text-align: left;\"><strong>10:00AM a 10:30AM &#8211; Intro UbuCon Latinoamerica \u00ab\u00bfQue es UbuConLA?\u00bb<\/strong><\/p><p>Por Darwin Proa\u00f1o y equipo<\/p><hr \/><p><img loading=\"lazy\" decoding=\"async\" class=\"wp-image-1678 alignright\" src=\"https:\/\/ubuconla.org\/2025\/wp-content\/uploads\/sites\/4\/2025\/10\/Esteban-Crespo-Martinez-233x300.jpg\" alt=\"\" width=\"167\" height=\"215\" srcset=\"https:\/\/ubuconla.org\/2025\/wp-content\/uploads\/sites\/4\/2025\/10\/Esteban-Crespo-Martinez-233x300.jpg 233w, https:\/\/ubuconla.org\/2025\/wp-content\/uploads\/sites\/4\/2025\/10\/Esteban-Crespo-Martinez-796x1024.jpg 796w, https:\/\/ubuconla.org\/2025\/wp-content\/uploads\/sites\/4\/2025\/10\/Esteban-Crespo-Martinez-768x988.jpg 768w, https:\/\/ubuconla.org\/2025\/wp-content\/uploads\/sites\/4\/2025\/10\/Esteban-Crespo-Martinez.jpg 1080w\" sizes=\"(max-width: 167px) 100vw, 167px\" \/><\/p><p style=\"text-align: left;\"><strong>10:30AM a 11:15AM &#8211; \u00abCiberseguridad en tiempos de la IA: \u00bfEstamos preparados?\u00bb<\/strong><\/p><p style=\"text-align: left;\">Por Esteban Crespo Martinez &#8211; Ecuador \ud83c\uddea\ud83c\udde8<\/p><p style=\"text-align: left;\"><em>\u00abLa ciberseguridad ha sido considerada como un \u00e1rea de la tecnolog\u00eda que mantiene un vertiginoso avance. Sin embargo, con la IA, este avance se ve potenciado, debido a la gran cantidad de vulnerabilidades y amenazas que se presentan en la cotidianidad. Esta conferencia abre un espacio a conocer y reflexionar sobre las tendencias en este \u00e1mbito, impulsado cada vez mas por la IA y la computaci\u00f3n cu\u00e1ntica.\u00bb<\/em><\/p><hr \/><p><img loading=\"lazy\" decoding=\"async\" class=\"wp-image-1679 alignright\" src=\"https:\/\/ubuconla.org\/2025\/wp-content\/uploads\/sites\/4\/2025\/10\/galoget-latorre-Galoget-Latorre-300x300.png\" alt=\"\" width=\"193\" height=\"193\" srcset=\"https:\/\/ubuconla.org\/2025\/wp-content\/uploads\/sites\/4\/2025\/10\/galoget-latorre-Galoget-Latorre-300x300.png 300w, https:\/\/ubuconla.org\/2025\/wp-content\/uploads\/sites\/4\/2025\/10\/galoget-latorre-Galoget-Latorre-150x150.png 150w, https:\/\/ubuconla.org\/2025\/wp-content\/uploads\/sites\/4\/2025\/10\/galoget-latorre-Galoget-Latorre.png 500w\" sizes=\"(max-width: 193px) 100vw, 193px\" \/><\/p><p><strong>11:15AM a 12:00PM &#8211; \u00abAn\u00e1lisis de Malware Asistido por IA con LLMs en Ubuntu\u00bb<\/strong><\/p><p>Por Galoget Latorre <span data-sheets-root=\"1\">\u2013 Ecuador \ud83c\uddea\ud83c\udde8<\/span><\/p><p><span data-sheets-root=\"1\">\u00a0\u00ab<\/span>El an\u00e1lisis de malware y la ingenier\u00eda inversa se est\u00e1n volviendo cada vez m\u00e1s complejos, ya que los atacantes utilizan binarios ofuscados, packers y t\u00e9cnicas avanzadas de evasi\u00f3n. En esta sesi\u00f3n hablaremos de GhidraMCP, una extensi\u00f3n de c\u00f3digo abierto que integra Modelos de Lenguaje de Gran Escala (LLMs) en Ghidra para potenciar tu flujo de trabajo de reverse engineering.<\/p><p>Descubre c\u00f3mo GhidraMCP puede explicar funciones, renombrar s\u00edmbolos ofuscados, resumir c\u00f3digo desensamblado, sugerir reglas YARA e incluso redactar informes, todo impulsado por IA. La charla incluir\u00e1 demostraciones en vivo, muestras reales de malware y un an\u00e1lisis profundo de la arquitectura y limitaciones de los LLMs en el contexto del an\u00e1lisis binario.<\/p><p>Si eres analista de malware, incident responder o reverse engineer, esta es la ventaja asistida por herramientas que estabas esperando.<span data-sheets-root=\"1\">\u00ab<\/span><\/p><p><span data-sheets-root=\"1\">\u00a0<\/span><\/p><hr \/><p><strong>12:00PM a 1:30PM &#8211; Almuerzo<\/strong><\/p><hr \/><p><strong><img loading=\"lazy\" decoding=\"async\" class=\"wp-image-1680 alignright\" src=\"https:\/\/ubuconla.org\/2025\/wp-content\/uploads\/sites\/4\/2025\/10\/sergio_ubuconla-Sergio-Cazzolato-225x300.jpeg\" alt=\"\" width=\"179\" height=\"238\" srcset=\"https:\/\/ubuconla.org\/2025\/wp-content\/uploads\/sites\/4\/2025\/10\/sergio_ubuconla-Sergio-Cazzolato-225x300.jpeg 225w, https:\/\/ubuconla.org\/2025\/wp-content\/uploads\/sites\/4\/2025\/10\/sergio_ubuconla-Sergio-Cazzolato-768x1024.jpeg 768w, https:\/\/ubuconla.org\/2025\/wp-content\/uploads\/sites\/4\/2025\/10\/sergio_ubuconla-Sergio-Cazzolato-1152x1536.jpeg 1152w, https:\/\/ubuconla.org\/2025\/wp-content\/uploads\/sites\/4\/2025\/10\/sergio_ubuconla-Sergio-Cazzolato.jpeg 1200w\" sizes=\"(max-width: 179px) 100vw, 179px\" \/>1:30PM a 2:15PM &#8211; \u00abUbuntu Core: Seguridad y confiabilidad en el coraz\u00f3n del sistema operativo\u00bb<\/strong><\/p><p>Por Sergio Cazzolato &#8211; Argentina \ud83c\udde6\ud83c\uddf7<\/p><p><span style=\"font-size: 1rem;\">\u00ab<\/span>Ubuntu Core es una variante minimalista y transaccional de Ubuntu, dise\u00f1ada espec\u00edficamente para dispositivos embebidos, IoT y entornos donde la seguridad y la estabilidad son fundamentales. A diferencia de Ubuntu cl\u00e1sico, Ubuntu Core est\u00e1 completamente basado en snaps, un formato de paquetes autocontenidos y con actualizaciones at\u00f3micas que permiten una gesti\u00f3n de software m\u00e1s segura y predecible.<\/p><p>En esta presentaci\u00f3n exploraremos las principales diferencias entre Ubuntu Core y Ubuntu tradicional, enfoc\u00e1ndonos en c\u00f3mo la arquitectura basada en snaps mejora la seguridad del sistema mediante aislamiento de aplicaciones (sandboxing), actualizaciones autom\u00e1ticas y reversibles, y una superficie de ataque significativamente reducida. Tambi\u00e9n se abordar\u00e1n otros beneficios como la facilidad de mantenimiento, el soporte a largo plazo y la idoneidad de Ubuntu Core para dispositivos con requerimientos cr\u00edticos de disponibilidad y control remoto.<\/p><p>Esta charla est\u00e1 dirigida tanto a desarrolladores como a integradores y administradores de sistemas interesados en soluciones modernas y seguras para dispositivos conectados.<span style=\"font-size: 1rem;\">\u00ab<\/span><\/p><p><span style=\"font-size: 1rem;\">\u00a0<\/span><\/p><hr \/><p><strong><img loading=\"lazy\" decoding=\"async\" class=\"wp-image-1720 size-full alignright\" src=\"https:\/\/ubuconla.org\/2025\/wp-content\/uploads\/sites\/4\/2025\/10\/WhatsApp-Image-2025-10-05-at-18.02.43-e1759766529334.jpeg\" alt=\"\" width=\"160\" height=\"160\" \/>2:15PM a 3:00PM &#8211; \u00abTu Suministro, Su Acceso: Rompiendo la Cadena de suministro\u00bb<\/strong><\/p><p>Por David Cortez &#8211; Ecuador<span data-sheets-root=\"1\"> \ud83c\uddea\ud83c\udde8\u00a0 \u00a0 \u00a0 \u00a0 \u00a0 \u00a0<\/span><\/p><p>\u00abEsta charla se enfoca en los ataques a la cadena de suministro. Veremos c\u00f3mo los repositorios de paquetes son el nuevo objetivo de los atacantes. Analizaremos sus t\u00e1cticas para infiltrar c\u00f3digo malicioso y presentar una Prueba de concepto.\u00bb<\/p><hr \/><p><strong>3:00 PM a 3:15PM &#8211; Break<\/strong><\/p><hr \/><p><strong><img loading=\"lazy\" decoding=\"async\" class=\"wp-image-1681 alignright\" src=\"https:\/\/ubuconla.org\/2025\/wp-content\/uploads\/sites\/4\/2025\/10\/Klaibson-Natal-Ribeiro-Borges-225x300.jpg\" alt=\"\" width=\"176\" height=\"234\" srcset=\"https:\/\/ubuconla.org\/2025\/wp-content\/uploads\/sites\/4\/2025\/10\/Klaibson-Natal-Ribeiro-Borges-225x300.jpg 225w, https:\/\/ubuconla.org\/2025\/wp-content\/uploads\/sites\/4\/2025\/10\/Klaibson-Natal-Ribeiro-Borges-768x1024.jpg 768w, https:\/\/ubuconla.org\/2025\/wp-content\/uploads\/sites\/4\/2025\/10\/Klaibson-Natal-Ribeiro-Borges-1152x1536.jpg 1152w, https:\/\/ubuconla.org\/2025\/wp-content\/uploads\/sites\/4\/2025\/10\/Klaibson-Natal-Ribeiro-Borges.jpg 1200w\" sizes=\"(max-width: 176px) 100vw, 176px\" \/><\/strong><strong>3:15PM<\/strong><strong>\u00a0a 4:00PM &#8211; \u00abMi IA, Mis\u00a0<\/strong><strong>Reglas &#8211; Como OnlyOffice Trabaja con IA\u00bb<\/strong><\/p><p>Por\u00a0 Klaibson Natal Ribeiro Borges &#8211; Brasil \ud83c\udde7\ud83c\uddf7<\/p><p>\u00abEn esta presentaci\u00f3n, aprender\u00e1s c\u00f3mo OnlyOffice gestiona la IA y c\u00f3mo se conecta con cualquier asistente de IA, incluidos los locales. Tambi\u00e9n ofrece la posibilidad de seleccionar diferentes modelos de IA para diferentes tareas y una interfaz revisada con una pesta\u00f1a de IA independiente.\u00bb<\/p><hr \/><p><strong>4:00PM a 4:30PM &#8211; \u00abCierre del d\u00eda\u00bb<\/strong><\/p><hr \/><\/div>\n\t\t\t\t\t\t\t\t\t<div class=\"elementor-tab-title elementor-tab-mobile-title\" aria-selected=\"false\" data-tab=\"3\" role=\"tab\" tabindex=\"-1\" aria-controls=\"elementor-tab-content-1423\" aria-expanded=\"false\">UbuConLA: D\u00eda 1 - 16 de Octubre - Aula Taller<\/div>\n\t\t\t\t\t<div id=\"elementor-tab-content-1423\" class=\"elementor-tab-content elementor-clearfix\" data-tab=\"3\" role=\"tabpanel\" aria-labelledby=\"elementor-tab-title-1423\" tabindex=\"0\" hidden=\"hidden\"><p><strong>10:30AM &#8211; Apertura sala de talleres<\/strong><\/p><p><strong><img loading=\"lazy\" decoding=\"async\" class=\"wp-image-1682 alignright\" src=\"https:\/\/ubuconla.org\/2025\/wp-content\/uploads\/sites\/4\/2025\/10\/Imagen_Personal-Cris-Yanez-300x300.jpeg\" alt=\"\" width=\"181\" height=\"181\" srcset=\"https:\/\/ubuconla.org\/2025\/wp-content\/uploads\/sites\/4\/2025\/10\/Imagen_Personal-Cris-Yanez-300x300.jpeg 300w, https:\/\/ubuconla.org\/2025\/wp-content\/uploads\/sites\/4\/2025\/10\/Imagen_Personal-Cris-Yanez-150x150.jpeg 150w, https:\/\/ubuconla.org\/2025\/wp-content\/uploads\/sites\/4\/2025\/10\/Imagen_Personal-Cris-Yanez-768x768.jpeg 768w, https:\/\/ubuconla.org\/2025\/wp-content\/uploads\/sites\/4\/2025\/10\/Imagen_Personal-Cris-Yanez.jpeg 800w\" sizes=\"(max-width: 181px) 100vw, 181px\" \/><\/strong><\/p><hr \/><p><strong>10:<\/strong><strong style=\"font-size: 1rem;\">30AM a 11:15AM &#8211; \u00abDocker y Kubernetes sin morir en el intento\u00bb<\/strong><\/p><p>Por Cristian Danilo Y\u00e1nez J\u00e1come &#8211; Ecuador \ud83c\uddea\ud83c\udde8<\/p><p>\u00abLa charla introduce los fundamentos de Docker y Kubernetes, abordando las diferencias entre versiones de Kubernetes y su evoluci\u00f3n. Se explicar\u00e1 c\u00f3mo crear un cl\u00faster en un entorno controlado, ideal para pruebas de concepto. Tambi\u00e9n se tratar\u00e1 el despliegue de aplicaciones dentro del cl\u00faster y su posterior monitoreo. Finalmente, se proporcionar\u00e1 bibliograf\u00eda recomendada y cursos en l\u00ednea para fomentar la autoformaci\u00f3n y profundizaci\u00f3n en estas tecnolog\u00edas clave en la gesti\u00f3n moderna de contenedores y orquestaci\u00f3n. La charla est\u00e1 dirigida a quienes buscan iniciarse o reforzar conocimientos en el mundo de Docker y Kubernetes.\u00bb<\/p><hr \/><p><strong><img loading=\"lazy\" decoding=\"async\" class=\"wp-image-1683 alignright\" src=\"https:\/\/ubuconla.org\/2025\/wp-content\/uploads\/sites\/4\/2025\/10\/leonardo_gomez-Leonardo-Gomez-300x225.jpg\" alt=\"\" width=\"177\" height=\"133\" srcset=\"https:\/\/ubuconla.org\/2025\/wp-content\/uploads\/sites\/4\/2025\/10\/leonardo_gomez-Leonardo-Gomez-300x225.jpg 300w, https:\/\/ubuconla.org\/2025\/wp-content\/uploads\/sites\/4\/2025\/10\/leonardo_gomez-Leonardo-Gomez-1024x768.jpg 1024w, https:\/\/ubuconla.org\/2025\/wp-content\/uploads\/sites\/4\/2025\/10\/leonardo_gomez-Leonardo-Gomez-768x576.jpg 768w, https:\/\/ubuconla.org\/2025\/wp-content\/uploads\/sites\/4\/2025\/10\/leonardo_gomez-Leonardo-Gomez.jpg 1280w\" sizes=\"(max-width: 177px) 100vw, 177px\" \/><\/strong><\/p><p><strong>11:15AM a 12:00PM &#8211; \u00abMontar un Mapas Interactivo usando Supabase Y Leaflet para Portales Self <br \/>Hosted\u00bb<\/strong><\/p><p>Por Leonardo Gomez &#8211; Ecuador \ud83c\uddea\ud83c\udde8<\/p><p>\u00abMontar un Mapas Interactivo usando Supabase Y Leaflet para Portales Self<br \/>Hosted, Se usara Supabase para almacenar los datos y Postmap para el<br \/>mapa con los POI\u00bb<\/p><hr \/><p><strong>12:00PM a 1:30PM &#8211; Almuerzo<\/strong><\/p><p><strong><img loading=\"lazy\" decoding=\"async\" class=\"wp-image-1728 size-full alignright\" src=\"https:\/\/ubuconla.org\/2025\/wp-content\/uploads\/sites\/4\/2025\/10\/alex-e1760033001589.jpg\" alt=\"\" width=\"160\" height=\"160\" \/><\/strong><\/p><hr \/><p><strong>1:30PM a 2:15PM &#8211; \u00abGestor de Contrrase\u00f1as KeepassXC y Herencia digital\u00bb<\/strong><\/p><p>Por Alex Aconda &#8211; Ecuador \ud83c\uddea\ud83c\udde8<\/p><p>\u00ab\u00bfYa pensaste qu\u00e9 har\u00e1s con tu legado digital cuando ya no est\u00e9s vivo?<br \/>Un gestor de contrase\u00f1as es un software que permite a los usuarios crear contrase\u00f1as seguras, almacenarlas en un almac\u00e9n digital protegido por una sola contrase\u00f1a maestra y recuperarlas al iniciar sesi\u00f3n en las cuentas\u00bb<\/p><p><strong><img loading=\"lazy\" decoding=\"async\" class=\"wp-image-1685 alignright\" src=\"https:\/\/ubuconla.org\/2025\/wp-content\/uploads\/sites\/4\/2025\/10\/JeanCorrea-jean-madara-min-200x300.jpg\" alt=\"\" width=\"151\" height=\"227\" srcset=\"https:\/\/ubuconla.org\/2025\/wp-content\/uploads\/sites\/4\/2025\/10\/JeanCorrea-jean-madara-min-200x300.jpg 200w, https:\/\/ubuconla.org\/2025\/wp-content\/uploads\/sites\/4\/2025\/10\/JeanCorrea-jean-madara-min-683x1024.jpg 683w, https:\/\/ubuconla.org\/2025\/wp-content\/uploads\/sites\/4\/2025\/10\/JeanCorrea-jean-madara-min-768x1152.jpg 768w, https:\/\/ubuconla.org\/2025\/wp-content\/uploads\/sites\/4\/2025\/10\/JeanCorrea-jean-madara-min-1024x1536.jpg 1024w, https:\/\/ubuconla.org\/2025\/wp-content\/uploads\/sites\/4\/2025\/10\/JeanCorrea-jean-madara-min-1365x2048.jpg 1365w, https:\/\/ubuconla.org\/2025\/wp-content\/uploads\/sites\/4\/2025\/10\/JeanCorrea-jean-madara-min-scaled.jpg 1707w\" sizes=\"(max-width: 151px) 100vw, 151px\" \/><\/strong><\/p><hr \/><p><strong>2:15PM a 3:00PM &#8211; \u00abExtractivismo Digital, IA y Patrimonio Cultural: Galer\u00eda 3D de Cer\u00e1mica Precolombina del Litoral Ecuatoriano ( Parte 1 )\u00bb<\/strong><\/p><p>Por Jean Carlos Correa Gonz\u00e1lez &#8211; Ecuador \ud83c\uddea\ud83c\udde8<\/p><p>\u00abTaller te\u00f3rico-pr\u00e1ctico sobre digitalizaci\u00f3n del patrimonio cultural con inteligencia artificial. Exploramos el extractivismo digital y generamos modelos 3D de cer\u00e1mica precolombina con herramientas como TRELLIS y p5.js, desde una perspectiva cr\u00edtica y colaborativa.\u00bb<\/p><hr \/><p><strong>3:00PM a 3:15PM &#8211; Break<\/strong><\/p><p><strong><img loading=\"lazy\" decoding=\"async\" class=\"wp-image-1685 alignright\" src=\"https:\/\/ubuconla.org\/2025\/wp-content\/uploads\/sites\/4\/2025\/10\/JeanCorrea-jean-madara-min-200x300.jpg\" alt=\"\" width=\"149\" height=\"224\" srcset=\"https:\/\/ubuconla.org\/2025\/wp-content\/uploads\/sites\/4\/2025\/10\/JeanCorrea-jean-madara-min-200x300.jpg 200w, https:\/\/ubuconla.org\/2025\/wp-content\/uploads\/sites\/4\/2025\/10\/JeanCorrea-jean-madara-min-683x1024.jpg 683w, https:\/\/ubuconla.org\/2025\/wp-content\/uploads\/sites\/4\/2025\/10\/JeanCorrea-jean-madara-min-768x1152.jpg 768w, https:\/\/ubuconla.org\/2025\/wp-content\/uploads\/sites\/4\/2025\/10\/JeanCorrea-jean-madara-min-1024x1536.jpg 1024w, https:\/\/ubuconla.org\/2025\/wp-content\/uploads\/sites\/4\/2025\/10\/JeanCorrea-jean-madara-min-1365x2048.jpg 1365w, https:\/\/ubuconla.org\/2025\/wp-content\/uploads\/sites\/4\/2025\/10\/JeanCorrea-jean-madara-min-scaled.jpg 1707w\" sizes=\"(max-width: 149px) 100vw, 149px\" \/><\/strong><\/p><hr \/><p><strong>3:15PM a 4:00PM &#8211; \u00abExtractivismo Digital, IA y Patrimonio Cultural: Galer\u00eda 3D de Cer\u00e1mica Precolombina del Litoral Ecuatoriano ( Parte 2 ) \u00ab<\/strong><\/p><p>Por Jean Carlos Correa Gonz\u00e1lez &#8211; Ecuador \ud83c\uddea\ud83c\udde8<\/p><p>\u00abTaller te\u00f3rico-pr\u00e1ctico sobre digitalizaci\u00f3n del patrimonio cultural con inteligencia artificial. Exploramos el extractivismo digital y generamos modelos 3D de cer\u00e1mica precolombina con herramientas como TRELLIS y p5.js, desde una perspectiva cr\u00edtica y colaborativa.\u00bb<\/p><hr \/><\/div>\n\t\t\t\t\t\t\t\t\t<div class=\"elementor-tab-title elementor-tab-mobile-title\" aria-selected=\"false\" data-tab=\"4\" role=\"tab\" tabindex=\"-1\" aria-controls=\"elementor-tab-content-1424\" aria-expanded=\"false\">UbuConLA: D\u00eda 2 - 17 de Octubre - Auditorio Mario Jaramillo<\/div>\n\t\t\t\t\t<div id=\"elementor-tab-content-1424\" class=\"elementor-tab-content elementor-clearfix\" data-tab=\"4\" role=\"tabpanel\" aria-labelledby=\"elementor-tab-title-1424\" tabindex=\"0\" hidden=\"hidden\"><p><strong>8:20AM a 8:45AM &#8211; Ingreso a la Universidad<\/strong><\/p><hr \/><p><strong><img loading=\"lazy\" decoding=\"async\" class=\"wp-image-1092 size-full alignright\" src=\"https:\/\/ubuconla.org\/2025\/wp-content\/uploads\/sites\/4\/2025\/08\/DarwinProano-scaled-e1754353244893.jpg\" alt=\"\" width=\"120\" height=\"120\" \/>8:45AM a 9:30AM &#8211; \u00abSeguridad en Ubuntu: Pr\u00e1cticas Esenciales para Proteger tu Sistema\u00bb<\/strong><\/p><p>Por <span data-sheets-root=\"1\">Darwin Proa\u00f1o &#8211; Ecuador \ud83c\uddea\ud83c\udde8<\/span><\/p><p>\u00abEn un mundo donde la informaci\u00f3n es uno de los activos m\u00e1s valiosos, la seguridad de los datos se vuelve crucial. Esta conferencia se enfoca en mostrar las bondades que posee tanto Ubuntu como las distintas distribuciones de GNU\/Linux, dando espacio as\u00ed tambi\u00e9n a ciertas herramientas libres que nos ayudan a proteger esa informaci\u00f3n por el lado del usuario final. En esta conferencia se muestra el porqu\u00e9 GNU\/Linux se considera m\u00e1s seguro que otras opciones del medio. Desde la configuraci\u00f3n inicial del sistema hasta la protecci\u00f3n contra amenazas en red, esta charla proporcionar\u00e1 a los participantes las habilidades necesarias para proteger sus datos en un mundo interconectado.\u00bb<\/p><hr \/><p><strong><img loading=\"lazy\" decoding=\"async\" class=\"wp-image-1686 alignright\" src=\"https:\/\/ubuconla.org\/2025\/wp-content\/uploads\/sites\/4\/2025\/10\/julian_espina-Julian-Espina-Del-Angel-300x300.jpeg\" alt=\"\" width=\"186\" height=\"186\" srcset=\"https:\/\/ubuconla.org\/2025\/wp-content\/uploads\/sites\/4\/2025\/10\/julian_espina-Julian-Espina-Del-Angel-300x300.jpeg 300w, https:\/\/ubuconla.org\/2025\/wp-content\/uploads\/sites\/4\/2025\/10\/julian_espina-Julian-Espina-Del-Angel-150x150.jpeg 150w, https:\/\/ubuconla.org\/2025\/wp-content\/uploads\/sites\/4\/2025\/10\/julian_espina-Julian-Espina-Del-Angel.jpeg 462w\" sizes=\"(max-width: 186px) 100vw, 186px\" \/>9:30AM a 10:15AM &#8211; \u00abCharmed HPC: de cero a cl\u00faster de alto rendimiento en la nube con Juju\u00bb<\/strong><\/p><p>Por <span data-sheets-root=\"1\">Jos\u00e9 Juli\u00e1n Espina &#8211; Mexico \ud83c\uddf2\ud83c\uddfd<\/span><\/p><p>\u00abLa charla da una vista general sobre las partes que componen un cl\u00faster de alto rendimiento, adem\u00e1s de un paso a paso detallando c\u00f3mo crear tu propio cl\u00faster en la nube utilizando Charmed HPC y Juju.\u00bb<\/p><hr \/><p><strong>10:15AM a 10:30AM &#8211; Break<\/strong><\/p><hr \/><p><strong><img loading=\"lazy\" decoding=\"async\" class=\"wp-image-1687 alignright\" src=\"https:\/\/ubuconla.org\/2025\/wp-content\/uploads\/sites\/4\/2025\/10\/CHRITIAN_rIVERO-240x300.jpg\" alt=\"\" width=\"163\" height=\"204\" srcset=\"https:\/\/ubuconla.org\/2025\/wp-content\/uploads\/sites\/4\/2025\/10\/CHRITIAN_rIVERO-240x300.jpg 240w, https:\/\/ubuconla.org\/2025\/wp-content\/uploads\/sites\/4\/2025\/10\/CHRITIAN_rIVERO-819x1024.jpg 819w, https:\/\/ubuconla.org\/2025\/wp-content\/uploads\/sites\/4\/2025\/10\/CHRITIAN_rIVERO-768x960.jpg 768w, https:\/\/ubuconla.org\/2025\/wp-content\/uploads\/sites\/4\/2025\/10\/CHRITIAN_rIVERO.jpg 1024w\" sizes=\"(max-width: 163px) 100vw, 163px\" \/>10:30AM a 11:15AM &#8211; \u00abInteligencia Artificial y Software Libre: \u00bfAliados o rivales de la Investigaci\u00f3n Cient\u00edfica?\u00bb<\/strong><\/p><p>Por <span data-sheets-root=\"1\">Christian Rivero Valencia &#8211; Peru \ud83c\uddf5\ud83c\uddea<\/span><\/p><p><a href=\"https:\/\/www.youtube.com\/watch?v=BecXn9GG1TU\" target=\"_blank\" rel=\"noopener\">\u00ab<\/a>Exploraci\u00f3n acerca del aporte del Software Libre y la IA frente a la investigaci\u00f3n cient\u00edfica en posgrado para maestr\u00edas y doctorados. An\u00e1lisis del impacto sobre el costo-beneficio de utilizar la IA. Acceso a herramientas y democratizaci\u00f3n del uso de tecnolog\u00edas libres y de aspectos \u00e9tico-acad\u00e9micos\u00bb<\/p><hr \/><p><strong><img loading=\"lazy\" decoding=\"async\" class=\"wp-image-1688 alignright\" src=\"https:\/\/ubuconla.org\/2025\/wp-content\/uploads\/sites\/4\/2025\/10\/Edwin-Rodriguez-Galeas-Edwin-Rodriguez-Galeas-300x300.jpg\" alt=\"\" width=\"168\" height=\"168\" srcset=\"https:\/\/ubuconla.org\/2025\/wp-content\/uploads\/sites\/4\/2025\/10\/Edwin-Rodriguez-Galeas-Edwin-Rodriguez-Galeas-300x300.jpg 300w, https:\/\/ubuconla.org\/2025\/wp-content\/uploads\/sites\/4\/2025\/10\/Edwin-Rodriguez-Galeas-Edwin-Rodriguez-Galeas-150x150.jpg 150w, https:\/\/ubuconla.org\/2025\/wp-content\/uploads\/sites\/4\/2025\/10\/Edwin-Rodriguez-Galeas-Edwin-Rodriguez-Galeas-768x768.jpg 768w, https:\/\/ubuconla.org\/2025\/wp-content\/uploads\/sites\/4\/2025\/10\/Edwin-Rodriguez-Galeas-Edwin-Rodriguez-Galeas.jpg 800w\" sizes=\"(max-width: 168px) 100vw, 168px\" \/>11:15AM a 12:00PM &#8211; \u00abMonitoreo Avanzado de Aplicaciones al alcance de todos<\/strong><span data-sheets-root=\"1\"><strong>\u00ab<\/strong><\/span><\/p><p>Por <span data-sheets-root=\"1\">Edwin Rodriguez Galeas &#8211; Ecuador \ud83c\uddea\ud83c\udde8<\/span><\/p><p>\u00abSocializar la potencialidad de herramientas open source para construir una soluci\u00f3n de noble y estable para el monitoreo de aplicaciones modernas cont\u00e1ndolo desde la implementaci\u00f3n de un caso de uso real de una empresa de retail del Ecuador que confi\u00f3 en esta tecnolog\u00eda.\u00bb<\/p><hr \/><p><strong>12:00PM a 1:30PM &#8211; Almuerzo<\/strong><\/p><hr \/><p><strong><img loading=\"lazy\" decoding=\"async\" class=\"wp-image-1689 alignright\" src=\"https:\/\/ubuconla.org\/2025\/wp-content\/uploads\/sites\/4\/2025\/10\/jennifer_ortega-Jennifer-Ortega-300x300.jpg\" alt=\"\" width=\"163\" height=\"163\" srcset=\"https:\/\/ubuconla.org\/2025\/wp-content\/uploads\/sites\/4\/2025\/10\/jennifer_ortega-Jennifer-Ortega-300x300.jpg 300w, https:\/\/ubuconla.org\/2025\/wp-content\/uploads\/sites\/4\/2025\/10\/jennifer_ortega-Jennifer-Ortega-150x150.jpg 150w, https:\/\/ubuconla.org\/2025\/wp-content\/uploads\/sites\/4\/2025\/10\/jennifer_ortega-Jennifer-Ortega.jpg 410w\" sizes=\"(max-width: 163px) 100vw, 163px\" \/>1:30PM a 2:15PM &#8211; \u00abProcesamiento de Im\u00e1genes M\u00e9dicas con Python en Ubuntu\u00bb<\/strong><\/p><p><span data-sheets-root=\"1\">Por Jennifer Ortega Aguilar &#8211; Ecuador \ud83c\uddea\ud83c\udde8<\/span><\/p><p>\u00abEl an\u00e1lisis computacional de im\u00e1genes m\u00e9dicas es un campo en constante crecimiento, con aplicaciones fundamentales en el diagn\u00f3stico, el seguimiento de enfermedades y el desarrollo de sistemas inteligentes.<\/p><p>En esta charla se presentar\u00e1 c\u00f3mo Ubuntu, en conjunto con Python, constituye un entorno robusto, accesible y completamente libre para desarrollar herramientas avanzadas de procesamiento de im\u00e1genes m\u00e9dicas, sin depender de software propietario.<\/p><p>Se abordar\u00e1 el uso de bibliotecas de Python como pydicom, matplotlib, numpy, entre otras, que permiten manipular im\u00e1genes m\u00e9dicas en formato DICOM, visualizar su metadata y reconstruir cortes en distintos planos anat\u00f3micos (axial, coronal y sagital). Este enfoque facilita el trabajo a nivel de matrices y brinda acceso directo a datos cl\u00ednicos relevantes.<\/p><p>Adem\u00e1s, se mostrar\u00e1 una herramienta desarrollada para la segmentaci\u00f3n autom\u00e1tica de pulmones, basada en el algoritmo Watershed con marcadores y operaciones morfol\u00f3gicas, que emplea t\u00e9cnicas de visi\u00f3n por computadora para identificar estructuras anat\u00f3micas de inter\u00e9s.<\/p><p>Ambas herramientas fueron desarrolladas y probadas \u00edntegramente en Ubuntu, aprovechando bibliotecas de c\u00f3digo abierto como scikit-image y opencv-python. Los resultados obtenidos demuestran que es posible construir soluciones m\u00e9dicas eficientes, reproducibles y escalables utilizando \u00fanicamente software libre.<\/p><p>Esta charla busca motivar a estudiantes, investigadores y desarrolladores a adoptar Ubuntu y Python como plataformas para proyectos en el \u00e1rea de la salud, promoviendo la ciencia abierta, la innovaci\u00f3n tecnol\u00f3gica y la soberan\u00eda digital.\u00bb<\/p><hr \/><p><strong><img loading=\"lazy\" decoding=\"async\" class=\"wp-image-1690 alignright\" src=\"https:\/\/ubuconla.org\/2025\/wp-content\/uploads\/sites\/4\/2025\/10\/santos_gallegos-Santos-Gallegos-300x300.jpg\" alt=\"\" width=\"168\" height=\"168\" srcset=\"https:\/\/ubuconla.org\/2025\/wp-content\/uploads\/sites\/4\/2025\/10\/santos_gallegos-Santos-Gallegos-300x300.jpg 300w, https:\/\/ubuconla.org\/2025\/wp-content\/uploads\/sites\/4\/2025\/10\/santos_gallegos-Santos-Gallegos-1024x1024.jpg 1024w, https:\/\/ubuconla.org\/2025\/wp-content\/uploads\/sites\/4\/2025\/10\/santos_gallegos-Santos-Gallegos-150x150.jpg 150w, https:\/\/ubuconla.org\/2025\/wp-content\/uploads\/sites\/4\/2025\/10\/santos_gallegos-Santos-Gallegos-768x768.jpg 768w, https:\/\/ubuconla.org\/2025\/wp-content\/uploads\/sites\/4\/2025\/10\/santos_gallegos-Santos-Gallegos-1536x1536.jpg 1536w, https:\/\/ubuconla.org\/2025\/wp-content\/uploads\/sites\/4\/2025\/10\/santos_gallegos-Santos-Gallegos.jpg 2018w\" sizes=\"(max-width: 168px) 100vw, 168px\" \/>2:15PM a 3:00PM &#8211; \u00abDotfiles: restora tu ambiente de trabajo en minutos\u00bb<\/strong><\/p><p>Por <span data-sheets-root=\"1\">Santos Gallegos &#8211; Ecuador \ud83c\uddea\ud83c\udde8<\/span><\/p><p>\u00abProbablemente te ha tomado a\u00f1os llegar a tener tu entorno de trabajo ideal, con las herramientas necesarias instaladas y configuradas. Ser\u00eda una pena perderlo todo, o tener que volver a configurarlo desde cero en otro equipo. En esta charla te mostrar\u00e9 como puedes restaurar tu ambiente de trabajo en minutos con apenas unas l\u00edneas de c\u00f3digo.\u00bb<\/p><hr \/><p><strong>3:00PM a 3:15PM &#8211; Break<\/strong><\/p><hr \/><p><strong>3:15PM a 4:00PM &#8211; Cierre del evento<\/strong><\/p><hr \/><\/div>\n\t\t\t\t\t\t\t\t\t<div class=\"elementor-tab-title elementor-tab-mobile-title\" aria-selected=\"false\" data-tab=\"5\" role=\"tab\" tabindex=\"-1\" aria-controls=\"elementor-tab-content-1425\" aria-expanded=\"false\">UbuConLA: D\u00eda 2 - 17 de Octubre - Aula Taller<\/div>\n\t\t\t\t\t<div id=\"elementor-tab-content-1425\" class=\"elementor-tab-content elementor-clearfix\" data-tab=\"5\" role=\"tabpanel\" aria-labelledby=\"elementor-tab-title-1425\" tabindex=\"0\" hidden=\"hidden\"><p><strong><img loading=\"lazy\" decoding=\"async\" class=\"wp-image-1691 alignright\" src=\"https:\/\/ubuconla.org\/2025\/wp-content\/uploads\/sites\/4\/2025\/10\/Daniel_Sanchez-300x300.jpeg\" alt=\"\" width=\"164\" height=\"164\" srcset=\"https:\/\/ubuconla.org\/2025\/wp-content\/uploads\/sites\/4\/2025\/10\/Daniel_Sanchez-300x300.jpeg 300w, https:\/\/ubuconla.org\/2025\/wp-content\/uploads\/sites\/4\/2025\/10\/Daniel_Sanchez-150x150.jpeg 150w, https:\/\/ubuconla.org\/2025\/wp-content\/uploads\/sites\/4\/2025\/10\/Daniel_Sanchez-768x768.jpeg 768w, https:\/\/ubuconla.org\/2025\/wp-content\/uploads\/sites\/4\/2025\/10\/Daniel_Sanchez.jpeg 800w\" sizes=\"(max-width: 164px) 100vw, 164px\" \/>8:45AM a 9:30AM &#8211; \u00abDel setup al despliegue: Ubuntu Server con Gemma 3\u00bb<\/strong><\/p><p>Por Daniel Sanchez &#8211; Ecuador \ud83c\uddea\ud83c\udde8<\/p><p><em>\u00ab<\/em>Charla pr\u00e1ctica donde mostraremos c\u00f3mo preparar un servidor Ubuntu desde cero, instalar Ollama y ejecutar el modelo Gemma 3 de forma local. Veremos paso a paso la configuraci\u00f3n b\u00e1sica de seguridad, la instalaci\u00f3n de Ollama como runtime de IA y la descarga\/ejecuci\u00f3n de Gemma 3, finalizando con una demo de integraci\u00f3n a trav\u00e9s de API.<\/p><p>El objetivo es que tanto administradores de sistemas como desarrolladores descubran c\u00f3mo unir la estabilidad de Ubuntu Server con la potencia de Gemma 3 para acelerar despliegues y potenciar aplicaciones con inteligencia artificial.<em>\u00ab<\/em><\/p><hr \/><p><strong><img loading=\"lazy\" decoding=\"async\" class=\"wp-image-1692 alignright\" src=\"https:\/\/ubuconla.org\/2025\/wp-content\/uploads\/sites\/4\/2025\/10\/Luis_Cantillo-Luis-Sebastian-Cantillo-Zambrano-300x300.jpeg\" alt=\"\" width=\"160\" height=\"160\" srcset=\"https:\/\/ubuconla.org\/2025\/wp-content\/uploads\/sites\/4\/2025\/10\/Luis_Cantillo-Luis-Sebastian-Cantillo-Zambrano-300x300.jpeg 300w, https:\/\/ubuconla.org\/2025\/wp-content\/uploads\/sites\/4\/2025\/10\/Luis_Cantillo-Luis-Sebastian-Cantillo-Zambrano-150x150.jpeg 150w, https:\/\/ubuconla.org\/2025\/wp-content\/uploads\/sites\/4\/2025\/10\/Luis_Cantillo-Luis-Sebastian-Cantillo-Zambrano.jpeg 460w\" sizes=\"(max-width: 160px) 100vw, 160px\" \/><\/strong><strong>9:30AM a 10:15AM &#8211; \u00abDe Cero a H\u00e9roe: Creando un Homelab Vers\u00e1til con Raspberry Pi o tu VPS ( Parte 1)\u00bb<\/strong><\/p><p>Por <span data-sheets-root=\"1\">Luis Cantillo &#8211; Colombia \ud83c\udde8\ud83c\uddf4<\/span><\/p><p><em>\u00abAprende a montar tu propio homelab. En este taller pr\u00e1ctico, transformar\u00e1s una Raspberry Pi (o un VPS) en un NAS, servidor multimedia y de apps web usando herramientas open source. \u00a1Toma el control de tus datos y servicios con el poder de Ubuntu Server y la comunidad!\u00bb<\/em><\/p><hr \/><p><strong>10:15AM a 10:30AM &#8211; Break<\/strong><\/p><hr \/><p><strong><img loading=\"lazy\" decoding=\"async\" class=\"wp-image-1693 alignright\" src=\"https:\/\/ubuconla.org\/2025\/wp-content\/uploads\/sites\/4\/2025\/10\/Luis_Cantillo-Luis-Sebastian-Cantillo-Zambrano-1-300x300.jpeg\" alt=\"\" width=\"161\" height=\"161\" srcset=\"https:\/\/ubuconla.org\/2025\/wp-content\/uploads\/sites\/4\/2025\/10\/Luis_Cantillo-Luis-Sebastian-Cantillo-Zambrano-1-300x300.jpeg 300w, https:\/\/ubuconla.org\/2025\/wp-content\/uploads\/sites\/4\/2025\/10\/Luis_Cantillo-Luis-Sebastian-Cantillo-Zambrano-1-150x150.jpeg 150w, https:\/\/ubuconla.org\/2025\/wp-content\/uploads\/sites\/4\/2025\/10\/Luis_Cantillo-Luis-Sebastian-Cantillo-Zambrano-1.jpeg 460w\" sizes=\"(max-width: 161px) 100vw, 161px\" \/><\/strong><\/p><p><strong>10:30AM a 11:15AM &#8211; \u00abDe Cero a H\u00e9roe: Creando un Homelab Vers\u00e1til con Raspberry Pi o tu VPS ( Parte 2)\u00bb<\/strong><\/p><p>Por <span data-sheets-root=\"1\">Luis Cantillo &#8211; Colombia \ud83c\udde8\ud83c\uddf4<\/span><\/p><p><em>\u00abAprende a montar tu propio homelab. En este taller pr\u00e1ctico, transformar\u00e1s una Raspberry Pi (o un VPS) en un NAS, servidor multimedia y de apps web usando herramientas open source. \u00a1Toma el control de tus datos y servicios con el poder de Ubuntu Server y la comunidad!\u00bb<\/em><\/p><hr \/><p><strong><img loading=\"lazy\" decoding=\"async\" class=\"wp-image-1694 alignright\" src=\"https:\/\/ubuconla.org\/2025\/wp-content\/uploads\/sites\/4\/2025\/10\/ricardo_prieto-Ricardo-Prieto-206x300.jpg\" alt=\"\" width=\"162\" height=\"236\" srcset=\"https:\/\/ubuconla.org\/2025\/wp-content\/uploads\/sites\/4\/2025\/10\/ricardo_prieto-Ricardo-Prieto-206x300.jpg 206w, https:\/\/ubuconla.org\/2025\/wp-content\/uploads\/sites\/4\/2025\/10\/ricardo_prieto-Ricardo-Prieto.jpg 683w\" sizes=\"(max-width: 162px) 100vw, 162px\" \/><\/strong><\/p><p><strong>11:15AM a 12:00PM &#8211; \u00ab\u00bfEl chatbot inventa cosas? Logra Respuestas Confiables con tus Datos y Software Libre\u00bb<\/strong><\/p><p>Por Ricardo Manuel Prieto Galarza<span data-sheets-root=\"1\">\u00a0&#8211; Ecuador \ud83c\uddea\ud83c\udde8<\/span><\/p><p><em>\u00abEsta conferencia abordar\u00e1 una metodolog\u00eda para el desarrollo de sistemas de pregunta-respuesta basados en modelos de lenguaje (LLMs), utilizando el enfoque de Retrieval-Augmented Generation (RAG). El objetivo es demostrar c\u00f3mo integrar bases de conocimiento propias con modelos LLM, para generar respuestas precisas y contextualizadas. Chatbots precisos y a medida de tus necesidades.\u00bb<\/em><\/p><hr \/><p><strong>12:00PM a 1:30PM &#8211; Almuerzo<\/strong><\/p><hr \/><p><strong><img loading=\"lazy\" decoding=\"async\" class=\"alignright wp-image-1708\" src=\"https:\/\/ubuconla.org\/2025\/wp-content\/uploads\/sites\/4\/2025\/10\/WhatsApp-Image-2025-10-04-at-18.49.15.jpeg\" alt=\"\" width=\"163\" height=\"217\" srcset=\"https:\/\/ubuconla.org\/2025\/wp-content\/uploads\/sites\/4\/2025\/10\/WhatsApp-Image-2025-10-04-at-18.49.15.jpeg 1200w, https:\/\/ubuconla.org\/2025\/wp-content\/uploads\/sites\/4\/2025\/10\/WhatsApp-Image-2025-10-04-at-18.49.15-225x300.jpeg 225w, https:\/\/ubuconla.org\/2025\/wp-content\/uploads\/sites\/4\/2025\/10\/WhatsApp-Image-2025-10-04-at-18.49.15-768x1024.jpeg 768w, https:\/\/ubuconla.org\/2025\/wp-content\/uploads\/sites\/4\/2025\/10\/WhatsApp-Image-2025-10-04-at-18.49.15-1152x1536.jpeg 1152w\" sizes=\"(max-width: 163px) 100vw, 163px\" \/><\/strong><\/p><p><strong>1:30PM a 2:15PM &#8211; \u00ab\u00bfIntroducci\u00f3n a Hardware Libre e IoT en Ubuntu\u00bb<\/strong><\/p><p>Por\u00a0<span data-sheets-root=\"1\">Pablo Jos\u00e9 Robalino Lucero &#8211; Ecuador \ud83c\uddea\ud83c\udde8<\/span><\/p><p><em>\u00abEste taller ofrece una introducci\u00f3n pr\u00e1ctica al uso de Ubuntu como plataforma para el desarrollo de proyectos de hardware libre e Internet de las Cosas (IoT), sin requerir hardware f\u00edsico. Se utilizar\u00e1n simuladores de c\u00f3digo abierto, como Wokwi, e integrar\u00e1n herramientas como Mosquitto (MQTT), Node-RED y Python para generar, transmitir y visualizar datos de sensores simulados en tiempo real.<br \/>El objetivo es que los participantes comprendan el papel de Ubuntu dentro del ecosistema IoT, conozcan herramientas libres relevantes y experimenten con metodolog\u00edas accesibles para prototipar soluciones tecnol\u00f3gicas abiertas y replicables.\u00bb<\/em><\/p><hr \/><\/div>\n\t\t\t\t\t\t\t<\/div>\n\t\t<\/div>\n\t\t\t\t\t\t<\/div>\n\t\t\t\t<\/div>\n\t\t\t\t<\/div>\n\t\t\t\t\t<\/div>\n\t\t\t\t<\/div>\n\t\t\t\t<\/div>\n\t\t","protected":false},"excerpt":{"rendered":"<p>Inscripci\u00f3n al evento Inscripci\u00f3n d\u00eda 1 Inscripci\u00f3n d\u00eda 2 Agenda del evento Pre-Ubucon UbuConLA: D\u00eda 1 &#8211; 16 de Octubre &#8211; Auditorio Mario Jaramillo UbuConLA: D\u00eda 1 &#8211; 16 de Octubre &#8211; Aula Taller UbuConLA: D\u00eda 2 &#8211; 17 de Octubre &#8211; Auditorio Mario Jaramillo UbuConLA: D\u00eda 2 &#8211; 17 de Octubre &#8211; Aula Taller [&hellip;]<\/p>\n","protected":false},"author":2,"featured_media":0,"parent":0,"menu_order":0,"comment_status":"closed","ping_status":"closed","template":"elementor_header_footer","meta":{"footnotes":""},"class_list":["post-1280","page","type-page","status-publish","hentry"],"_links":{"self":[{"href":"https:\/\/ubuconla.org\/2025\/wp-json\/wp\/v2\/pages\/1280","targetHints":{"allow":["GET"]}}],"collection":[{"href":"https:\/\/ubuconla.org\/2025\/wp-json\/wp\/v2\/pages"}],"about":[{"href":"https:\/\/ubuconla.org\/2025\/wp-json\/wp\/v2\/types\/page"}],"author":[{"embeddable":true,"href":"https:\/\/ubuconla.org\/2025\/wp-json\/wp\/v2\/users\/2"}],"replies":[{"embeddable":true,"href":"https:\/\/ubuconla.org\/2025\/wp-json\/wp\/v2\/comments?post=1280"}],"version-history":[{"count":185,"href":"https:\/\/ubuconla.org\/2025\/wp-json\/wp\/v2\/pages\/1280\/revisions"}],"predecessor-version":[{"id":1740,"href":"https:\/\/ubuconla.org\/2025\/wp-json\/wp\/v2\/pages\/1280\/revisions\/1740"}],"wp:attachment":[{"href":"https:\/\/ubuconla.org\/2025\/wp-json\/wp\/v2\/media?parent=1280"}],"curies":[{"name":"wp","href":"https:\/\/api.w.org\/{rel}","templated":true}]}}