{"id":294,"date":"2024-04-16T16:34:44","date_gmt":"2024-04-16T21:34:44","guid":{"rendered":"https:\/\/ubuconla.org\/2024\/ubucon-latinoamerica-2024-2\/"},"modified":"2024-08-22T21:10:00","modified_gmt":"2024-08-23T02:10:00","slug":"barranquilla","status":"publish","type":"page","link":"https:\/\/ubuconla.org\/2024\/barranquilla\/","title":{"rendered":"Informaci\u00f3n regional"},"content":{"rendered":"\t\t<div data-elementor-type=\"wp-page\" data-elementor-id=\"294\" class=\"elementor elementor-294\">\n\t\t\t\t<div class=\"elementor-element elementor-element-7de6a2c top e-flex e-con-boxed e-con e-parent\" data-id=\"7de6a2c\" data-element_type=\"container\" data-e-type=\"container\" data-settings=\"{&quot;background_background&quot;:&quot;classic&quot;}\">\n\t\t\t\t\t<div class=\"e-con-inner\">\n\t\t<div class=\"elementor-element elementor-element-ba9d8db e-flex e-con-boxed e-con e-child\" data-id=\"ba9d8db\" data-element_type=\"container\" data-e-type=\"container\">\n\t\t\t\t\t<div class=\"e-con-inner\">\n\t\t\t\t<div class=\"elementor-element elementor-element-4454f2d elementor-widget elementor-widget-image\" data-id=\"4454f2d\" data-element_type=\"widget\" data-e-type=\"widget\" data-widget_type=\"image.default\">\n\t\t\t\t<div class=\"elementor-widget-container\">\n\t\t\t\t\t\t\t\t\t\t\t\t\t\t\t<img decoding=\"async\" src=\"https:\/\/upload.wikimedia.org\/wikipedia\/commons\/b\/b7\/Barranquilla_panoramica.jpg\" title=\"\" alt=\"\" loading=\"lazy\" \/>\t\t\t\t\t\t\t\t\t\t\t\t\t\t\t<\/div>\n\t\t\t\t<\/div>\n\t\t\t\t\t<\/div>\n\t\t\t\t<\/div>\n\t\t\t\t\t<\/div>\n\t\t\t\t<\/div>\n\t\t<div class=\"elementor-element elementor-element-715b0ac e-flex e-con-boxed e-con e-parent\" data-id=\"715b0ac\" data-element_type=\"container\" data-e-type=\"container\" data-settings=\"{&quot;background_background&quot;:&quot;classic&quot;}\">\n\t\t\t\t\t<div class=\"e-con-inner\">\n\t\t<div class=\"elementor-element elementor-element-0746092 e-con-full e-flex e-con e-child\" data-id=\"0746092\" data-element_type=\"container\" data-e-type=\"container\">\n\t\t\t\t<div class=\"elementor-element elementor-element-77cf5b2 elementor-widget elementor-widget-google_maps\" data-id=\"77cf5b2\" data-element_type=\"widget\" data-e-type=\"widget\" data-widget_type=\"google_maps.default\">\n\t\t\t\t<div class=\"elementor-widget-container\">\n\t\t\t\t\t\t\t<div class=\"elementor-custom-embed\">\n\t\t\t<iframe loading=\"lazy\"\n\t\t\t\t\tsrc=\"https:\/\/maps.google.com\/maps?q=Universidad%20De%20La%20Costa%2C%20CUC&#038;t=m&#038;z=12&#038;output=embed&#038;iwloc=near\"\n\t\t\t\t\ttitle=\"Universidad De La Costa, CUC\"\n\t\t\t\t\taria-label=\"Universidad De La Costa, CUC\"\n\t\t\t><\/iframe>\n\t\t<\/div>\n\t\t\t\t\t\t<\/div>\n\t\t\t\t<\/div>\n\t\t\t\t<\/div>\n\t\t<div class=\"elementor-element elementor-element-f078fa9 e-con-full e-flex e-con e-child\" data-id=\"f078fa9\" data-element_type=\"container\" data-e-type=\"container\">\n\t\t\t\t<div class=\"elementor-element elementor-element-f2f149f elementor-widget elementor-widget-heading\" data-id=\"f2f149f\" data-element_type=\"widget\" data-e-type=\"widget\" data-widget_type=\"heading.default\">\n\t\t\t\t<div class=\"elementor-widget-container\">\n\t\t\t\t\t<h2 class=\"elementor-heading-title elementor-size-default\">Acerca de Barranquilla<\/h2>\t\t\t\t<\/div>\n\t\t\t\t<\/div>\n\t\t\t\t<div class=\"elementor-element elementor-element-3ebef85 elementor-widget elementor-widget-text-editor\" data-id=\"3ebef85\" data-element_type=\"widget\" data-e-type=\"widget\" data-widget_type=\"text-editor.default\">\n\t\t\t\t<div class=\"elementor-widget-container\">\n\t\t\t\t\t\t\t\t\t<p dir=\"ltr\">Barranquilla, tambi\u00e9n conocida como la <a href=\"https:\/\/colombia.travel\/es\/caribe-colombiano\">\u2018Arenosa\u2019 o \u2018Curramba la Bella\u2019<\/a>, es una de las principales ciudades de Colombia y un destino tur\u00edstico de referencia para locales y extranjeros.<\/p><blockquote><p dir=\"ltr\">\u00a0<\/p><\/blockquote><p dir=\"ltr\">Esta ciudad, donde el <strong>r\u00edo Magdalena<\/strong> termina su largo recorrido, es cuna de grandes m\u00fasicos, literatos y pintores. Adem\u00e1s, es escenario de una de las fiestas m\u00e1s importante del pa\u00eds: el <a href=\"https:\/\/colombia.travel\/es\/barranquilla\/carnaval-de-barranquilla\"><strong>Carnaval de Barranquilla<\/strong>.<\/a><\/p><p dir=\"ltr\">Los d\u00edas en la \u2018<strong>Arenosa<\/strong>\u2019 se viven siempre como un aut\u00e9ntico carnaval, pues la alegr\u00eda, la m\u00fasica y la tradici\u00f3n de esta ciudad caribe\u00f1a se sienten en cada una de sus plazas y calles. Adem\u00e1s, el carisma y la amabilidad de su gente llena de energ\u00eda a este territorio que atrapa a todo aquel que lo visita. La famosa frase del cantante Joe Arroyo \u201cen <strong>Barranquilla<\/strong> me quedo\u201d refleja el sentimiento de muchos.<\/p><p dir=\"ltr\">Gracias a su geograf\u00eda privilegiada, <strong>Barranquilla<\/strong>, capital del departamento del <strong>Atl\u00e1ntico<\/strong>, cuenta con uno de los puertos de mayor importancia para el pa\u00eds. Por ello, la ciudad tambi\u00e9n es conocida como la <a href=\"https:\/\/colombia.travel\/es\/blog\/3-carnavales-de-colombia-para-que-vivas-el-ritmo\"><strong>\u2018Puerta de Oro\u2019<\/strong><\/a> de Colombia. Esto le ha permitido posicionarse como una ciudad con un alto potencial para el desarrollo econ\u00f3mico e industrial.\u00a0<\/p>\t\t\t\t\t\t\t\t<\/div>\n\t\t\t\t<\/div>\n\t\t\t\t<\/div>\n\t\t<div class=\"elementor-element elementor-element-26762a0 e-con-full e-flex e-con e-child\" data-id=\"26762a0\" data-element_type=\"container\" data-e-type=\"container\">\n\t\t\t\t<div class=\"elementor-element elementor-element-43a6d0c elementor-widget elementor-widget-image\" data-id=\"43a6d0c\" data-element_type=\"widget\" data-e-type=\"widget\" data-widget_type=\"image.default\">\n\t\t\t\t<div class=\"elementor-widget-container\">\n\t\t\t\t\t\t\t\t\t\t\t\t\t\t\t<img fetchpriority=\"high\" decoding=\"async\" width=\"796\" height=\"553\" src=\"https:\/\/ubuconla.org\/2024\/wp-content\/uploads\/sites\/3\/2024\/08\/BILLETES-COLOMBIA-1.jpg\" class=\"attachment-large size-large wp-image-569\" alt=\"\" srcset=\"https:\/\/ubuconla.org\/2024\/wp-content\/uploads\/sites\/3\/2024\/08\/BILLETES-COLOMBIA-1.jpg 796w, https:\/\/ubuconla.org\/2024\/wp-content\/uploads\/sites\/3\/2024\/08\/BILLETES-COLOMBIA-1-300x208.jpg 300w, https:\/\/ubuconla.org\/2024\/wp-content\/uploads\/sites\/3\/2024\/08\/BILLETES-COLOMBIA-1-768x534.jpg 768w\" sizes=\"(max-width: 796px) 100vw, 796px\" \/>\t\t\t\t\t\t\t\t\t\t\t\t\t\t\t<\/div>\n\t\t\t\t<\/div>\n\t\t\t\t<\/div>\n\t\t<div class=\"elementor-element elementor-element-1f3bea8 e-con-full e-flex e-con e-child\" data-id=\"1f3bea8\" data-element_type=\"container\" data-e-type=\"container\">\n\t\t\t\t<div class=\"elementor-element elementor-element-cc73ee0 elementor-widget elementor-widget-heading\" data-id=\"cc73ee0\" data-element_type=\"widget\" data-e-type=\"widget\" data-widget_type=\"heading.default\">\n\t\t\t\t<div class=\"elementor-widget-container\">\n\t\t\t\t\t<h2 class=\"elementor-heading-title elementor-size-default\">Monenda oficial de Colombia<\/h2>\t\t\t\t<\/div>\n\t\t\t\t<\/div>\n\t\t\t\t<div class=\"elementor-element elementor-element-d1566ea elementor-widget elementor-widget-text-editor\" data-id=\"d1566ea\" data-element_type=\"widget\" data-e-type=\"widget\" data-widget_type=\"text-editor.default\">\n\t\t\t\t<div class=\"elementor-widget-container\">\n\t\t\t\t\t\t\t\t\t<p dir=\"ltr\">El peso colombiano es la moneda legal en el pa\u00eds. Lo puedes identificar con la abreviaci\u00f3n COP y, localmente, con el signo pesos ($).<\/p><p dir=\"ltr\">Existe una amplia variedad de denominaciones en monedas y billetes. Encontrar\u00e1s monedas de 100, 200, 500 y 1.000 pesos, y billetes de 1.000, 2.000, 5.000, 10.000, 20.000, 50.000 y 100.000 pesos, que exaltan la riqueza y la diversidad colombiana. \u00a1<a href=\"https:\/\/www.banrep.gov.co\/es\/billetes-monedas\/billetes-en-circulacion\">Con\u00f3celos<\/a>!<\/p><p dir=\"ltr\">Importante: Las monedas de 50 no se est\u00e1n aceptando.<\/p>\t\t\t\t\t\t\t\t<\/div>\n\t\t\t\t<\/div>\n\t\t\t\t<\/div>\n\t\t<div class=\"elementor-element elementor-element-3426af6 e-con-full e-flex e-con e-child\" data-id=\"3426af6\" data-element_type=\"container\" data-e-type=\"container\">\n\t\t\t\t<div class=\"elementor-element elementor-element-4cb483b elementor-widget elementor-widget-heading\" data-id=\"4cb483b\" data-element_type=\"widget\" data-e-type=\"widget\" data-widget_type=\"heading.default\">\n\t\t\t\t<div class=\"elementor-widget-container\">\n\t\t\t\t\t<h2 class=\"elementor-heading-title elementor-size-default\">Transporte<\/h2>\t\t\t\t<\/div>\n\t\t\t\t<\/div>\n\t\t\t\t<div class=\"elementor-element elementor-element-cbe4f50 elementor-widget elementor-widget-text-editor\" data-id=\"cbe4f50\" data-element_type=\"widget\" data-e-type=\"widget\" data-widget_type=\"text-editor.default\">\n\t\t\t\t<div class=\"elementor-widget-container\">\n\t\t\t\t\t\t\t\t\t<p><b>Aeropuerto:\u00a0<\/b><\/p><p><span style=\"font-weight: 400;\">El Aeropuerto Internacional Ernesto Cortissoz es el aeropuerto internacional que sirve a Barranquilla, Colombia. Ubicado en el municipio de Soledad, a 30 minutos en carro de la ciudad de Barranquilla.\u00a0<\/span><\/p><p><span style=\"font-weight: 400;\">Enlace Web: <\/span><a href=\"https:\/\/aeropuertobaq.com\/\"><span style=\"font-weight: 400;\">Aeropuerto<\/span><\/a><span style=\"font-weight: 400;\">\u00a0<\/span><\/p><p><span style=\"font-weight: 400;\">La gran mayor\u00eda de los aeropuertos en Colombia cuentan con sitios seguros para la toma de transporte p\u00fablico como los taxis, ten a la mano la direcci\u00f3n de tu hospedaje, en estos puntos te podr\u00e1n dar un aproximado del costo del trayecto.<\/span><\/p>\t\t\t\t\t\t\t\t<\/div>\n\t\t\t\t<\/div>\n\t\t\t\t<\/div>\n\t\t<div class=\"elementor-element elementor-element-2de21e5 e-con-full e-flex e-con e-child\" data-id=\"2de21e5\" data-element_type=\"container\" data-e-type=\"container\">\n\t\t\t\t<div class=\"elementor-element elementor-element-5f29d4d elementor-widget elementor-widget-heading\" data-id=\"5f29d4d\" data-element_type=\"widget\" data-e-type=\"widget\" data-widget_type=\"heading.default\">\n\t\t\t\t<div class=\"elementor-widget-container\">\n\t\t\t\t\t<h2 class=\"elementor-heading-title elementor-size-default\">Lugar del evento<\/h2>\t\t\t\t<\/div>\n\t\t\t\t<\/div>\n\t\t\t\t<div class=\"elementor-element elementor-element-232e6cb elementor-widget elementor-widget-text-editor\" data-id=\"232e6cb\" data-element_type=\"widget\" data-e-type=\"widget\" data-widget_type=\"text-editor.default\">\n\t\t\t\t<div class=\"elementor-widget-container\">\n\t\t\t\t\t\t\t\t\t<p><span style=\"font-weight: 400;\">Universidad De La Costa, CUC<\/span><\/p><p><a href=\"https:\/\/www.google.com\/search?client=ubuntu-sn&amp;hs=xVD&amp;sca_esv=daaa450ae4e070d5&amp;sca_upv=1&amp;channel=fs&amp;q=universidad+de+la+costa+direcci%C3%B3n&amp;ludocid=400025155956476833&amp;sa=X&amp;ved=2ahUKEwjktIPduuiHAxX3QTABHTVwBTIQ6BN6BAg8EAI\"><span style=\"font-weight: 400;\">Direcci\u00f3n<\/span><\/a><span style=\"font-weight: 400;\">: Cl. 58 #55 &#8211; 66, Nte. Centro Historico, Barranquilla, Atl\u00e1ntico<\/span><\/p><p><span style=\"font-weight: 400;\">C\u00f3mo llegar : <\/span><a href=\"https:\/\/www.google.com\/maps\/dir\/6.2357504,-75.5859456\/universidad+cuc\/@8.6283597,-77.9342913,7z\/data=!3m1!4b1!4m9!4m8!1m1!4e1!1m5!1m1!1s0x8ef42d7974b945fd:0x58d2cc28a018ba1!2m2!1d-74.7897818!2d10.9951608?entry=ttu\"><span style=\"font-weight: 400;\">Google maps<\/span><\/a><\/p><p><span style=\"font-weight: 400;\">El evento se realizar\u00e1 en dos espacios, el <\/span><a href=\"https:\/\/www.google.com\/maps\/place\/Coliseo+De+Competencias\/@10.9953124,-74.7909361,19.08z\/data=!4m6!3m5!1s0x8ef42daa54273271:0x41da38c05ebc5177!8m2!3d10.9950963!4d-74.7904956!16s%2Fg%2F11f5vf59dn?entry=ttu\"><span style=\"font-weight: 400;\">Coliseo de Competencias <\/span><\/a><span style=\"font-weight: 400;\">\u00a0y los talleres se realizar\u00e1n en el <\/span><a href=\"https:\/\/www.google.com\/maps\/place\/Edificio+de+Posgrados+CUC\/@10.9955338,-74.7905905,18.5z\/data=!4m6!3m5!1s0x8ef42d790ca62b41:0xfd297355ac4731a8!8m2!3d10.9953169!4d-74.7889131!16s%2Fg%2F11c0r1ppv8?entry=ttu\"><span style=\"font-weight: 400;\">Auditorio de Posgrados Piso 3 bloque 11<\/span><\/a><\/p>\t\t\t\t\t\t\t\t<\/div>\n\t\t\t\t<\/div>\n\t\t\t\t<\/div>\n\t\t<div class=\"elementor-element elementor-element-4fec835 e-con-full e-flex e-con e-child\" data-id=\"4fec835\" data-element_type=\"container\" data-e-type=\"container\">\n\t\t\t\t<div class=\"elementor-element elementor-element-1498b14 elementor-widget elementor-widget-heading\" data-id=\"1498b14\" data-element_type=\"widget\" data-e-type=\"widget\" data-widget_type=\"heading.default\">\n\t\t\t\t<div class=\"elementor-widget-container\">\n\t\t\t\t\t<h2 class=\"elementor-heading-title elementor-size-default\"><a href=\"https:\/\/colombia.travel\">Informaci\u00f3n tur\u00edstica<\/a><\/h2>\t\t\t\t<\/div>\n\t\t\t\t<\/div>\n\t\t\t\t<div class=\"elementor-element elementor-element-39b1f34 elementor-widget elementor-widget-text-editor\" data-id=\"39b1f34\" data-element_type=\"widget\" data-e-type=\"widget\" data-widget_type=\"text-editor.default\">\n\t\t\t\t<div class=\"elementor-widget-container\">\n\t\t\t\t\t\t\t\t\t<ul><li><span style=\"font-weight: 400;\">Idioma oficial : Espa\u00f1ol<\/span><\/li><li><span style=\"font-weight: 400;\">Moneda: Peso Colombiano<\/span><\/li><li><span style=\"font-weight: 400;\">Huso horario:\u00a0 UTC-05:00<\/span><\/li><\/ul>\t\t\t\t\t\t\t\t<\/div>\n\t\t\t\t<\/div>\n\t\t\t\t<div class=\"elementor-element elementor-element-b1e3a28 elementor-widget elementor-widget-accordion\" data-id=\"b1e3a28\" data-element_type=\"widget\" data-e-type=\"widget\" data-widget_type=\"accordion.default\">\n\t\t\t\t<div class=\"elementor-widget-container\">\n\t\t\t\t\t\t\t<div class=\"elementor-accordion\">\n\t\t\t\t\t\t\t<div class=\"elementor-accordion-item\">\n\t\t\t\t\t<div id=\"elementor-tab-title-1861\" class=\"elementor-tab-title\" data-tab=\"1\" role=\"button\" aria-controls=\"elementor-tab-content-1861\" aria-expanded=\"false\">\n\t\t\t\t\t\t\t\t\t\t\t\t\t<span class=\"elementor-accordion-icon elementor-accordion-icon-left\" aria-hidden=\"true\">\n\t\t\t\t\t\t\t\t\t\t\t\t\t\t\t<span class=\"elementor-accordion-icon-closed\"><svg class=\"e-font-icon-svg e-fas-check-circle\" viewBox=\"0 0 512 512\" xmlns=\"http:\/\/www.w3.org\/2000\/svg\"><path d=\"M504 256c0 136.967-111.033 248-248 248S8 392.967 8 256 119.033 8 256 8s248 111.033 248 248zM227.314 387.314l184-184c6.248-6.248 6.248-16.379 0-22.627l-22.627-22.627c-6.248-6.249-16.379-6.249-22.628 0L216 308.118l-70.059-70.059c-6.248-6.248-16.379-6.248-22.628 0l-22.627 22.627c-6.248 6.248-6.248 16.379 0 22.627l104 104c6.249 6.249 16.379 6.249 22.628.001z\"><\/path><\/svg><\/span>\n\t\t\t\t\t\t\t\t<span class=\"elementor-accordion-icon-opened\"><svg class=\"e-font-icon-svg e-fas-minus\" viewBox=\"0 0 448 512\" xmlns=\"http:\/\/www.w3.org\/2000\/svg\"><path d=\"M416 208H32c-17.67 0-32 14.33-32 32v32c0 17.67 14.33 32 32 32h384c17.67 0 32-14.33 32-32v-32c0-17.67-14.33-32-32-32z\"><\/path><\/svg><\/span>\n\t\t\t\t\t\t\t\t\t\t\t\t\t\t<\/span>\n\t\t\t\t\t\t\t\t\t\t\t\t<a class=\"elementor-accordion-title\" tabindex=\"0\">\u00bfNecesito una visa para ir de turismo o negocios a Colombia?<\/a>\n\t\t\t\t\t<\/div>\n\t\t\t\t\t<div id=\"elementor-tab-content-1861\" class=\"elementor-tab-content elementor-clearfix\" data-tab=\"1\" role=\"region\" aria-labelledby=\"elementor-tab-title-1861\"><p><span style=\"font-weight: 400;\">Si usted tiene un pasaporte expedido por los Estados o territorios de la <\/span><span style=\"font-weight: 400;\">Lista A<\/span><span style=\"font-weight: 400;\">, <\/span><span style=\"font-weight: 400;\">B<\/span><span style=\"font-weight: 400;\"> o <\/span><span style=\"font-weight: 400;\">C<\/span><span style=\"font-weight: 400;\">, o los que figuren como <\/span><span style=\"font-weight: 400;\">Casos especiales de exenci\u00f3n de visado<\/span><span style=\"font-weight: 400;\">, podr\u00e1 ingresar, permanecer y salir de Colombia, sin visa, para actividades de corta estancia (entre ellas, negocios, ocio, turismo o inter\u00e9s cultural), siempre y cuando estas actividades no generen pagos por servicios, salario o sueldo en Colombia. (Resoluci\u00f3n 5488 de 22 de junio de 2022 y Resoluci\u00f3n 3717 de 23 de mayo de 2023).<\/span><\/p><p><span style=\"font-weight: 400;\">No se considerar\u00e1n lucrativas las actividades de profesores, conferencistas o investigadores, invitados por instituciones acad\u00e9micas o de investigaci\u00f3n que reciban alg\u00fan tipo de reconocimiento en especie, vi\u00e1ticos, tiquetes a\u00e9reos, estipendio, gastos de viaje o manutenci\u00f3n por parte de la instituci\u00f3n acad\u00e9mica que los invita o acoge, o de la organizaci\u00f3n del evento en el que participa.<\/span><\/p><p><span style=\"font-weight: 400;\">Recuerde que es competencia discrecional del Gobierno de Colombia autorizar el ingreso y la permanencia de extranjeros al pa\u00eds, determinando las condiciones o requisitos para ello, as\u00ed como las razones o motivos para salir y\/o abandonar el territorio nacional<\/span><\/p><\/div>\n\t\t\t\t<\/div>\n\t\t\t\t\t\t\t<div class=\"elementor-accordion-item\">\n\t\t\t\t\t<div id=\"elementor-tab-title-1862\" class=\"elementor-tab-title\" data-tab=\"2\" role=\"button\" aria-controls=\"elementor-tab-content-1862\" aria-expanded=\"false\">\n\t\t\t\t\t\t\t\t\t\t\t\t\t<span class=\"elementor-accordion-icon elementor-accordion-icon-left\" aria-hidden=\"true\">\n\t\t\t\t\t\t\t\t\t\t\t\t\t\t\t<span class=\"elementor-accordion-icon-closed\"><svg class=\"e-font-icon-svg e-fas-check-circle\" viewBox=\"0 0 512 512\" xmlns=\"http:\/\/www.w3.org\/2000\/svg\"><path d=\"M504 256c0 136.967-111.033 248-248 248S8 392.967 8 256 119.033 8 256 8s248 111.033 248 248zM227.314 387.314l184-184c6.248-6.248 6.248-16.379 0-22.627l-22.627-22.627c-6.248-6.249-16.379-6.249-22.628 0L216 308.118l-70.059-70.059c-6.248-6.248-16.379-6.248-22.628 0l-22.627 22.627c-6.248 6.248-6.248 16.379 0 22.627l104 104c6.249 6.249 16.379 6.249 22.628.001z\"><\/path><\/svg><\/span>\n\t\t\t\t\t\t\t\t<span class=\"elementor-accordion-icon-opened\"><svg class=\"e-font-icon-svg e-fas-minus\" viewBox=\"0 0 448 512\" xmlns=\"http:\/\/www.w3.org\/2000\/svg\"><path d=\"M416 208H32c-17.67 0-32 14.33-32 32v32c0 17.67 14.33 32 32 32h384c17.67 0 32-14.33 32-32v-32c0-17.67-14.33-32-32-32z\"><\/path><\/svg><\/span>\n\t\t\t\t\t\t\t\t\t\t\t\t\t\t<\/span>\n\t\t\t\t\t\t\t\t\t\t\t\t<a class=\"elementor-accordion-title\" tabindex=\"0\">\u00bfNecesito una visa de tr\u00e1nsito aeroportuario directo para pasar por Colombia?<\/a>\n\t\t\t\t\t<\/div>\n\t\t\t\t\t<div id=\"elementor-tab-content-1862\" class=\"elementor-tab-content elementor-clearfix\" data-tab=\"2\" role=\"region\" aria-labelledby=\"elementor-tab-title-1862\"><p><span style=\"font-weight: 400;\">Si usted posee un pasaporte de los siguientes Estados, requiere visa para realizar tr\u00e1nsito aeroportuario directo en los aeropuertos internacionales de Colombia con destino a un tercer Estado. Esta visa solo permite la permanencia en la zona de tr\u00e1nsito aeroportuario hasta por 24 horas, y no autoriza cambio de aeropuerto. La llegada y permanencia en tr\u00e1nsito internacional no se considera como un ingreso al territorio nacional (art\u00edculo 2\u00ba de la Resoluci\u00f3n 3717 de 2023).<\/span><\/p><\/div>\n\t\t\t\t<\/div>\n\t\t\t\t\t\t\t<div class=\"elementor-accordion-item\">\n\t\t\t\t\t<div id=\"elementor-tab-title-1863\" class=\"elementor-tab-title\" data-tab=\"3\" role=\"button\" aria-controls=\"elementor-tab-content-1863\" aria-expanded=\"false\">\n\t\t\t\t\t\t\t\t\t\t\t\t\t<span class=\"elementor-accordion-icon elementor-accordion-icon-left\" aria-hidden=\"true\">\n\t\t\t\t\t\t\t\t\t\t\t\t\t\t\t<span class=\"elementor-accordion-icon-closed\"><svg class=\"e-font-icon-svg e-fas-check-circle\" viewBox=\"0 0 512 512\" xmlns=\"http:\/\/www.w3.org\/2000\/svg\"><path d=\"M504 256c0 136.967-111.033 248-248 248S8 392.967 8 256 119.033 8 256 8s248 111.033 248 248zM227.314 387.314l184-184c6.248-6.248 6.248-16.379 0-22.627l-22.627-22.627c-6.248-6.249-16.379-6.249-22.628 0L216 308.118l-70.059-70.059c-6.248-6.248-16.379-6.248-22.628 0l-22.627 22.627c-6.248 6.248-6.248 16.379 0 22.627l104 104c6.249 6.249 16.379 6.249 22.628.001z\"><\/path><\/svg><\/span>\n\t\t\t\t\t\t\t\t<span class=\"elementor-accordion-icon-opened\"><svg class=\"e-font-icon-svg e-fas-minus\" viewBox=\"0 0 448 512\" xmlns=\"http:\/\/www.w3.org\/2000\/svg\"><path d=\"M416 208H32c-17.67 0-32 14.33-32 32v32c0 17.67 14.33 32 32 32h384c17.67 0 32-14.33 32-32v-32c0-17.67-14.33-32-32-32z\"><\/path><\/svg><\/span>\n\t\t\t\t\t\t\t\t\t\t\t\t\t\t<\/span>\n\t\t\t\t\t\t\t\t\t\t\t\t<a class=\"elementor-accordion-title\" tabindex=\"0\"> \u00bfQu\u00e9 tipo de visas hay en Colombia?<\/a>\n\t\t\t\t\t<\/div>\n\t\t\t\t\t<div id=\"elementor-tab-content-1863\" class=\"elementor-tab-content elementor-clearfix\" data-tab=\"3\" role=\"region\" aria-labelledby=\"elementor-tab-title-1863\"><p><span style=\"font-weight: 400;\">De acuerdo con la Resoluci\u00f3n 5477 del 22 de julio de 2022 los tipos de visas en Colombia son: Visa de visitante (tipo V) &#8211; incluida la Visa de visitante (tipo V) de cortes\u00eda, Visa de Migrante (tipo M) y Residente.<\/span><\/p><p><b>Mayor informaci\u00f3n:<\/b><\/p><p><a href=\"https:\/\/www.cancilleria.gov.co\/tramites_servicios\/visa\"><span style=\"font-weight: 400;\">Cancilleria de Colombia<\/span><\/a><\/p><p><a href=\"https:\/\/apply.joinsherpa.com\/travel-restrictions?affiliateId=sherpa&amp;language=es-XL\"><span style=\"font-weight: 400;\">\u00a0Restricciones de viaje<\/span><\/a><\/p><\/div>\n\t\t\t\t<\/div>\n\t\t\t\t\t\t\t<div class=\"elementor-accordion-item\">\n\t\t\t\t\t<div id=\"elementor-tab-title-1864\" class=\"elementor-tab-title\" data-tab=\"4\" role=\"button\" aria-controls=\"elementor-tab-content-1864\" aria-expanded=\"false\">\n\t\t\t\t\t\t\t\t\t\t\t\t\t<span class=\"elementor-accordion-icon elementor-accordion-icon-left\" aria-hidden=\"true\">\n\t\t\t\t\t\t\t\t\t\t\t\t\t\t\t<span class=\"elementor-accordion-icon-closed\"><svg class=\"e-font-icon-svg e-fas-check-circle\" viewBox=\"0 0 512 512\" xmlns=\"http:\/\/www.w3.org\/2000\/svg\"><path d=\"M504 256c0 136.967-111.033 248-248 248S8 392.967 8 256 119.033 8 256 8s248 111.033 248 248zM227.314 387.314l184-184c6.248-6.248 6.248-16.379 0-22.627l-22.627-22.627c-6.248-6.249-16.379-6.249-22.628 0L216 308.118l-70.059-70.059c-6.248-6.248-16.379-6.248-22.628 0l-22.627 22.627c-6.248 6.248-6.248 16.379 0 22.627l104 104c6.249 6.249 16.379 6.249 22.628.001z\"><\/path><\/svg><\/span>\n\t\t\t\t\t\t\t\t<span class=\"elementor-accordion-icon-opened\"><svg class=\"e-font-icon-svg e-fas-minus\" viewBox=\"0 0 448 512\" xmlns=\"http:\/\/www.w3.org\/2000\/svg\"><path d=\"M416 208H32c-17.67 0-32 14.33-32 32v32c0 17.67 14.33 32 32 32h384c17.67 0 32-14.33 32-32v-32c0-17.67-14.33-32-32-32z\"><\/path><\/svg><\/span>\n\t\t\t\t\t\t\t\t\t\t\t\t\t\t<\/span>\n\t\t\t\t\t\t\t\t\t\t\t\t<a class=\"elementor-accordion-title\" tabindex=\"0\">Entrada al pa\u00eds<\/a>\n\t\t\t\t\t<\/div>\n\t\t\t\t\t<div id=\"elementor-tab-content-1864\" class=\"elementor-tab-content elementor-clearfix\" data-tab=\"4\" role=\"region\" aria-labelledby=\"elementor-tab-title-1864\"><p><span style=\"font-weight: 400;\">Cuando ingreses a Colombia, es necesario que tomes en cuenta algunas recomendaciones fundamentales. En esta secci\u00f3n, encontrar\u00e1s informaci\u00f3n relevante sobre las directrices para el ingreso de tu equipaje, las regulaciones relacionadas con la introducci\u00f3n de moneda extranjera y las normas para las importaciones temporales.<\/span><\/p><p><span style=\"font-weight: 400;\">Durante tu estancia en nuestro pa\u00eds, es importante que tengas a mano los n\u00fameros de emergencia y est\u00e9s al tanto de las entidades encargadas de garantizar la seguridad y el bienestar. En esta p\u00e1gina, te proporcionamos todos estos datos de manera accesible y conveniente.<\/span><\/p><\/div>\n\t\t\t\t<\/div>\n\t\t\t\t\t\t\t<div class=\"elementor-accordion-item\">\n\t\t\t\t\t<div id=\"elementor-tab-title-1865\" class=\"elementor-tab-title\" data-tab=\"5\" role=\"button\" aria-controls=\"elementor-tab-content-1865\" aria-expanded=\"false\">\n\t\t\t\t\t\t\t\t\t\t\t\t\t<span class=\"elementor-accordion-icon elementor-accordion-icon-left\" aria-hidden=\"true\">\n\t\t\t\t\t\t\t\t\t\t\t\t\t\t\t<span class=\"elementor-accordion-icon-closed\"><svg class=\"e-font-icon-svg e-fas-check-circle\" viewBox=\"0 0 512 512\" xmlns=\"http:\/\/www.w3.org\/2000\/svg\"><path d=\"M504 256c0 136.967-111.033 248-248 248S8 392.967 8 256 119.033 8 256 8s248 111.033 248 248zM227.314 387.314l184-184c6.248-6.248 6.248-16.379 0-22.627l-22.627-22.627c-6.248-6.249-16.379-6.249-22.628 0L216 308.118l-70.059-70.059c-6.248-6.248-16.379-6.248-22.628 0l-22.627 22.627c-6.248 6.248-6.248 16.379 0 22.627l104 104c6.249 6.249 16.379 6.249 22.628.001z\"><\/path><\/svg><\/span>\n\t\t\t\t\t\t\t\t<span class=\"elementor-accordion-icon-opened\"><svg class=\"e-font-icon-svg e-fas-minus\" viewBox=\"0 0 448 512\" xmlns=\"http:\/\/www.w3.org\/2000\/svg\"><path d=\"M416 208H32c-17.67 0-32 14.33-32 32v32c0 17.67 14.33 32 32 32h384c17.67 0 32-14.33 32-32v-32c0-17.67-14.33-32-32-32z\"><\/path><\/svg><\/span>\n\t\t\t\t\t\t\t\t\t\t\t\t\t\t<\/span>\n\t\t\t\t\t\t\t\t\t\t\t\t<a class=\"elementor-accordion-title\" tabindex=\"0\">\u00bfQue es Check Mig?<\/a>\n\t\t\t\t\t<\/div>\n\t\t\t\t\t<div id=\"elementor-tab-content-1865\" class=\"elementor-tab-content elementor-clearfix\" data-tab=\"5\" role=\"region\" aria-labelledby=\"elementor-tab-title-1865\"><p><span style=\"font-weight: 400;\">Es una herramienta tecnol\u00f3gica, les permitir\u00e1 a los viajeros, nacionales y extranjeros, que pretendan ingresar o salir de Colombia, precargar toda la informaci\u00f3n relacionada con el viaje, haciendo que la entrevista de control migratorio sea mucho m\u00e1s r\u00e1pida, disminuyendo as\u00ed el tiempo de espera en sala y la interacci\u00f3n entre el Oficial de Migraci\u00f3n y el pasajero. Datos como el n\u00famero del vuelo, el nombre de la aerol\u00ednea que lo transporta, el motivo del viaje, el lugar de hospedaje y hasta la informaci\u00f3n del estado de salud, entre otros, son precargados en este nuevo aplicativo.<\/span><\/p><p><b>\u00bfC\u00f3mo realizo el registro?<\/b><\/p><p><span style=\"font-weight: 400;\">El viajero deber\u00e1 ingresar a la p\u00e1gina web de Migraci\u00f3n Colombia <\/span><a href=\"https:\/\/apps.migracioncolombia.gov.co\/pre-registro\/\"><span style=\"font-weight: 400;\">https:\/\/apps.migracioncolombia.gov.co\/pre-registro\/<\/span><\/a><span style=\"font-weight: 400;\"> con hasta 72 horas de anticipaci\u00f3n al viaje o hasta una hora antes del viaje y dar clic en la etiqueta \u201cCheck Mig\u201d, luego seleccionar: el idioma de preferencia (Ingl\u00e9s, Franc\u00e9s y Espa\u00f1ol), medio de transporte que va utilizar, el tipo de registro (ingreso a Colombia o salida de Colombia) y escoger de la lista desplegable el puesto de control migratorio por donde va a efectuar la llegada o salida del pa\u00eds, diligenciando la informaci\u00f3n que el aplicativo solicite; Finalmente, el viajero recibir\u00e1 la confirmaci\u00f3n de este proceso a su correo electr\u00f3nico previamente registrado.<\/span><\/p><\/div>\n\t\t\t\t<\/div>\n\t\t\t\t\t\t\t<div class=\"elementor-accordion-item\">\n\t\t\t\t\t<div id=\"elementor-tab-title-1866\" class=\"elementor-tab-title\" data-tab=\"6\" role=\"button\" aria-controls=\"elementor-tab-content-1866\" aria-expanded=\"false\">\n\t\t\t\t\t\t\t\t\t\t\t\t\t<span class=\"elementor-accordion-icon elementor-accordion-icon-left\" aria-hidden=\"true\">\n\t\t\t\t\t\t\t\t\t\t\t\t\t\t\t<span class=\"elementor-accordion-icon-closed\"><svg class=\"e-font-icon-svg e-fas-check-circle\" viewBox=\"0 0 512 512\" xmlns=\"http:\/\/www.w3.org\/2000\/svg\"><path d=\"M504 256c0 136.967-111.033 248-248 248S8 392.967 8 256 119.033 8 256 8s248 111.033 248 248zM227.314 387.314l184-184c6.248-6.248 6.248-16.379 0-22.627l-22.627-22.627c-6.248-6.249-16.379-6.249-22.628 0L216 308.118l-70.059-70.059c-6.248-6.248-16.379-6.248-22.628 0l-22.627 22.627c-6.248 6.248-6.248 16.379 0 22.627l104 104c6.249 6.249 16.379 6.249 22.628.001z\"><\/path><\/svg><\/span>\n\t\t\t\t\t\t\t\t<span class=\"elementor-accordion-icon-opened\"><svg class=\"e-font-icon-svg e-fas-minus\" viewBox=\"0 0 448 512\" xmlns=\"http:\/\/www.w3.org\/2000\/svg\"><path d=\"M416 208H32c-17.67 0-32 14.33-32 32v32c0 17.67 14.33 32 32 32h384c17.67 0 32-14.33 32-32v-32c0-17.67-14.33-32-32-32z\"><\/path><\/svg><\/span>\n\t\t\t\t\t\t\t\t\t\t\t\t\t\t<\/span>\n\t\t\t\t\t\t\t\t\t\t\t\t<a class=\"elementor-accordion-title\" tabindex=\"0\">Ingreso de dinero y mercanc\u00edas<\/a>\n\t\t\t\t\t<\/div>\n\t\t\t\t\t<div id=\"elementor-tab-content-1866\" class=\"elementor-tab-content elementor-clearfix\" data-tab=\"6\" role=\"region\" aria-labelledby=\"elementor-tab-title-1866\"><p><span style=\"font-weight: 400;\">Adem\u00e1s de los objetos personales, cada viajero tiene el derecho de ingresar dinero y mercanc\u00edas a Colombia. Si estos elementos est\u00e1n sujetos o no a impuestos depende de las siguientes condiciones:<\/span><\/p><ol><li><span style=\"font-weight: 400;\"> El ingreso de hasta US$ 10.000 o su equivalente en cualquier moneda. Si la cantidad supera este l\u00edmite, es necesario declararla ante las autoridades aduaneras correspondientes.<\/span><\/li><li><span style=\"font-weight: 400;\"> Art\u00edculos de uso personal y familiar en cantidades no comerciales de hasta US$ 1.500. Estos art\u00edculos est\u00e1n exentos de impuestos y deben ingresar como parte del equipaje acompa\u00f1ado.<\/span><\/li><li><span style=\"font-weight: 400;\"> Art\u00edculos de uso dom\u00e9stico, deportivos o relacionados con la profesi\u00f3n u oficio del viajero, en un m\u00e1ximo de 3 unidades por tipo, con un valor total de hasta US$ 2.500. Estos bienes est\u00e1n sujetos a un impuesto del 15% y el viajero debe haber permanecido en el extranjero al menos 5 d\u00edas. Pueden ingresar como parte del equipaje acompa\u00f1ado o no acompa\u00f1ado.<\/span><\/li><li><span style=\"font-weight: 400;\"> El ingreso de bienes patrimoniales provenientes de otros pa\u00edses, como objetos culturales, hist\u00f3ricos, art\u00edsticos o ecol\u00f3gicos, debe ser informado a las autoridades aduaneras. Es importante tener en cuenta que, en el caso de productos ecol\u00f3gicos, existen procedimientos y regulaciones espec\u00edficas que deben ser cumplidas, por lo que simplemente informar a la autoridad aduanera no es suficiente para su ingreso al pa\u00eds.<\/span><\/li><\/ol><p><span style=\"font-weight: 400;\">Para m\u00e1s informaci\u00f3n y referencias:<\/span><\/p><ul><li style=\"font-weight: 400;\" aria-level=\"1\"><a href=\"https:\/\/www.hptu.org.co\/internacional\/costos\/75-visas\/265-l%C3%ADmite-de-dinero-en-efectivo-para-ingresar-al-pa%C3%ADs.html\"><span style=\"font-weight: 400;\">L\u00edmite de dinero en efectivo para ingresar a Colombia<\/span><\/a><\/li><li style=\"font-weight: 400;\" aria-level=\"1\"><a href=\"https:\/\/www.banrep.gov.co\/es\"><span style=\"font-weight: 400;\">Tasa de cambio del d\u00eda<\/span><\/a><\/li><li style=\"font-weight: 400;\" aria-level=\"1\"><a href=\"https:\/\/colombia.travel\/es\/informacion-practica\/convertidor-de-moneda\"><span style=\"font-weight: 400;\">Convertidor de moneda<\/span><\/a><\/li><\/ul><p><span style=\"font-weight: 400;\">La moneda es el peso Colombiano (COP) y el s\u00edmbolo es el $<\/span><\/p><p><span style=\"font-weight: 400;\">Monedas que circulan actualmente Las denominaciones de las monedas son: $50, $100, $200 , $500 y $1000<\/span><\/p><p><span style=\"font-weight: 400;\">Billetes que est\u00e1n en circulaci\u00f3n Los billetes circulantes son de $1.000, $2.000, $5.000, $10.000, $20.000, $50.000 y $100.000<\/span><\/p><p><span style=\"font-weight: 400;\">Para m\u00e1s informaci\u00f3n acerca de la moneda oficial<\/span><a href=\"https:\/\/www.banrep.gov.co\/es\/billetes-monedas\"><span style=\"font-weight: 400;\"> Aqui<\/span><\/a><\/p><p><span style=\"font-weight: 400;\">Cuidado de monedas y billetes:<\/span><a href=\"https:\/\/www.banrep.gov.co\/billetes-monedas\/cuidado-billetes-monedas\"><span style=\"font-weight: 400;\"> aqu\u00ed<\/span><\/a><\/p><\/div>\n\t\t\t\t<\/div>\n\t\t\t\t\t\t\t<div class=\"elementor-accordion-item\">\n\t\t\t\t\t<div id=\"elementor-tab-title-1867\" class=\"elementor-tab-title\" data-tab=\"7\" role=\"button\" aria-controls=\"elementor-tab-content-1867\" aria-expanded=\"false\">\n\t\t\t\t\t\t\t\t\t\t\t\t\t<span class=\"elementor-accordion-icon elementor-accordion-icon-left\" aria-hidden=\"true\">\n\t\t\t\t\t\t\t\t\t\t\t\t\t\t\t<span class=\"elementor-accordion-icon-closed\"><svg class=\"e-font-icon-svg e-fas-check-circle\" viewBox=\"0 0 512 512\" xmlns=\"http:\/\/www.w3.org\/2000\/svg\"><path d=\"M504 256c0 136.967-111.033 248-248 248S8 392.967 8 256 119.033 8 256 8s248 111.033 248 248zM227.314 387.314l184-184c6.248-6.248 6.248-16.379 0-22.627l-22.627-22.627c-6.248-6.249-16.379-6.249-22.628 0L216 308.118l-70.059-70.059c-6.248-6.248-16.379-6.248-22.628 0l-22.627 22.627c-6.248 6.248-6.248 16.379 0 22.627l104 104c6.249 6.249 16.379 6.249 22.628.001z\"><\/path><\/svg><\/span>\n\t\t\t\t\t\t\t\t<span class=\"elementor-accordion-icon-opened\"><svg class=\"e-font-icon-svg e-fas-minus\" viewBox=\"0 0 448 512\" xmlns=\"http:\/\/www.w3.org\/2000\/svg\"><path d=\"M416 208H32c-17.67 0-32 14.33-32 32v32c0 17.67 14.33 32 32 32h384c17.67 0 32-14.33 32-32v-32c0-17.67-14.33-32-32-32z\"><\/path><\/svg><\/span>\n\t\t\t\t\t\t\t\t\t\t\t\t\t\t<\/span>\n\t\t\t\t\t\t\t\t\t\t\t\t<a class=\"elementor-accordion-title\" tabindex=\"0\">Salud<\/a>\n\t\t\t\t\t<\/div>\n\t\t\t\t\t<div id=\"elementor-tab-content-1867\" class=\"elementor-tab-content elementor-clearfix\" data-tab=\"7\" role=\"region\" aria-labelledby=\"elementor-tab-title-1867\"><p><span style=\"font-weight: 400;\">Para garantizar un viaje sin inconvenientes a Colombia, es crucial que consideres algunas recomendaciones relacionadas con la salud y las vacunas.<\/span><\/p><h4><b>\u2013 Medicamentos<\/b><\/h4><p><span style=\"font-weight: 400;\">Es esencial que, si est\u00e1s tomando medicamentos, lleves siempre contigo la receta correspondiente para poder adquirirlos en farmacias o droguer\u00edas. Adem\u00e1s, es importante tener a mano cualquier documentaci\u00f3n relevante relacionada con alguna condici\u00f3n m\u00e9dica especial que deba ser considerada en caso de emergencia.<\/span><\/p><h4><b>\u2013 Seguro<\/b><\/h4><p><span style=\"font-weight: 400;\">Te recomendamos encarecidamente que, antes de viajar al pa\u00eds, obtengan un seguro m\u00e9dico internacional en caso de que necesites atenci\u00f3n m\u00e9dica durante tu estad\u00eda.<\/span><\/p><h4><b>\u2013 Vacunas<\/b><\/h4><p><span style=\"font-weight: 400;\">En la actualidad, no se requieren vacunas obligatorias para ingresar al pa\u00eds. Sin embargo, las autoridades colombianas solicitar\u00e1n la vacuna contra la fiebre amarilla si planeas visitar destinos tur\u00edsticos como el Parque Nacional Sierra Nevada de Santa Marta, el Parque Tayrona y varias reservas en la regi\u00f3n del Amazonas. Es importante destacar que esta vacuna debe administrarse al menos 10 d\u00edas antes de viajar a estos lugares.<\/span><\/p><p><span style=\"font-weight: 400;\">Recuerda que debes aplicarte la vacuna al menos diez d\u00edas antes de tu visita a estos sitios. Tambi\u00e9n es posible recibir la vacuna en las principales ciudades de Colombia.<\/span><\/p><h4><b>\u2013 Cuidado de la piel<\/b><\/h4><p><span style=\"font-weight: 400;\">Asimismo, es fundamental que, sin importar la ubicaci\u00f3n o el clima, uses protector solar y te mantengas adecuadamente hidratado en todo momento. Ten en cuenta que, en algunas \u00e1reas, se recomienda adquirir agua mineral embotellada, la cual puedes encontrar f\u00e1cilmente en los establecimientos locales.<\/span><\/p><h4><b>\u2013 Alergias<\/b><\/h4><p><span style=\"font-weight: 400;\">Por \u00faltimo, si eres al\u00e9rgico a alg\u00fan alimento, aseg\u00farate siempre de preguntar sobre los ingredientes utilizados en la preparaci\u00f3n de las comidas que vayas a consumir.<\/span><\/p><p><span style=\"font-weight: 400;\">Adem\u00e1s, para obtener informaci\u00f3n m\u00e1s detallada, te recomendamos visitar el sitio web del Ministerio de Salud y Protecci\u00f3n Social en el siguiente enlace:<\/span><a href=\"https:\/\/www.minsalud.gov.co.\"> <span style=\"font-weight: 400;\">MinSalud<\/span><\/a><\/p><p><a href=\"https:\/\/colombia.travel\/es\/informacion-practica\/salud-y-vacunas\"><span style=\"font-weight: 400;\">Salud y vacunas<\/span><\/a><\/p><\/div>\n\t\t\t\t<\/div>\n\t\t\t\t\t\t\t<div class=\"elementor-accordion-item\">\n\t\t\t\t\t<div id=\"elementor-tab-title-1868\" class=\"elementor-tab-title\" data-tab=\"8\" role=\"button\" aria-controls=\"elementor-tab-content-1868\" aria-expanded=\"false\">\n\t\t\t\t\t\t\t\t\t\t\t\t\t<span class=\"elementor-accordion-icon elementor-accordion-icon-left\" aria-hidden=\"true\">\n\t\t\t\t\t\t\t\t\t\t\t\t\t\t\t<span class=\"elementor-accordion-icon-closed\"><svg class=\"e-font-icon-svg e-fas-check-circle\" viewBox=\"0 0 512 512\" xmlns=\"http:\/\/www.w3.org\/2000\/svg\"><path d=\"M504 256c0 136.967-111.033 248-248 248S8 392.967 8 256 119.033 8 256 8s248 111.033 248 248zM227.314 387.314l184-184c6.248-6.248 6.248-16.379 0-22.627l-22.627-22.627c-6.248-6.249-16.379-6.249-22.628 0L216 308.118l-70.059-70.059c-6.248-6.248-16.379-6.248-22.628 0l-22.627 22.627c-6.248 6.248-6.248 16.379 0 22.627l104 104c6.249 6.249 16.379 6.249 22.628.001z\"><\/path><\/svg><\/span>\n\t\t\t\t\t\t\t\t<span class=\"elementor-accordion-icon-opened\"><svg class=\"e-font-icon-svg e-fas-minus\" viewBox=\"0 0 448 512\" xmlns=\"http:\/\/www.w3.org\/2000\/svg\"><path d=\"M416 208H32c-17.67 0-32 14.33-32 32v32c0 17.67 14.33 32 32 32h384c17.67 0 32-14.33 32-32v-32c0-17.67-14.33-32-32-32z\"><\/path><\/svg><\/span>\n\t\t\t\t\t\t\t\t\t\t\t\t\t\t<\/span>\n\t\t\t\t\t\t\t\t\t\t\t\t<a class=\"elementor-accordion-title\" tabindex=\"0\">Tech tips<\/a>\n\t\t\t\t\t<\/div>\n\t\t\t\t\t<div id=\"elementor-tab-content-1868\" class=\"elementor-tab-content elementor-clearfix\" data-tab=\"8\" role=\"region\" aria-labelledby=\"elementor-tab-title-1868\"><ul><li style=\"font-weight: 400;\" aria-level=\"1\"><span style=\"font-weight: 400;\">Descarga el mapa de Barranquilla y activa la opci\u00f3n de offline.\u00a0<\/span><\/li><li style=\"font-weight: 400;\" aria-level=\"1\"><span style=\"font-weight: 400;\">Compra una sim de cualquier operador, los podr\u00e1s encontrar en el aeropuerto, los proveedores m\u00e1s conocidos son Claro, Movistar y\u00a0 Tigo.\u00a0<\/span><\/li><\/ul><p><span style=\"font-weight: 400;\">En caso de conectarte a redes WiFi gratuitas, haz uso de VPNs. Con este enlace si te suscribes a un plan de 1 mes, recibir\u00e1s 1 mes adicional gratis. \u00a0 <\/span><a href=\"https:\/\/surfshark.club\/friend\/nTR77jxS\"><span style=\"font-weight: 400;\">Surfshark<\/span><\/a> <\/p><\/div>\n\t\t\t\t<\/div>\n\t\t\t\t\t\t\t\t<\/div>\n\t\t\t\t\t\t<\/div>\n\t\t\t\t<\/div>\n\t\t\t\t<div class=\"elementor-element elementor-element-9e086e1 elementor-widget elementor-widget-heading\" data-id=\"9e086e1\" data-element_type=\"widget\" data-e-type=\"widget\" data-widget_type=\"heading.default\">\n\t\t\t\t<div class=\"elementor-widget-container\">\n\t\t\t\t\t<h2 class=\"elementor-heading-title elementor-size-default\">Sitios de inter\u00e9s<\/h2>\t\t\t\t<\/div>\n\t\t\t\t<\/div>\n\t\t\t\t<div class=\"elementor-element elementor-element-7c3f769 elementor-widget elementor-widget-text-editor\" data-id=\"7c3f769\" data-element_type=\"widget\" data-e-type=\"widget\" data-widget_type=\"text-editor.default\">\n\t\t\t\t<div class=\"elementor-widget-container\">\n\t\t\t\t\t\t\t\t\t<p>Nos alegra tenerte con nosotros en esta vibrante ciudad que, adem\u00e1s de ser el epicentro del evento, est\u00e1 llena de historia, cultura y belleza caribe\u00f1a. Sabemos que tu agenda durante la conferencia estar\u00e1 llena de charlas y talleres inspiradores, pero tambi\u00e9n queremos que aproveches al m\u00e1ximo tu estancia. Por eso, hemos preparado una lista de lugares imperdibles que har\u00e1n de tu visita a Barranquilla una experiencia a\u00fan m\u00e1s inolvidable. Desde su rica oferta gastron\u00f3mica hasta sus ic\u00f3nicos sitios tur\u00edsticos, aqu\u00ed encontrar\u00e1s opciones para disfrutar durante tus momentos libres.<\/p><p>\u00a1No te pierdas la oportunidad de explorar todo lo que Barranquilla tiene para ofrecer!<\/p><ul><li style=\"font-weight: 400;\" aria-level=\"1\"><span style=\"font-weight: 400;\">Centro Comercial Viva Barranquilla<\/span><\/li><li style=\"font-weight: 400;\" aria-level=\"1\"><span style=\"font-weight: 400;\">Buenavista, Mall Plaza Buenavista y Plaza del Parque.<\/span><\/li><li style=\"font-weight: 400;\" aria-level=\"1\"><span style=\"font-weight: 400;\">Bocas de Ceniza.<\/span><\/li><li style=\"font-weight: 400;\" aria-level=\"1\"><span style=\"font-weight: 400;\">Muelle de Puerto Colombia<\/span><\/li><li style=\"font-weight: 400;\" aria-level=\"1\"><span style=\"font-weight: 400;\">Mansiones del Golf y Riomar en Barranquilla<\/span><\/li><li style=\"font-weight: 400;\" aria-level=\"1\"><span style=\"font-weight: 400;\">Monumento Ventana al Mundo<\/span><\/li><li style=\"font-weight: 400;\" aria-level=\"1\"><span style=\"font-weight: 400;\">Aleta del Tibur\u00f3n.<\/span><\/li><li style=\"font-weight: 400;\" aria-level=\"1\"><span style=\"font-weight: 400;\">Estatua de Shakira Gran Malec\u00f3n<\/span><\/li><li style=\"font-weight: 400;\" aria-level=\"1\"><span style=\"font-weight: 400;\">Estatua del Joe Arroyo<\/span><\/li><li style=\"font-weight: 400;\" aria-level=\"1\"><span style=\"font-weight: 400;\">Gran Malec\u00f3n del R\u00edo.<\/span><\/li><li style=\"font-weight: 400;\" aria-level=\"1\"><span style=\"font-weight: 400;\">Malec\u00f3n Puerta de Oro<\/span><\/li><li style=\"font-weight: 400;\" aria-level=\"1\"><span style=\"font-weight: 400;\">Museo del Carnaval de Barranquilla<\/span><\/li><li style=\"font-weight: 400;\" aria-level=\"1\"><span style=\"font-weight: 400;\">La Troja Patrimonio Cultural y Musical<\/span><\/li><li style=\"font-weight: 400;\" aria-level=\"1\"><span style=\"font-weight: 400;\">Plaza de la Paz<\/span><\/li><li style=\"font-weight: 400;\" aria-level=\"1\"><span style=\"font-weight: 400;\">Plaza de la Intendencia Fluvial<\/span><\/li><li style=\"font-weight: 400;\" aria-level=\"1\"><span style=\"font-weight: 400;\">Plaza de los Artesanos<\/span><\/li><li style=\"font-weight: 400;\" aria-level=\"1\"><span style=\"font-weight: 400;\">Estaci\u00f3n Montoya<\/span><\/li><li style=\"font-weight: 400;\" aria-level=\"1\"><span style=\"font-weight: 400;\">Plaza De La Aduana<\/span><\/li><li style=\"font-weight: 400;\" aria-level=\"1\"><span style=\"font-weight: 400;\">Museo de Arte Moderno de Barranquilla<\/span><\/li><li style=\"font-weight: 400;\" aria-level=\"1\"><span style=\"font-weight: 400;\">Restaurante Narcobollo. (Comida t\u00edpica Barranquillera )<\/span><\/li><\/ul>\t\t\t\t\t\t\t\t<\/div>\n\t\t\t\t<\/div>\n\t\t\t\t<div class=\"elementor-element elementor-element-6f0356a elementor-widget elementor-widget-heading\" data-id=\"6f0356a\" data-element_type=\"widget\" data-e-type=\"widget\" data-widget_type=\"heading.default\">\n\t\t\t\t<div class=\"elementor-widget-container\">\n\t\t\t\t\t<h2 class=\"elementor-heading-title elementor-size-default\">Recomendaciones hospedaje<\/h2>\t\t\t\t<\/div>\n\t\t\t\t<\/div>\n\t\t\t\t<div class=\"elementor-element elementor-element-1889b04 elementor-widget elementor-widget-text-editor\" data-id=\"1889b04\" data-element_type=\"widget\" data-e-type=\"widget\" data-widget_type=\"text-editor.default\">\n\t\t\t\t<div class=\"elementor-widget-container\">\n\t\t\t\t\t\t\t\t\t<p><span style=\"font-weight: 400;\">Te recomendamos varios lugares para hospedarte: en el <\/span><a href=\"https:\/\/www.google.com\/maps\/place\/HOTEL+BARRANQUILLA+INN\/@10.9894763,-74.7891667,16.13z\/data=!4m9!3m8!1s0x8ef42d63b791fb5b:0xa984fadb7a8f5fe9!5m2!4m1!1i2!8m2!3d10.9841478!4d-74.7840566!16s%2Fg%2F1pzsld1qn?entry=ttu\"><span style=\"font-weight: 400;\">Hotel Barranquilla Inn<\/span><\/a><span style=\"font-weight: 400;\">, un hotel 3 Estrellas ubicado a 6 minutos en carro o a 20 minutos caminando de la Sede de la Universidad anfitriona de la UbuConLa.<\/span><\/p><p>Otra opci\u00f3n puede ser el <a href=\"https:\/\/es.wikipedia.org\/wiki\/Hotel_El_Prado\" target=\"_blank\" rel=\"noopener\">Hotel el Prado<\/a> Forma parte del patrimonio nacional de Colombia, por medio de la resoluci\u00f3n 1640 del 24 de noviembre de 2004,1 y catalogado monumento del patrimonio arquitect\u00f3nico y cultural del pa\u00eds en 1982.\u200b Su construcci\u00f3n comenz\u00f3 en 1927, y fue terminado e inaugurado en 1930.<\/p><p><span style=\"font-weight: 400;\">Cerca se encuentran las ciudades de Cartagena y Santa Martha que podr\u00e1s visitar en bus, estas est\u00e1n a una distancia aproximada de 2 horas.\u00a0<\/span><\/p>\t\t\t\t\t\t\t\t<\/div>\n\t\t\t\t<\/div>\n\t\t\t\t<\/div>\n\t\t\t\t\t<\/div>\n\t\t\t\t<\/div>\n\t\t<div class=\"elementor-element elementor-element-b4c4ff1 e-flex e-con-boxed e-con e-parent\" data-id=\"b4c4ff1\" data-element_type=\"container\" data-e-type=\"container\">\n\t\t\t\t\t<div class=\"e-con-inner\">\n\t\t\t\t<div class=\"elementor-element elementor-element-07b7858 elementor-widget elementor-widget-image\" data-id=\"07b7858\" data-element_type=\"widget\" data-e-type=\"widget\" data-widget_type=\"image.default\">\n\t\t\t\t<div class=\"elementor-widget-container\">\n\t\t\t\t\t\t\t\t\t\t\t\t\t\t\t<img decoding=\"async\" width=\"2600\" height=\"471\" src=\"https:\/\/ubuconla.org\/2024\/wp-content\/uploads\/sites\/3\/2024\/04\/0000_suru-main-25x75-light.png\" class=\"attachment-full size-full wp-image-67\" alt=\"\" srcset=\"https:\/\/ubuconla.org\/2024\/wp-content\/uploads\/sites\/3\/2024\/04\/0000_suru-main-25x75-light.png 2600w, https:\/\/ubuconla.org\/2024\/wp-content\/uploads\/sites\/3\/2024\/04\/0000_suru-main-25x75-light-300x54.png 300w, https:\/\/ubuconla.org\/2024\/wp-content\/uploads\/sites\/3\/2024\/04\/0000_suru-main-25x75-light-1024x186.png 1024w, https:\/\/ubuconla.org\/2024\/wp-content\/uploads\/sites\/3\/2024\/04\/0000_suru-main-25x75-light-768x139.png 768w, https:\/\/ubuconla.org\/2024\/wp-content\/uploads\/sites\/3\/2024\/04\/0000_suru-main-25x75-light-1536x278.png 1536w, https:\/\/ubuconla.org\/2024\/wp-content\/uploads\/sites\/3\/2024\/04\/0000_suru-main-25x75-light-2048x371.png 2048w\" sizes=\"(max-width: 2600px) 100vw, 2600px\" \/>\t\t\t\t\t\t\t\t\t\t\t\t\t\t\t<\/div>\n\t\t\t\t<\/div>\n\t\t\t\t\t<\/div>\n\t\t\t\t<\/div>\n\t\t\t\t<\/div>\n\t\t","protected":false},"excerpt":{"rendered":"<p>Acerca de Barranquilla Barranquilla, tambi\u00e9n conocida como la \u2018Arenosa\u2019 o \u2018Curramba la Bella\u2019, es una de las principales ciudades de Colombia y un destino tur\u00edstico de referencia para locales y extranjeros. \u00a0 Esta ciudad, donde el r\u00edo Magdalena termina su largo recorrido, es cuna de grandes m\u00fasicos, literatos y pintores. Adem\u00e1s, es escenario de una [&hellip;]<\/p>\n","protected":false},"author":1,"featured_media":0,"parent":0,"menu_order":0,"comment_status":"closed","ping_status":"closed","template":"elementor_header_footer","meta":{"footnotes":""},"class_list":["post-294","page","type-page","status-publish","hentry"],"_links":{"self":[{"href":"https:\/\/ubuconla.org\/2024\/wp-json\/wp\/v2\/pages\/294","targetHints":{"allow":["GET"]}}],"collection":[{"href":"https:\/\/ubuconla.org\/2024\/wp-json\/wp\/v2\/pages"}],"about":[{"href":"https:\/\/ubuconla.org\/2024\/wp-json\/wp\/v2\/types\/page"}],"author":[{"embeddable":true,"href":"https:\/\/ubuconla.org\/2024\/wp-json\/wp\/v2\/users\/1"}],"replies":[{"embeddable":true,"href":"https:\/\/ubuconla.org\/2024\/wp-json\/wp\/v2\/comments?post=294"}],"version-history":[{"count":35,"href":"https:\/\/ubuconla.org\/2024\/wp-json\/wp\/v2\/pages\/294\/revisions"}],"predecessor-version":[{"id":664,"href":"https:\/\/ubuconla.org\/2024\/wp-json\/wp\/v2\/pages\/294\/revisions\/664"}],"wp:attachment":[{"href":"https:\/\/ubuconla.org\/2024\/wp-json\/wp\/v2\/media?parent=294"}],"curies":[{"name":"wp","href":"https:\/\/api.w.org\/{rel}","templated":true}]}}