{"id":10,"date":"2024-04-16T16:34:44","date_gmt":"2024-04-16T21:34:44","guid":{"rendered":"https:\/\/ubuconla.org\/2024\/?page_id=10"},"modified":"2024-08-30T08:30:54","modified_gmt":"2024-08-30T13:30:54","slug":"ubucon-latinoamerica-2024","status":"publish","type":"page","link":"https:\/\/ubuconla.org\/2024\/","title":{"rendered":"Ubucon Latinoam\u00e9rica 2024"},"content":{"rendered":"\t\t<div data-elementor-type=\"wp-page\" data-elementor-id=\"10\" class=\"elementor elementor-10\">\n\t\t\t\t<div class=\"elementor-element elementor-element-7de6a2c top e-flex e-con-boxed e-con e-parent\" data-id=\"7de6a2c\" data-element_type=\"container\" data-e-type=\"container\" data-settings=\"{&quot;background_background&quot;:&quot;classic&quot;}\">\n\t\t\t\t\t<div class=\"e-con-inner\">\n\t\t<div class=\"elementor-element elementor-element-ba9d8db e-flex e-con-boxed e-con e-child\" data-id=\"ba9d8db\" data-element_type=\"container\" data-e-type=\"container\">\n\t\t\t\t\t<div class=\"e-con-inner\">\n\t\t\t\t<div class=\"elementor-element elementor-element-4454f2d elementor-widget elementor-widget-image\" data-id=\"4454f2d\" data-element_type=\"widget\" data-e-type=\"widget\" data-widget_type=\"image.default\">\n\t\t\t\t<div class=\"elementor-widget-container\">\n\t\t\t\t\t\t\t\t\t\t\t\t\t\t\t<img fetchpriority=\"high\" decoding=\"async\" width=\"1280\" height=\"720\" src=\"https:\/\/ubuconla.org\/2024\/wp-content\/uploads\/sites\/3\/2024\/06\/photo_2024-06-25_19-40-58.jpg\" class=\"attachment-full size-full wp-image-270\" alt=\"\" srcset=\"https:\/\/ubuconla.org\/2024\/wp-content\/uploads\/sites\/3\/2024\/06\/photo_2024-06-25_19-40-58.jpg 1280w, https:\/\/ubuconla.org\/2024\/wp-content\/uploads\/sites\/3\/2024\/06\/photo_2024-06-25_19-40-58-300x169.jpg 300w, https:\/\/ubuconla.org\/2024\/wp-content\/uploads\/sites\/3\/2024\/06\/photo_2024-06-25_19-40-58-1024x576.jpg 1024w, https:\/\/ubuconla.org\/2024\/wp-content\/uploads\/sites\/3\/2024\/06\/photo_2024-06-25_19-40-58-768x432.jpg 768w\" sizes=\"(max-width: 1280px) 100vw, 1280px\" \/>\t\t\t\t\t\t\t\t\t\t\t\t\t\t\t<\/div>\n\t\t\t\t<\/div>\n\t\t\t\t\t<\/div>\n\t\t\t\t<\/div>\n\t\t\t\t\t<\/div>\n\t\t\t\t<\/div>\n\t\t<div class=\"elementor-element elementor-element-715b0ac e-con-full e-flex e-con e-parent\" data-id=\"715b0ac\" data-element_type=\"container\" data-e-type=\"container\" data-settings=\"{&quot;background_background&quot;:&quot;classic&quot;}\">\n\t\t<div class=\"elementor-element elementor-element-e067da2 e-con-full e-flex e-con e-child\" data-id=\"e067da2\" data-element_type=\"container\" data-e-type=\"container\">\n\t\t\t\t<div class=\"elementor-element elementor-element-8b40c33 elementor-widget elementor-widget-heading\" data-id=\"8b40c33\" data-element_type=\"widget\" data-e-type=\"widget\" data-widget_type=\"heading.default\">\n\t\t\t\t<div class=\"elementor-widget-container\">\n\t\t\t\t\t<h2 class=\"elementor-heading-title elementor-size-default\">El evento m\u00e1s importante de Ubuntu en Latinoam\u00e9rica<\/h2>\t\t\t\t<\/div>\n\t\t\t\t<\/div>\n\t\t\t\t<div class=\"elementor-element elementor-element-85203fe elementor-widget elementor-widget-heading\" data-id=\"85203fe\" data-element_type=\"widget\" data-e-type=\"widget\" data-widget_type=\"heading.default\">\n\t\t\t\t<div class=\"elementor-widget-container\">\n\t\t\t\t\t<h2 class=\"elementor-heading-title elementor-size-default\">Barranquilla - Colombia<\/h2>\t\t\t\t<\/div>\n\t\t\t\t<\/div>\n\t\t\t\t<div class=\"elementor-element elementor-element-4e27a1a elementor-icon-list--layout-traditional elementor-list-item-link-full_width elementor-widget elementor-widget-icon-list\" data-id=\"4e27a1a\" data-element_type=\"widget\" data-e-type=\"widget\" data-widget_type=\"icon-list.default\">\n\t\t\t\t<div class=\"elementor-widget-container\">\n\t\t\t\t\t\t\t<ul class=\"elementor-icon-list-items\">\n\t\t\t\t\t\t\t<li class=\"elementor-icon-list-item\">\n\t\t\t\t\t\t\t\t\t\t\t<span class=\"elementor-icon-list-icon\">\n\t\t\t\t\t\t\t<svg aria-hidden=\"true\" class=\"e-font-icon-svg e-far-grin-stars\" viewBox=\"0 0 496 512\" xmlns=\"http:\/\/www.w3.org\/2000\/svg\"><path d=\"M248 8C111 8 0 119 0 256s111 248 248 248 248-111 248-248S385 8 248 8zm0 448c-110.3 0-200-89.7-200-200S137.7 56 248 56s200 89.7 200 200-89.7 200-200 200zm105.6-151.4c-25.9 8.3-64.4 13.1-105.6 13.1s-79.6-4.8-105.6-13.1c-9.8-3.1-19.4 5.3-17.7 15.3 7.9 47.2 71.3 80 123.3 80s115.3-32.9 123.3-80c1.6-9.8-7.7-18.4-17.7-15.3zm-227.9-57.5c-1 6.2 5.4 11 11 7.9l31.3-16.3 31.3 16.3c5.6 3.1 12-1.7 11-7.9l-6-34.9 25.4-24.6c4.5-4.5 1.9-12.2-4.3-13.2l-34.9-5-15.5-31.6c-2.9-5.8-11-5.8-13.9 0l-15.5 31.6-34.9 5c-6.2.9-8.9 8.6-4.3 13.2l25.4 24.6-6.1 34.9zm259.7-72.7l-34.9-5-15.5-31.6c-2.9-5.8-11-5.8-13.9 0l-15.5 31.6-34.9 5c-6.2.9-8.9 8.6-4.3 13.2l25.4 24.6-6 34.9c-1 6.2 5.4 11 11 7.9l31.3-16.3 31.3 16.3c5.6 3.1 12-1.7 11-7.9l-6-34.9 25.4-24.6c4.5-4.6 1.8-12.2-4.4-13.2z\"><\/path><\/svg>\t\t\t\t\t\t<\/span>\n\t\t\t\t\t\t\t\t\t\t<span class=\"elementor-icon-list-text\">Novena Edici\u00f3n - UbuconLA<\/span>\n\t\t\t\t\t\t\t\t\t<\/li>\n\t\t\t\t\t\t\t\t<li class=\"elementor-icon-list-item\">\n\t\t\t\t\t\t\t\t\t\t\t<span class=\"elementor-icon-list-icon\">\n\t\t\t\t\t\t\t<svg aria-hidden=\"true\" class=\"e-font-icon-svg e-far-calendar-check\" viewBox=\"0 0 448 512\" xmlns=\"http:\/\/www.w3.org\/2000\/svg\"><path d=\"M400 64h-48V12c0-6.627-5.373-12-12-12h-40c-6.627 0-12 5.373-12 12v52H160V12c0-6.627-5.373-12-12-12h-40c-6.627 0-12 5.373-12 12v52H48C21.49 64 0 85.49 0 112v352c0 26.51 21.49 48 48 48h352c26.51 0 48-21.49 48-48V112c0-26.51-21.49-48-48-48zm-6 400H54a6 6 0 0 1-6-6V160h352v298a6 6 0 0 1-6 6zm-52.849-200.65L198.842 404.519c-4.705 4.667-12.303 4.637-16.971-.068l-75.091-75.699c-4.667-4.705-4.637-12.303.068-16.971l22.719-22.536c4.705-4.667 12.303-4.637 16.97.069l44.104 44.461 111.072-110.181c4.705-4.667 12.303-4.637 16.971.068l22.536 22.718c4.667 4.705 4.636 12.303-.069 16.97z\"><\/path><\/svg>\t\t\t\t\t\t<\/span>\n\t\t\t\t\t\t\t\t\t\t<span class=\"elementor-icon-list-text\">30 y 31 de Agosto de 2024<\/span>\n\t\t\t\t\t\t\t\t\t<\/li>\n\t\t\t\t\t\t\t\t<li class=\"elementor-icon-list-item\">\n\t\t\t\t\t\t\t\t\t\t\t<a href=\"https:\/\/www.google.com\/maps\/dir\/\/Universidad+De+La+Costa,+CUC,+Cl.+58+%2355+-+66,+Nte.+Centro+Historico,+Barranquilla,+Atl%C3%A1ntico\/@10.9951661,-74.7923567,17z\/data=!4m9!4m8!1m0!1m5!1m1!1s0x8ef42d7974b945fd:0x58d2cc28a018ba1!2m2!1d-74.7897818!2d10.9951608!3e0?entry=ttu\" target=\"_blank\">\n\n\t\t\t\t\t\t\t\t\t\t\t\t<span class=\"elementor-icon-list-icon\">\n\t\t\t\t\t\t\t<svg aria-hidden=\"true\" class=\"e-font-icon-svg e-fas-map-marked-alt\" viewBox=\"0 0 576 512\" xmlns=\"http:\/\/www.w3.org\/2000\/svg\"><path d=\"M288 0c-69.59 0-126 56.41-126 126 0 56.26 82.35 158.8 113.9 196.02 6.39 7.54 17.82 7.54 24.2 0C331.65 284.8 414 182.26 414 126 414 56.41 357.59 0 288 0zm0 168c-23.2 0-42-18.8-42-42s18.8-42 42-42 42 18.8 42 42-18.8 42-42 42zM20.12 215.95A32.006 32.006 0 0 0 0 245.66v250.32c0 11.32 11.43 19.06 21.94 14.86L160 448V214.92c-8.84-15.98-16.07-31.54-21.25-46.42L20.12 215.95zM288 359.67c-14.07 0-27.38-6.18-36.51-16.96-19.66-23.2-40.57-49.62-59.49-76.72v182l192 64V266c-18.92 27.09-39.82 53.52-59.49 76.72-9.13 10.77-22.44 16.95-36.51 16.95zm266.06-198.51L416 224v288l139.88-55.95A31.996 31.996 0 0 0 576 426.34V176.02c0-11.32-11.43-19.06-21.94-14.86z\"><\/path><\/svg>\t\t\t\t\t\t<\/span>\n\t\t\t\t\t\t\t\t\t\t<span class=\"elementor-icon-list-text\">Universidad de la Costa \/\/ Barranquilla - Colombia<\/span>\n\t\t\t\t\t\t\t\t\t\t\t<\/a>\n\t\t\t\t\t\t\t\t\t<\/li>\n\t\t\t\t\t\t<\/ul>\n\t\t\t\t\t\t<\/div>\n\t\t\t\t<\/div>\n\t\t\t\t<div class=\"elementor-element elementor-element-663af91 elementor-widget elementor-widget-image\" data-id=\"663af91\" data-element_type=\"widget\" data-e-type=\"widget\" data-widget_type=\"image.default\">\n\t\t\t\t<div class=\"elementor-widget-container\">\n\t\t\t\t\t\t\t\t\t\t\t\t\t\t\t\t<a href=\"https:\/\/www.cuc.edu.co\/\" target=\"_blank\">\n\t\t\t\t\t\t\t<img decoding=\"async\" width=\"490\" height=\"164\" src=\"https:\/\/ubuconla.org\/2024\/wp-content\/uploads\/sites\/3\/2024\/04\/logo_cuc.png\" class=\"attachment-full size-full wp-image-107\" alt=\"\" srcset=\"https:\/\/ubuconla.org\/2024\/wp-content\/uploads\/sites\/3\/2024\/04\/logo_cuc.png 490w, https:\/\/ubuconla.org\/2024\/wp-content\/uploads\/sites\/3\/2024\/04\/logo_cuc-300x100.png 300w\" sizes=\"(max-width: 490px) 100vw, 490px\" \/>\t\t\t\t\t\t\t\t<\/a>\n\t\t\t\t\t\t\t\t\t\t\t\t\t\t\t<\/div>\n\t\t\t\t<\/div>\n\t\t\t\t<\/div>\n\t\t<div class=\"elementor-element elementor-element-0746092 e-con-full e-flex e-con e-child\" data-id=\"0746092\" data-element_type=\"container\" data-e-type=\"container\">\n\t\t\t\t<div class=\"elementor-element elementor-element-f2f149f elementor-widget elementor-widget-heading\" data-id=\"f2f149f\" data-element_type=\"widget\" data-e-type=\"widget\" data-widget_type=\"heading.default\">\n\t\t\t\t<div class=\"elementor-widget-container\">\n\t\t\t\t\t<h2 class=\"elementor-heading-title elementor-size-default\">\u00bfQu\u00e9 es la UbuCon Latinoam\u00e9rica?<\/h2>\t\t\t\t<\/div>\n\t\t\t\t<\/div>\n\t\t\t\t<div class=\"elementor-element elementor-element-3ebef85 elementor-widget elementor-widget-text-editor\" data-id=\"3ebef85\" data-element_type=\"widget\" data-e-type=\"widget\" data-widget_type=\"text-editor.default\">\n\t\t\t\t<div class=\"elementor-widget-container\">\n\t\t\t\t\t\t\t\t\t<p class=\"p1\">UbuConLA es la edici\u00f3n Latinoamericana de UbuCon. La UbuConLA como fue bautizada desde sus inicios, se realiza anualmente en una ciudad de Latinoam\u00e9rica donde se re\u00fane toda la comunidad de Software Libre y de c\u00f3digo abierto para asistir a charlas, talleres, networking y conferencias en torno a estas tem\u00e1ticas, el objetivo de la conferencia es promover el uso de software libre y de c\u00f3digo abierto, as\u00ed como el intercambio de conocimientos y experiencias en torno a Ubuntu y sus aplicaciones.<\/p><p class=\"p1\">La UbuConLA se celebra anualmente en diferentes pa\u00edses de Am\u00e9rica Latina, y cuenta con charlas, talleres y presentaciones de expertos y l\u00edderes de la comunidad. La conferencia es una oportunidad para que los participantes aprendan sobre las \u00faltimas novedades en el mundo de Ubuntu y Linux, y para conectarse con otros entusiastas y profesionales en el campo.<\/p>\t\t\t\t\t\t\t\t<\/div>\n\t\t\t\t<\/div>\n\t\t\t\t<\/div>\n\t\t<div class=\"elementor-element elementor-element-4fec835 e-con-full e-flex e-con e-child\" data-id=\"4fec835\" data-element_type=\"container\" data-e-type=\"container\">\n\t\t\t\t<div class=\"elementor-element elementor-element-9a1fb33 elementor-widget elementor-widget-heading\" data-id=\"9a1fb33\" data-element_type=\"widget\" data-e-type=\"widget\" data-widget_type=\"heading.default\">\n\t\t\t\t<div class=\"elementor-widget-container\">\n\t\t\t\t\t<h2 class=\"elementor-heading-title elementor-size-default\">PROGRAMACI\u00d3N<\/h2>\t\t\t\t<\/div>\n\t\t\t\t<\/div>\n\t\t\t\t<div class=\"elementor-element elementor-element-8b0e915 elementor-widget elementor-widget-heading\" data-id=\"8b0e915\" data-element_type=\"widget\" data-e-type=\"widget\" data-widget_type=\"heading.default\">\n\t\t\t\t<div class=\"elementor-widget-container\">\n\t\t\t\t\t<h5 class=\"elementor-heading-title elementor-size-default\">Importante: Todos los horarios son en GMT-5 (Horario de Colombia)<\/h5>\t\t\t\t<\/div>\n\t\t\t\t<\/div>\n\t\t\t\t<div class=\"elementor-element elementor-element-f47a7de elementor-tabs-view-vertical elementor-widget elementor-widget-tabs\" data-id=\"f47a7de\" data-element_type=\"widget\" data-e-type=\"widget\" data-widget_type=\"tabs.default\">\n\t\t\t\t<div class=\"elementor-widget-container\">\n\t\t\t\t\t\t\t<div class=\"elementor-tabs\">\n\t\t\t<div class=\"elementor-tabs-wrapper\" role=\"tablist\" >\n\t\t\t\t\t\t\t\t\t<div id=\"elementor-tab-title-2561\" class=\"elementor-tab-title elementor-tab-desktop-title\" aria-selected=\"true\" data-tab=\"1\" role=\"tab\" tabindex=\"0\" aria-controls=\"elementor-tab-content-2561\" aria-expanded=\"false\">D\u00eda 1 - 30 de Agosto - Coliseo<\/div>\n\t\t\t\t\t\t\t\t\t<div id=\"elementor-tab-title-2562\" class=\"elementor-tab-title elementor-tab-desktop-title\" aria-selected=\"false\" data-tab=\"2\" role=\"tab\" tabindex=\"-1\" aria-controls=\"elementor-tab-content-2562\" aria-expanded=\"false\">D\u00eda 1 - 30 de Agosto - Sala PosGrados<\/div>\n\t\t\t\t\t\t\t\t\t<div id=\"elementor-tab-title-2563\" class=\"elementor-tab-title elementor-tab-desktop-title\" aria-selected=\"false\" data-tab=\"3\" role=\"tab\" tabindex=\"-1\" aria-controls=\"elementor-tab-content-2563\" aria-expanded=\"false\">D\u00eda 2 - 31 de Agosto - Coliseo<\/div>\n\t\t\t\t\t\t\t\t\t<div id=\"elementor-tab-title-2564\" class=\"elementor-tab-title elementor-tab-desktop-title\" aria-selected=\"false\" data-tab=\"4\" role=\"tab\" tabindex=\"-1\" aria-controls=\"elementor-tab-content-2564\" aria-expanded=\"false\">D\u00eda 2 - 31 de Agosto - Sala PosGrados<\/div>\n\t\t\t\t\t\t\t<\/div>\n\t\t\t<div class=\"elementor-tabs-content-wrapper\" role=\"tablist\" aria-orientation=\"vertical\">\n\t\t\t\t\t\t\t\t\t<div class=\"elementor-tab-title elementor-tab-mobile-title\" aria-selected=\"true\" data-tab=\"1\" role=\"tab\" tabindex=\"0\" aria-controls=\"elementor-tab-content-2561\" aria-expanded=\"false\">D\u00eda 1 - 30 de Agosto - Coliseo<\/div>\n\t\t\t\t\t<div id=\"elementor-tab-content-2561\" class=\"elementor-tab-content elementor-clearfix\" data-tab=\"1\" role=\"tabpanel\" aria-labelledby=\"elementor-tab-title-2561\" tabindex=\"0\" hidden=\"false\"><p><img decoding=\"async\" class=\"size-medium wp-image-305 alignright\" src=\"https:\/\/ubuconla.org\/2024\/wp-content\/uploads\/sites\/3\/2024\/04\/logo_cuc-2-300x100.png\" alt=\"\" width=\"300\" height=\"100\" srcset=\"https:\/\/ubuconla.org\/2024\/wp-content\/uploads\/sites\/3\/2024\/04\/logo_cuc-2-300x100.png 300w, https:\/\/ubuconla.org\/2024\/wp-content\/uploads\/sites\/3\/2024\/04\/logo_cuc-2.png 490w\" sizes=\"(max-width: 300px) 100vw, 300px\" \/><\/p><p><strong>8:00AM a 8:30AM &#8211; Ingreso<\/strong><\/p><p>Apertura de puertas e ingreso a la Uinversidad<\/p><p style=\"text-align: left\"><strong>8:30AM a 9:00AM &#8211; Bienvenida:<\/strong><\/p><p style=\"text-align: left\"><strong><img loading=\"lazy\" decoding=\"async\" class=\"wp-image-13 size-thumbnail alignright\" src=\"https:\/\/ubuconla.org\/2024\/wp-content\/uploads\/sites\/3\/2024\/04\/Ubucon_Favicon-150x150.png\" alt=\"\" width=\"150\" height=\"150\" srcset=\"https:\/\/ubuconla.org\/2024\/wp-content\/uploads\/sites\/3\/2024\/04\/Ubucon_Favicon-150x150.png 150w, https:\/\/ubuconla.org\/2024\/wp-content\/uploads\/sites\/3\/2024\/04\/Ubucon_Favicon-300x300.png 300w, https:\/\/ubuconla.org\/2024\/wp-content\/uploads\/sites\/3\/2024\/04\/Ubucon_Favicon.png 512w\" sizes=\"(max-width: 150px) 100vw, 150px\" \/><\/strong><\/p><ul><li style=\"text-align: left\">Registro<\/li><li style=\"text-align: left\">Acto de apertura<\/li><li>Palabras de las autoridades<\/li><\/ul><p style=\"text-align: left\"><strong>9:00AM a 9:15AM &#8211; Intro UbuCon Latinoamerica &#8220;\u00bfQue es UbuConLA?&#8221;<\/strong><\/p><ul><li style=\"text-align: left\">Lina Porras, Carlos Maestre<\/li><li style=\"text-align: left\">Naudy Villaroel, Juan Zele<\/li><\/ul><a href=\"https:\/\/www.youtube.com\/watch?v=9TYGMQncZVQ\" target=\"_blank\" rel=\"noopener\"><img decoding=\"async\" class=\"aligncenter\" src=\"https:\/\/ubuconla.org\/2024\/wp-content\/uploads\/sites\/3\/2024\/08\/live.svg\" width=\"100px\" \/><\/a><hr \/><p><img loading=\"lazy\" decoding=\"async\" class=\"wp-image-225 size-thumbnail alignright\" src=\"https:\/\/ubuconla.org\/2024\/wp-content\/uploads\/sites\/3\/2024\/06\/Anuar-Harb-Anuar-Harb.redimensionado-e1718325795242-150x150.jpg\" alt=\"Foto de perfil\" width=\"150\" height=\"150\" srcset=\"https:\/\/ubuconla.org\/2024\/wp-content\/uploads\/sites\/3\/2024\/06\/Anuar-Harb-Anuar-Harb.redimensionado-e1718325795242-150x150.jpg 150w, https:\/\/ubuconla.org\/2024\/wp-content\/uploads\/sites\/3\/2024\/06\/Anuar-Harb-Anuar-Harb.redimensionado-e1718325795242-300x300.jpg 300w, https:\/\/ubuconla.org\/2024\/wp-content\/uploads\/sites\/3\/2024\/06\/Anuar-Harb-Anuar-Harb.redimensionado-e1718325795242.jpg 450w\" sizes=\"(max-width: 150px) 100vw, 150px\" \/><\/p><p style=\"text-align: left\"><strong>9:15AM a 10:00AM &#8211; &#8220;Ubuntu y la revolucion de la IA: Modelos al alcance de todos.&#8221;<\/strong><\/p><p style=\"text-align: left\">Por Anuar Harb &#8211; M\u00e9xico <span data-sheets-root=\"1\">\ud83c\uddf2\ud83c\uddfd<\/span><\/p><p style=\"text-align: left\"><em>Explora los modelos de inteligencia artificial open source, incluyendo Gemma de Google, y descubre c\u00f3mo pueden transformar tus proyectos. Conoce sus caracter\u00edsticas, aplicaciones y ventajas en esta charla informativa, ideal para desarrolladores y entusiastas de la tecnolog\u00eda. \u00a1No te la pierdas!<\/em><\/p><a href=\"https:\/\/www.youtube.com\/watch?v=KOe4i5aPf9Y\" target=\"_blank\" rel=\"noopener\"><img decoding=\"async\" class=\"aligncenter\" src=\"https:\/\/ubuconla.org\/2024\/wp-content\/uploads\/sites\/3\/2024\/08\/live.svg\" width=\"100px\" \/><\/a><hr \/><p><img loading=\"lazy\" decoding=\"async\" class=\"wp-image-239 size-thumbnail alignright\" src=\"https:\/\/ubuconla.org\/2024\/wp-content\/uploads\/sites\/3\/2024\/06\/jorge_lambrano-Jorge-Eliecer-Lambrano-Arroyo.redimensionado-150x150.png\" alt=\"Foto de perfil\" width=\"150\" height=\"150\" srcset=\"https:\/\/ubuconla.org\/2024\/wp-content\/uploads\/sites\/3\/2024\/06\/jorge_lambrano-Jorge-Eliecer-Lambrano-Arroyo.redimensionado-150x150.png 150w, https:\/\/ubuconla.org\/2024\/wp-content\/uploads\/sites\/3\/2024\/06\/jorge_lambrano-Jorge-Eliecer-Lambrano-Arroyo.redimensionado-300x300.png 300w, https:\/\/ubuconla.org\/2024\/wp-content\/uploads\/sites\/3\/2024\/06\/jorge_lambrano-Jorge-Eliecer-Lambrano-Arroyo.redimensionado.png 450w\" sizes=\"(max-width: 150px) 100vw, 150px\" \/><\/p><p><strong>10:00AM a 10:45AM &#8211; &#8220;Monitoreando tu servidor local ubuntu con telegraf, grafana e influxdb&#8221;<\/strong><\/p><p>Por <span data-sheets-root=\"1\">Jorge Eliecer Lambra\u00f1o Arroyo \u2013 Colombia <img decoding=\"async\" class=\"emoji\" role=\"img\" src=\"https:\/\/s.w.org\/images\/core\/emoji\/15.0.3\/svg\/1f1e8-1f1f4.svg\" alt=\"\ud83c\udde8\ud83c\uddf4\" \/><\/span><\/p><p><em>Descubre c\u00f3mo monitorear eficazmente tu servidor Ubuntu local utilizando Telegraf para la recolecci\u00f3n de datos, InfluxDB como base de datos de series temporales, y Grafana para visualizar y analizar m\u00e9tricas en tiempo real. Aprende a configurar y optimizar estos poderosos herramientas.<\/em><\/p><a href=\"https:\/\/www.youtube.com\/watch?v=oGZobb0C9JQ\" target=\"_blank\" rel=\"noopener\"><img decoding=\"async\" class=\"aligncenter\" src=\"https:\/\/ubuconla.org\/2024\/wp-content\/uploads\/sites\/3\/2024\/08\/live.svg\" width=\"100px\" \/><\/a><hr \/><p><strong>10:45AM a 11:00AM &#8211; Break<\/strong><\/p><hr \/><p><strong><img loading=\"lazy\" decoding=\"async\" class=\"alignright wp-image-469 size-thumbnail\" src=\"https:\/\/ubuconla.org\/2024\/wp-content\/uploads\/sites\/3\/2024\/08\/1000007064-Alfonso-Hernandez.redimensionado-150x150.jpg\" alt=\"\" width=\"150\" height=\"150\" srcset=\"https:\/\/ubuconla.org\/2024\/wp-content\/uploads\/sites\/3\/2024\/08\/1000007064-Alfonso-Hernandez.redimensionado-150x150.jpg 150w, https:\/\/ubuconla.org\/2024\/wp-content\/uploads\/sites\/3\/2024\/08\/1000007064-Alfonso-Hernandez.redimensionado-300x300.jpg 300w, https:\/\/ubuconla.org\/2024\/wp-content\/uploads\/sites\/3\/2024\/08\/1000007064-Alfonso-Hernandez.redimensionado.jpg 450w\" sizes=\"(max-width: 150px) 100vw, 150px\" \/>11:00AM a 11:15AM &#8211; Microcharla &#8220;El ecosistema Astian es Linux&#8221;<\/strong><\/p><p>Por Alfonso Hern\u00e1ndez &#8211; Colombia \ud83c\udde8\ud83c\uddf4<\/p><p><em>Veremos en producci\u00f3n la arquitectura de GNU\/Linux, que nos permite crecer, sostener y mantener servicios con millones de usuarios alrededor del mundo. Servicios como buscador web, crawler, servicios de construcci\u00f3n. Todo Made in Latam \u2764\ufe0f.<\/em><\/p><a href=\"https:\/\/www.youtube.com\/watch?v=9XfmNtma1i0\" target=\"_blank\" rel=\"noopener\"><img decoding=\"async\" class=\"aligncenter\" src=\"https:\/\/ubuconla.org\/2024\/wp-content\/uploads\/sites\/3\/2024\/08\/live.svg\" width=\"100px\" \/><\/a><hr \/><p><strong><img loading=\"lazy\" decoding=\"async\" class=\"alignright wp-image-443 size-thumbnail\" src=\"https:\/\/ubuconla.org\/2024\/wp-content\/uploads\/sites\/3\/2024\/08\/Daniela_Charris.redimensionado-e1722902846394-150x150.png\" alt=\"\" width=\"150\" height=\"150\" srcset=\"https:\/\/ubuconla.org\/2024\/wp-content\/uploads\/sites\/3\/2024\/08\/Daniela_Charris.redimensionado-e1722902846394-150x150.png 150w, https:\/\/ubuconla.org\/2024\/wp-content\/uploads\/sites\/3\/2024\/08\/Daniela_Charris.redimensionado-e1722902846394-300x300.png 300w, https:\/\/ubuconla.org\/2024\/wp-content\/uploads\/sites\/3\/2024\/08\/Daniela_Charris.redimensionado-e1722902846394.png 450w\" sizes=\"(max-width: 150px) 100vw, 150px\" \/>11:15AM a 12:00PM &#8211; &#8220;Explorando el Ecosistema del Open Hardware con Ubuntu&#8221;<\/strong><\/p><p>Por Daniela Charris &#8211; Colombia<span data-sheets-root=\"1\"> <img decoding=\"async\" class=\"emoji\" role=\"img\" src=\"https:\/\/s.w.org\/images\/core\/emoji\/15.0.3\/svg\/1f1e8-1f1f4.svg\" alt=\"\ud83c\udde8\ud83c\uddf4\" \/><\/span><\/p><p><em>Bio: Ingeniera Electr\u00f3nica con Maestr\u00eda en Ingenier\u00eda Electr\u00f3nica. Investigadora en procesamiento de im\u00e1genes, aprendizaje profundo y aplicaciones de visi\u00f3n por computadora.<\/em><\/p><a href=\"https:\/\/www.youtube.com\/watch?v=KvPpRbbvbeU\" target=\"_blank\" rel=\"noopener\"><img decoding=\"async\" class=\"aligncenter\" src=\"https:\/\/ubuconla.org\/2024\/wp-content\/uploads\/sites\/3\/2024\/08\/live.svg\" width=\"100px\" \/><\/a><hr \/><p><strong>12:00 PM a 1:00PM &#8211; Almuerzo<\/strong><\/p><hr \/><p><strong>1:00PM a 1:45PM &#8211; &#8220;Pr\u00e1cticas Seguras en Entornos Ubuntu&#8221;<img loading=\"lazy\" decoding=\"async\" class=\"wp-image-425 size-thumbnail alignright\" src=\"https:\/\/ubuconla.org\/2024\/wp-content\/uploads\/sites\/3\/2024\/08\/Darwin-Proano-150x150.jpeg\" alt=\"\" width=\"150\" height=\"150\" srcset=\"https:\/\/ubuconla.org\/2024\/wp-content\/uploads\/sites\/3\/2024\/08\/Darwin-Proano-150x150.jpeg 150w, https:\/\/ubuconla.org\/2024\/wp-content\/uploads\/sites\/3\/2024\/08\/Darwin-Proano-300x300.jpeg 300w, https:\/\/ubuconla.org\/2024\/wp-content\/uploads\/sites\/3\/2024\/08\/Darwin-Proano.jpeg 450w\" sizes=\"(max-width: 150px) 100vw, 150px\" \/><\/strong><\/p><p>Por Darwin Proa\u00f1o Orellana &#8211; Ecuador \ud83c\uddea\ud83c\udde8<\/p><p><em>Abordar diferentes aspectos de la seguridad en entornos Ubuntu incluyendo practicas para proteger datos sensibles. configuraion de fw, herramientas de cifrado, as\u00ed como mantener actualizado el sistema para prevenir vulnerabilidades<\/em><\/p><a href=\"https:\/\/www.youtube.com\/watch?v=AYvQSz8O-KQ\" target=\"_blank\" rel=\"noopener\"><img decoding=\"async\" class=\"aligncenter\" src=\"https:\/\/ubuconla.org\/2024\/wp-content\/uploads\/sites\/3\/2024\/08\/live.svg\" width=\"100px\" \/><\/a><hr \/><p><strong><img loading=\"lazy\" decoding=\"async\" class=\"wp-image-249 size-thumbnail alignright\" src=\"https:\/\/ubuconla.org\/2024\/wp-content\/uploads\/sites\/3\/2024\/06\/instasize_231010204804-Yumeiko-Mizuno-e1718329406408-150x150.jpg\" alt=\"Foto de perfil\" width=\"150\" height=\"150\" \/>1:45PM a 2:30PM &#8211; &#8220;El c\u00f3digo abierto como ventaja competitiva en tecnologias de Ciberseguridad&#8221;<\/strong><\/p><p>Por Katiuska Torres Sisa &#8211; Colombia <span data-sheets-root=\"1\"><img decoding=\"async\" class=\"emoji\" role=\"img\" src=\"https:\/\/s.w.org\/images\/core\/emoji\/15.0.3\/svg\/1f1e8-1f1f4.svg\" alt=\"\ud83c\udde8\ud83c\uddf4\" \/><\/span><\/p><p><em>La seguridad del software de c\u00f3digo abierto (OSS) se refiere a los procesos y herramientas aprovechados para administrar y asegurar el cumplimiento desde la producci\u00f3n hasta el desarrollo. Las mejores tecnologias de ciberseguridad exploran autom\u00e1ticamente las dependencias de c\u00f3digo abierto en sus aplicaciones, brindan informaci\u00f3n valiosa y versiones cr\u00edticas, y activan alertas para identificar violaciones de pol\u00edticas. (Entonces el c\u00f3digo abierto no es un problema).<\/em><\/p><a href=\"https:\/\/www.youtube.com\/watch?v=OSHzi-rtznM\" target=\"_blank\" rel=\"noopener\"><img decoding=\"async\" class=\"aligncenter\" src=\"https:\/\/ubuconla.org\/2024\/wp-content\/uploads\/sites\/3\/2024\/08\/live.svg\" width=\"100px\" \/><\/a><hr \/><p><strong><img loading=\"lazy\" decoding=\"async\" class=\"alignright wp-image-243 size-thumbnail\" src=\"https:\/\/ubuconla.org\/2024\/wp-content\/uploads\/sites\/3\/2024\/06\/JoseMasson-Jose-C.-Masson.redimensionado-e1718328542877-150x150.jpeg\" alt=\"Foto de perfil\" width=\"150\" height=\"150\" srcset=\"https:\/\/ubuconla.org\/2024\/wp-content\/uploads\/sites\/3\/2024\/06\/JoseMasson-Jose-C.-Masson.redimensionado-e1718328542877-150x150.jpeg 150w, https:\/\/ubuconla.org\/2024\/wp-content\/uploads\/sites\/3\/2024\/06\/JoseMasson-Jose-C.-Masson.redimensionado-e1718328542877-300x300.jpeg 300w, https:\/\/ubuconla.org\/2024\/wp-content\/uploads\/sites\/3\/2024\/06\/JoseMasson-Jose-C.-Masson.redimensionado-e1718328542877.jpeg 450w\" sizes=\"(max-width: 150px) 100vw, 150px\" \/>2:30PM a 3:15PM &#8211; &#8220;Observabilidad con COS-Lite (Canonical Observability Stack)&#8221;<\/strong><\/p><p>Por Jose Mass\u00f3n &#8211; Argentina \ud83c\udde6\ud83c\uddf7<\/p><p><span data-sheets-root=\"1\"><em>En esta charla vamos a hablar sobre Observabilidad a trav\u00e9s de los ojos del Canonical Observability Stack (COS-Lite).<\/em><br \/><em>COS-Lite es una suite de Charmed Operators desarrollado por el equipo de Observability de Canonical.<\/em><br \/><em>Nos permite, usuando Juju, desplegar y gestionar el ciclo de vida de un conjunto de aplicaciones que est\u00e1n altamente integradas.<\/em><br \/><em>COS-Lite est\u00e1 compuesto por los siguientes charms:<\/em><br \/><em>&#8211; <a href=\"https:\/\/charmhub.io\/prometheus-k8s\">https:\/\/charmhub.io\/prometheus-k8s<\/a><\/em><br \/><em>&#8211; <a href=\"https:\/\/charmhub.io\/loki-k8s\">https:\/\/charmhub.io\/loki-k8s<\/a><\/em><br \/><em>&#8211; <a href=\"https:\/\/charmhub.io\/grafana-k8s\">https:\/\/charmhub.io\/grafana-k8s<\/a><\/em><br \/><em>&#8211; <\/em><a href=\"https:\/\/charmhub.io\/alertmanager-k8s\"><em>https:\/\/charmhub.io\/alertmanager-k8s<\/em><\/a><\/span><\/p><a href=\"https:\/\/www.youtube.com\/watch?v=TmrCKV8eY-8\" target=\"_blank\" rel=\"noopener\"><img decoding=\"async\" class=\"aligncenter\" src=\"https:\/\/ubuconla.org\/2024\/wp-content\/uploads\/sites\/3\/2024\/08\/live.svg\" width=\"100px\" \/><\/a><hr \/><p><strong>3:15PM a 3:30PM &#8211; Break<\/strong><\/p><hr \/><p><strong><img loading=\"lazy\" decoding=\"async\" class=\"alignright wp-image-223 size-thumbnail\" src=\"https:\/\/ubuconla.org\/2024\/wp-content\/uploads\/sites\/3\/2024\/06\/andres_ruiz-Mr-Green-Lukaz.redimensionado-150x150.png\" alt=\"Foto de Perfil\" width=\"150\" height=\"150\" srcset=\"https:\/\/ubuconla.org\/2024\/wp-content\/uploads\/sites\/3\/2024\/06\/andres_ruiz-Mr-Green-Lukaz.redimensionado-150x150.png 150w, https:\/\/ubuconla.org\/2024\/wp-content\/uploads\/sites\/3\/2024\/06\/andres_ruiz-Mr-Green-Lukaz.redimensionado-300x300.png 300w, https:\/\/ubuconla.org\/2024\/wp-content\/uploads\/sites\/3\/2024\/06\/andres_ruiz-Mr-Green-Lukaz.redimensionado.png 450w\" sizes=\"(max-width: 150px) 100vw, 150px\" \/>3:30PM a 4:15PM &#8211; &#8220;Vive tranquilo, vive feliz: Elixir y Ubuntu en producci\u00f3n&#8221;<\/strong><\/p><p>Por Andres Ruiz &#8211; Colombia <span data-sheets-root=\"1\"><img decoding=\"async\" class=\"emoji\" role=\"img\" src=\"https:\/\/s.w.org\/images\/core\/emoji\/15.0.3\/svg\/1f1e8-1f1f4.svg\" alt=\"\ud83c\udde8\ud83c\uddf4\" \/><\/span><\/p><p><span data-sheets-root=\"1\"><em>Sientes que vas de incendio en incendio? Que ya no disfrutas tu vida desarrollando software? Que dormir se dificulta pensando en ese siguiente despliegue? Pues hay una alternativa! \u00danete a las filas de Discord, Whatsapp y Pinterest. Combina la magia de Ubuntu y el poder de Elixir para asegurar el \u00e9xito de tus proyectos de software.<\/em><br \/><em>En esta charla, hablaremos de la calidad, productividad y sinergia que se logran cuando se unen un lenguaje y una plataforma de \u00faltima generaci\u00f3n: despliegues sin inconvenientes, manejo expl\u00edcito del estado, concurrencia y paralelismo, entornos de desarrollo y producci\u00f3n similares&#8230; Esto y m\u00e1s, cuando adoptas Elixir y Ubuntu.<\/em><br \/><\/span><\/p><a href=\"https:\/\/www.youtube.com\/watch?v=q--byX_MZr0\" target=\"_blank\" rel=\"noopener\"><img decoding=\"async\" class=\"aligncenter\" src=\"https:\/\/ubuconla.org\/2024\/wp-content\/uploads\/sites\/3\/2024\/08\/live.svg\" width=\"100px\" \/><\/a><p><span data-sheets-root=\"1\">\u00a0<\/span><\/p><hr \/><p><strong><img loading=\"lazy\" decoding=\"async\" class=\"alignright wp-image-231 size-thumbnail\" src=\"https:\/\/ubuconla.org\/2024\/wp-content\/uploads\/sites\/3\/2024\/06\/Jacques_Duflos-Jacques-Duflos.redimensionado-e1718327076186-150x150.jpeg\" alt=\"Foto de perfil\" width=\"150\" height=\"150\" srcset=\"https:\/\/ubuconla.org\/2024\/wp-content\/uploads\/sites\/3\/2024\/06\/Jacques_Duflos-Jacques-Duflos.redimensionado-e1718327076186-150x150.jpeg 150w, https:\/\/ubuconla.org\/2024\/wp-content\/uploads\/sites\/3\/2024\/06\/Jacques_Duflos-Jacques-Duflos.redimensionado-e1718327076186-300x300.jpeg 300w, https:\/\/ubuconla.org\/2024\/wp-content\/uploads\/sites\/3\/2024\/06\/Jacques_Duflos-Jacques-Duflos.redimensionado-e1718327076186.jpeg 450w\" sizes=\"(max-width: 150px) 100vw, 150px\" \/>4:15PM a 5:00PM &#8211; &#8220;Godot&#8221;<\/strong><\/p><p>Por Jacques Duflos &#8211; Francia \ud83c\uddeb\ud83c\uddf7<\/p><p><em>La charla se enfoca en la creaci\u00f3n de videojuegos utilizando programas libres disponibles en Ubuntu (Godot V4.2, Blender, Gimp).<br \/>En la primera parte, abordar\u00e9 el videojuego como objeto cultural y art\u00edstico, destac\u00e1ndolo como una forma de arte compleja y leg\u00edtima. Tambi\u00e9n hablar\u00e9 sobre el panorama del videojuego en Colombia, mencionando las convocatorias existentes para incentivar su creaci\u00f3n.<br \/>En la segunda parte, me centrar\u00e9 en c\u00f3mo hacer videojuegos, presentando el programa Godot, sus particularidades y capacidades, y subrayando la accesibilidad de las herramientas necesarias para crear videojuegos.<br \/>Para concluir, realizar\u00e9 una demostraci\u00f3n en la que crear\u00e9 un videojuego en 10 minutos, seguida de una sesi\u00f3n de preguntas y respuestas de 10 minutos.<\/em><\/p><a href=\"https:\/\/www.youtube.com\/watch?v=syUbx5oGghk\" target=\"_blank\" rel=\"noopener\"><img decoding=\"async\" class=\"aligncenter\" src=\"https:\/\/ubuconla.org\/2024\/wp-content\/uploads\/sites\/3\/2024\/08\/live.svg\" width=\"100px\" \/><\/a><hr \/><\/div>\n\t\t\t\t\t\t\t\t\t<div class=\"elementor-tab-title elementor-tab-mobile-title\" aria-selected=\"false\" data-tab=\"2\" role=\"tab\" tabindex=\"-1\" aria-controls=\"elementor-tab-content-2562\" aria-expanded=\"false\">D\u00eda 1 - 30 de Agosto - Sala PosGrados<\/div>\n\t\t\t\t\t<div id=\"elementor-tab-content-2562\" class=\"elementor-tab-content elementor-clearfix\" data-tab=\"2\" role=\"tabpanel\" aria-labelledby=\"elementor-tab-title-2562\" tabindex=\"0\" hidden=\"hidden\"><p><strong>9:30AM a 10:00AM &#8211; Apertura sala de PosGrados, Salas de talleres<\/strong><\/p><hr \/><p><strong><img loading=\"lazy\" decoding=\"async\" class=\"alignright wp-image-251 size-thumbnail\" src=\"https:\/\/ubuconla.org\/2024\/wp-content\/uploads\/sites\/3\/2024\/06\/Luis_Cantillo-Luis-Sebastian-Cantillo-Zambrano.redimensionado-150x150.jpeg\" alt=\"Foto de perfil\" width=\"150\" height=\"150\" srcset=\"https:\/\/ubuconla.org\/2024\/wp-content\/uploads\/sites\/3\/2024\/06\/Luis_Cantillo-Luis-Sebastian-Cantillo-Zambrano.redimensionado-150x150.jpeg 150w, https:\/\/ubuconla.org\/2024\/wp-content\/uploads\/sites\/3\/2024\/06\/Luis_Cantillo-Luis-Sebastian-Cantillo-Zambrano.redimensionado-300x300.jpeg 300w, https:\/\/ubuconla.org\/2024\/wp-content\/uploads\/sites\/3\/2024\/06\/Luis_Cantillo-Luis-Sebastian-Cantillo-Zambrano.redimensionado.jpeg 450w\" sizes=\"(max-width: 150px) 100vw, 150px\" \/>10:00AM a 11:00AM &#8211; &#8220;Crea tu propia PaaS para desplegar aplicaciones con Dokku&#8221;<\/strong><\/p><p>Por Luis Cantillo &#8211; Colombia \ud83c\udde8\ud83c\uddf4<\/p><p><em>Crearemos una PaaS similar a Heroku usando nuestros propios VPS en Ubuntu para poder desplegar diferentes tipos de aplicaciones. Adicionalmente se le a\u00f1adir\u00e1 capa visual usando Shokku. Se realizar\u00e1 la prueba con una aplicaci\u00f3n en Ruby on Rails, conectando la base de datos y la posibilidad a futuro de conectar nuestros propios dominios.<\/em><\/p><a href=\"https:\/\/www.youtube.com\/watch?v=U7LQR1_GVkU\" target=\"_blank\" rel=\"noopener\"><img decoding=\"async\" class=\"aligncenter\" src=\"https:\/\/ubuconla.org\/2024\/wp-content\/uploads\/sites\/3\/2024\/08\/live.svg\" width=\"100px\" \/><\/a><hr \/><p><strong>11:00AM a 11:15AM &#8211; Break<\/strong><\/p><hr \/><p><strong><img loading=\"lazy\" decoding=\"async\" class=\"alignright wp-image-221 size-thumbnail\" src=\"https:\/\/ubuconla.org\/2024\/wp-content\/uploads\/sites\/3\/2024\/06\/IMG20240310110838-Andres-Mujica.redimensionado-e1718325141635-150x150.jpg\" alt=\"Foto de perfil\" width=\"150\" height=\"150\" srcset=\"https:\/\/ubuconla.org\/2024\/wp-content\/uploads\/sites\/3\/2024\/06\/IMG20240310110838-Andres-Mujica.redimensionado-e1718325141635-150x150.jpg 150w, https:\/\/ubuconla.org\/2024\/wp-content\/uploads\/sites\/3\/2024\/06\/IMG20240310110838-Andres-Mujica.redimensionado-e1718325141635-300x300.jpg 300w, https:\/\/ubuconla.org\/2024\/wp-content\/uploads\/sites\/3\/2024\/06\/IMG20240310110838-Andres-Mujica.redimensionado-e1718325141635.jpg 450w\" sizes=\"(max-width: 150px) 100vw, 150px\" \/>11:15AM a 12:05PM &#8211; &#8220;Dominando el futuro de la tecnolog\u00eda: Linux, Contenedores y Kubernetes en acci\u00f3n&#8221;<\/strong> Parte 1\/2<\/p><p>Por Andres Mujica &#8211; Colombia \ud83c\udde8\ud83c\uddf4<\/p><p><span data-sheets-root=\"1\"><em>Primeros Pasos con Contenedores<\/em><br \/><em>Hello World con Docker: Ejecutar un contenedor simple usando docker run hello-world para demostrar la facilidad de uso de Docker.<\/em><br \/><em>Ejecuci\u00f3n de una Aplicaci\u00f3n Simple: Desplegar una aplicaci\u00f3n web sencilla (como un servidor web est\u00e1tico) en un contenedor Docker, mostrando el proceso de construcci\u00f3n de una imagen Docker usando un Dockerfile.<\/em><br \/><em>Introducci\u00f3n a Kubernetes<\/em><br \/><em>MiniKube: Instalaci\u00f3n y configuraci\u00f3n de MiniKube como un entorno local de Kubernetes.<\/em><br \/><em>Desplegar la Aplicaci\u00f3n en Kubernetes: Utilizar kubectl, el CLI de Kubernetes, para desplegar la aplicaci\u00f3n web sencilla en Kubernetes. <\/em><br \/><em>Mostrar c\u00f3mo escalar la aplicaci\u00f3n aumentando el n\u00famero de r\u00e9plicas.<\/em><br \/><em>Monitoreo y Logs: Breve demostraci\u00f3n de c\u00f3mo monitorear el estado de los pods y visualizar logs en Kubernetes, destacando la importancia de estos procesos en el manejo de aplicaciones en producci\u00f3n.<\/em><br \/><\/span><\/p><a href=\"https:\/\/www.youtube.com\/watch?v=LgDy51Dkl1o\" target=\"_blank\" rel=\"noopener\"><img decoding=\"async\" class=\"aligncenter\" src=\"https:\/\/ubuconla.org\/2024\/wp-content\/uploads\/sites\/3\/2024\/08\/live.svg\" width=\"100px\" \/><\/a><p><span data-sheets-root=\"1\">\u00a0<\/span><\/p><hr \/><p><strong>12:05PM a 1:00PM &#8211; Almuerzo<\/strong><\/p><hr \/><p><strong><img loading=\"lazy\" decoding=\"async\" class=\"alignright wp-image-457 size-thumbnail\" src=\"https:\/\/ubuconla.org\/2024\/wp-content\/uploads\/sites\/3\/2024\/08\/felipe_gonzalez_quintero-2-Felipe-Gonzalez.redimensionado-e1722908525942-150x150.jpg\" alt=\"\" width=\"150\" height=\"150\" srcset=\"https:\/\/ubuconla.org\/2024\/wp-content\/uploads\/sites\/3\/2024\/08\/felipe_gonzalez_quintero-2-Felipe-Gonzalez.redimensionado-e1722908525942-150x150.jpg 150w, https:\/\/ubuconla.org\/2024\/wp-content\/uploads\/sites\/3\/2024\/08\/felipe_gonzalez_quintero-2-Felipe-Gonzalez.redimensionado-e1722908525942-300x300.jpg 300w, https:\/\/ubuconla.org\/2024\/wp-content\/uploads\/sites\/3\/2024\/08\/felipe_gonzalez_quintero-2-Felipe-Gonzalez.redimensionado-e1722908525942.jpg 450w\" sizes=\"(max-width: 150px) 100vw, 150px\" \/>1:00PM a 1:45PM &#8211; &#8220;Administraci\u00f3n de despliegue con Docker en AWS&#8221;<\/strong><\/p><p>Por Felipe Andres Gonzalez Quintero &#8211; Colombia \ud83c\udde8\ud83c\uddf4<\/p><p><em>Veremos la administraci\u00f3n de despliegues con Docker en AWS, desde la creaci\u00f3n del dockerfile, hasta el registro en AWS ECR, el despliegue de las instancias Ubuntu en EC2 y la instalaci\u00f3n de docker y despliegues de los servicios<\/em><\/p><a href=\"https:\/\/www.youtube.com\/watch?v=3tMpP6MXXLc\" target=\"_blank\" rel=\"noopener\"><img decoding=\"async\" class=\"aligncenter\" src=\"https:\/\/ubuconla.org\/2024\/wp-content\/uploads\/sites\/3\/2024\/08\/live.svg\" width=\"100px\" \/><\/a><hr \/><p><strong><img loading=\"lazy\" decoding=\"async\" class=\"alignright wp-image-458 size-thumbnail\" src=\"https:\/\/ubuconla.org\/2024\/wp-content\/uploads\/sites\/3\/2024\/08\/Gilberto_Gomez_Lindo-Gilberto-Gomez-Lindo.redimensionado-e1722908839748-150x150.jpg\" alt=\"\" width=\"150\" height=\"150\" srcset=\"https:\/\/ubuconla.org\/2024\/wp-content\/uploads\/sites\/3\/2024\/08\/Gilberto_Gomez_Lindo-Gilberto-Gomez-Lindo.redimensionado-e1722908839748-150x150.jpg 150w, https:\/\/ubuconla.org\/2024\/wp-content\/uploads\/sites\/3\/2024\/08\/Gilberto_Gomez_Lindo-Gilberto-Gomez-Lindo.redimensionado-e1722908839748-300x300.jpg 300w, https:\/\/ubuconla.org\/2024\/wp-content\/uploads\/sites\/3\/2024\/08\/Gilberto_Gomez_Lindo-Gilberto-Gomez-Lindo.redimensionado-e1722908839748.jpg 450w\" sizes=\"(max-width: 150px) 100vw, 150px\" \/>1:45PM a 2:30PM &#8211; &#8220;Dise\u00f1o gr\u00e1fico con software libre&#8221;<\/strong><\/p><p>Por Gilberto G\u00f3mez Lindo &#8211; Colombia \ud83c\udde8\ud83c\uddf4<\/p><p><em>Exponer c\u00f3mo dise\u00f1ar con las herramientas de software libre en entorno Linux. Usando programas como Inkscape, Gimp, Scribus e inclusive Shotcut y Audacity. Dise\u00f1o para medios impresos, para web o redes sociales.<\/em><\/p><a href=\"https:\/\/www.youtube.com\/watch?v=WvRw9aJA8AE\" target=\"_blank\" rel=\"noopener\"><img decoding=\"async\" class=\"aligncenter\" src=\"https:\/\/ubuconla.org\/2024\/wp-content\/uploads\/sites\/3\/2024\/08\/live.svg\" width=\"100px\" \/><\/a><hr \/><p><strong>2:45PM a 3:00PM &#8211; Break<\/strong><\/p><hr \/><p><strong><img loading=\"lazy\" decoding=\"async\" class=\"alignright wp-image-217 size-thumbnail\" src=\"https:\/\/ubuconla.org\/2024\/wp-content\/uploads\/sites\/3\/2024\/06\/andrea_perico-Andrea-Perico.redimensionado-rotated-e1718324434221-150x150.jpg\" alt=\"Foto Perfil\" width=\"150\" height=\"150\" srcset=\"https:\/\/ubuconla.org\/2024\/wp-content\/uploads\/sites\/3\/2024\/06\/andrea_perico-Andrea-Perico.redimensionado-rotated-e1718324434221-150x150.jpg 150w, https:\/\/ubuconla.org\/2024\/wp-content\/uploads\/sites\/3\/2024\/06\/andrea_perico-Andrea-Perico.redimensionado-rotated-e1718324434221-300x300.jpg 300w, https:\/\/ubuconla.org\/2024\/wp-content\/uploads\/sites\/3\/2024\/06\/andrea_perico-Andrea-Perico.redimensionado-rotated-e1718324434221.jpg 450w\" sizes=\"(max-width: 150px) 100vw, 150px\" \/>3:00PM a 3:50PM &#8211; WSL- Interoperabilidad entre Windows y Linux<\/strong><\/p><p>Por Andrea Perico &#8211; Colombia \ud83c\udde8\ud83c\uddf4<\/p><p><em>Durante el taller propongo desarrollar el tutorial de interoperabilidas entre Linux y Windows con WSL<\/em><\/p><a href=\"https:\/\/www.youtube.com\/watch?v=zY0zaIhEMDg\" target=\"_blank\" rel=\"noopener\"><img decoding=\"async\" class=\"aligncenter\" src=\"https:\/\/ubuconla.org\/2024\/wp-content\/uploads\/sites\/3\/2024\/08\/live.svg\" width=\"100px\" \/><\/a><hr \/><\/div>\n\t\t\t\t\t\t\t\t\t<div class=\"elementor-tab-title elementor-tab-mobile-title\" aria-selected=\"false\" data-tab=\"3\" role=\"tab\" tabindex=\"-1\" aria-controls=\"elementor-tab-content-2563\" aria-expanded=\"false\">D\u00eda 2 - 31 de Agosto - Coliseo<\/div>\n\t\t\t\t\t<div id=\"elementor-tab-content-2563\" class=\"elementor-tab-content elementor-clearfix\" data-tab=\"3\" role=\"tabpanel\" aria-labelledby=\"elementor-tab-title-2563\" tabindex=\"0\" hidden=\"hidden\"><strong>8:40AM a 9:00AM &#8211; Ingreso a la Universidad<\/strong>\n\n<hr \/>\n\n<strong><img loading=\"lazy\" decoding=\"async\" class=\"alignright wp-image-233 size-thumbnail\" src=\"https:\/\/ubuconla.org\/2024\/wp-content\/uploads\/sites\/3\/2024\/06\/JhosmanLizarazo-Jhosman-Lizarazo.redimensionado-150x150.png\" alt=\"Foto de perfil\" width=\"150\" height=\"150\" srcset=\"https:\/\/ubuconla.org\/2024\/wp-content\/uploads\/sites\/3\/2024\/06\/JhosmanLizarazo-Jhosman-Lizarazo.redimensionado-150x150.png 150w, https:\/\/ubuconla.org\/2024\/wp-content\/uploads\/sites\/3\/2024\/06\/JhosmanLizarazo-Jhosman-Lizarazo.redimensionado-300x300.png 300w, https:\/\/ubuconla.org\/2024\/wp-content\/uploads\/sites\/3\/2024\/06\/JhosmanLizarazo-Jhosman-Lizarazo.redimensionado.png 450w\" sizes=\"(max-width: 150px) 100vw, 150px\" \/>9:00AM a 9:45AM &#8211; &#8220;\u00bfQu\u00e9 es tan Pro en Ubuntu Pro?&#8221;<\/strong>\n\nPor <span data-sheets-root=\"1\">Jhosman Lizarazo &#8211; Colombia \ud83c\udde8\ud83c\uddf4\n<\/span>\n\n<em>El c\u00f3digo abierto est\u00e1 en todas partes, pero \u00bfCu\u00e1l es su papel en su empresa? Seg\u00fan la investigaci\u00f3n de Synopsys 2023 OSSRA, alrededor del 96 % de las empresas utilizan c\u00f3digo abierto en sus bases de c\u00f3digo. De los cuales al menos el 84% conten\u00eda vulnerabilidades conocidas.Hoy en d\u00eda, la exposici\u00f3n a la vulnerabilidad dura alrededor de 98 d\u00edas, lo que significa que la mayor\u00eda de las empresas no reparan las vulnerabilidades conocidas en sus bases de c\u00f3digo durante 3 meses. Esto simplemente no es aceptable.Con esto en mente Canonical cre\u00f3 Ubuntu Pro.Ubuntu Pro es un conjunto adicional de caracter\u00edsticas adem\u00e1s de su Ubuntu LTS existente. El LTS todav\u00eda est\u00e1 protegido exactamente de la misma manera que siempre, con cinco a\u00f1os de actualizaciones de seguridad para los paquetes &#8220;&#8221;principales&#8221;&#8221; en la distribuci\u00f3n y la mejor cobertura de seguridad para todo lo dem\u00e1s.Ubuntu Pro es un flujo adicional de actualizaciones de seguridad y paquetes que cumplen con los requisitos de cumplimiento, como FIPS o HIPAA, adem\u00e1s de Ubuntu LTS. Ubuntu Pro se lanz\u00f3 en versi\u00f3n beta p\u00fablica el 5 de octubre de 2022 y pas\u00f3 a disponibilidad general el 26 de enero de 2023. Ubuntu Pro proporciona correcciones de seguridad para toda la distribuci\u00f3n (paquetes &#8216;principal y universal&#8217;) durante diez a\u00f1os, con extensiones adicionales para industrial casos de uso.- \u00bfQu\u00e9 es Ubuntu Pro? &#8211; Qu\u00e9 est\u00e1 incluido &#8211; Precios<\/em>\n\n<a href=\"https:\/\/www.youtube.com\/watch?v=y6oTyKV9IaA\" target=\"_blank\" rel=\"noopener\"><img decoding=\"async\" class=\"aligncenter\" src=\"https:\/\/ubuconla.org\/2024\/wp-content\/uploads\/sites\/3\/2024\/08\/live.svg\" width=\"100px\" \/><\/a>\n\n<hr \/>\n\n<strong><img loading=\"lazy\" decoding=\"async\" class=\"alignright wp-image-247 size-thumbnail\" src=\"https:\/\/ubuconla.org\/2024\/wp-content\/uploads\/sites\/3\/2024\/06\/JuanZele-Juan-Manuel-Zele-e1718329051482-150x150.jpeg\" alt=\"Foto de perfil\" width=\"150\" height=\"150\" \/>9:45AM a 10:30AM &#8211; &#8220;Haciendo la vida moderna mas simple con Ubuntu&#8221;<\/strong>\n\nPor <span data-sheets-root=\"1\">Juan Manuel &#8220;Z37A&#8221; Zele &#8211; Argentina \ud83c\udde6\ud83c\uddf7<\/span>\n\n<em>Esta charla abarcara varias tem\u00e1ticas de manera superficial(Desde IoT, Virtualizaci\u00f3n, como desarrollo), el titulo es disruptivo, ya que se trata de como un nuevo abanico de oportunidades puede generar frustraciones, pero a la vez motivarte a aprender, aprender y aprender. La idea es ver a Ubuntu como esa herramienta que nos facilitara la vida en lo complejo que se esta volviendo el mundo tecnol\u00f3gico.<\/em>\n\n<a href=\"https:\/\/www.youtube.com\/watch?v=onnr6_hnsJ0\" target=\"_blank\" rel=\"noopener\"><img decoding=\"async\" class=\"aligncenter\" src=\"https:\/\/ubuconla.org\/2024\/wp-content\/uploads\/sites\/3\/2024\/08\/live.svg\" width=\"100px\" \/><\/a>\n\n<hr \/>\n\n<strong>10:30AM a 10:40AM &#8211; Break<\/strong>\n\n<hr \/>\n\n<strong><img loading=\"lazy\" decoding=\"async\" class=\"alignright wp-image-266 size-thumbnail\" src=\"https:\/\/ubuconla.org\/2024\/wp-content\/uploads\/sites\/3\/2024\/06\/amanda_katz-Amanda-Hager-Lopes-de-Andrade-Katz.re_-150x150.jpeg\" alt=\"Foto de perfil\" width=\"150\" height=\"150\" srcset=\"https:\/\/ubuconla.org\/2024\/wp-content\/uploads\/sites\/3\/2024\/06\/amanda_katz-Amanda-Hager-Lopes-de-Andrade-Katz.re_-150x150.jpeg 150w, https:\/\/ubuconla.org\/2024\/wp-content\/uploads\/sites\/3\/2024\/06\/amanda_katz-Amanda-Hager-Lopes-de-Andrade-Katz.re_-300x300.jpeg 300w, https:\/\/ubuconla.org\/2024\/wp-content\/uploads\/sites\/3\/2024\/06\/amanda_katz-Amanda-Hager-Lopes-de-Andrade-Katz.re_.jpeg 450w\" sizes=\"(max-width: 150px) 100vw, 150px\" \/>10:40AM a 11:25AM &#8211; &#8220;Simplificaci\u00f3n de las operaciones de la aplicaci\u00f3n web Python: automatizaci\u00f3n de las operaciones de K8 con c\u00f3digo abierto&#8221;<\/strong>\n\nPor <span data-sheets-root=\"1\">Amanda Katz &#8211; Brasil \ud83c\udde7\ud83c\uddf7<\/span>\n\n<em>This talk is about a new tooling suite &#8220;paas-app-charmer&#8221; that allows users to focus on creating applications while taking care of deployment and operations struggles by integrating automatically with solutions like Juju, Charmcraft, and Rockcraft.<\/em>\n\n<a href=\"https:\/\/www.youtube.com\/watch?v=BecXn9GG1TU\" target=\"_blank\" rel=\"noopener\"><img decoding=\"async\" class=\"aligncenter\" src=\"https:\/\/ubuconla.org\/2024\/wp-content\/uploads\/sites\/3\/2024\/08\/live.svg\" width=\"100px\" \/><\/a>\n\n<hr \/>\n\n<strong>11:25AM a 12:00PM &#8211; <\/strong><span data-sheets-root=\"1\"><strong>PANEL DE MUJERES: &#8220;Ingenieras en Acci\u00f3n: Seguridad, infraestructura y Open Source&#8221;<\/strong><\/span>\n\n<span data-sheets-root=\"1\">El panel reunir\u00e1 a destacadas ingenieras y mujeres en tecnolog\u00eda que compartir\u00e1n sus experiencias y conocimientos en campos claves de la tecnolog\u00eda. Exploraremos c\u00f3mo las mujeres est\u00e1n liderando innovaciones en seguridad cibern\u00e9tica, infraestructura y desarrollo de software de c\u00f3digo abierto.<\/span>\n\n<strong>Moderadora:<\/strong> Martha Isabel Estupi\u00f1\u00e1n &#8211; Directora &#8211; Tribu Evoluci\u00f3n.\n\n<strong>Panelistas:<\/strong> Nuestras invitadas son las panelistas referentes en el sector, ellas son:\n<ul>\n \t<li><strong>Isabel Yepes<\/strong> &#8211; Ingeniera Electr\u00f3nica &#8211; Cloud Architect &#8211; Xpert Group SAS. Colombia.<\/li>\n \t<li><strong>Katiuska Torres Sisa<\/strong> &#8211; Senior Network Security Engineer &#8211; Cisco Systems. Colombia.<\/li>\n \t<li><strong>Alejandra Zerd\u00e1 Guzm\u00e1n<\/strong> &#8211; CEO SemanTIC \/CoFounder Vanguardistas<\/li>\n<\/ul>\n&nbsp;\n\n<a href=\"https:\/\/www.youtube.com\/watch?v=HMmMHoEXMG4\" target=\"_blank\" rel=\"noopener\"><img decoding=\"async\" class=\"aligncenter\" src=\"https:\/\/ubuconla.org\/2024\/wp-content\/uploads\/sites\/3\/2024\/08\/live.svg\" width=\"100px\" \/><\/a>\n\n<hr \/>\n\n<strong>12:00PM a 1:00PM &#8211; Almuerzo<\/strong>\n\n<hr \/>\n\n<strong><img loading=\"lazy\" decoding=\"async\" class=\"alignright wp-image-258 size-thumbnail\" src=\"https:\/\/ubuconla.org\/2024\/wp-content\/uploads\/sites\/3\/2024\/06\/Sebastian_Rojo-Sebastian-Rojo.redimensionado-150x150.jpg\" alt=\"Foto de perfil\" width=\"150\" height=\"150\" srcset=\"https:\/\/ubuconla.org\/2024\/wp-content\/uploads\/sites\/3\/2024\/06\/Sebastian_Rojo-Sebastian-Rojo.redimensionado-150x150.jpg 150w, https:\/\/ubuconla.org\/2024\/wp-content\/uploads\/sites\/3\/2024\/06\/Sebastian_Rojo-Sebastian-Rojo.redimensionado-300x300.jpg 300w, https:\/\/ubuconla.org\/2024\/wp-content\/uploads\/sites\/3\/2024\/06\/Sebastian_Rojo-Sebastian-Rojo.redimensionado.jpg 450w\" sizes=\"(max-width: 150px) 100vw, 150px\" \/>1:00PM a 1:45PM &#8211; &#8220;IA Conversacional en Ubuntu: Implementaci\u00f3n Local con Vocode&#8221;<\/strong>\n\n<span data-sheets-root=\"1\">Por Sebastian Rojo &#8211; Colombia \ud83c\udde8\ud83c\uddf4\n<\/span>\n\n<em>En esta charla, exploraremos c\u00f3mo crear una IA conversacional completamente funcional en Ubuntu utilizando Vocode. Aprender\u00e1s a instalar, configurar y desplegar un asistente virtual local. Abordaremos el uso de Modelos de Lenguaje de Gran Tama\u00f1o (LLMs) que corren localmente, as\u00ed como la implementaci\u00f3n de tecnolog\u00edas de Texto a Voz (TTS) y Voz a Texto (STT). Adem\u00e1s, demostraremos ejemplos pr\u00e1cticos usando la biblioteca vocode-python y compartiremos consejos para optimizar el rendimiento y la precisi\u00f3n de tu IA conversacional.<\/em>\n\n<a href=\"https:\/\/www.youtube.com\/watch?v=VGNAl-mbhc4\" target=\"_blank\" rel=\"noopener\"><img decoding=\"async\" class=\"aligncenter\" src=\"https:\/\/ubuconla.org\/2024\/wp-content\/uploads\/sites\/3\/2024\/08\/live.svg\" width=\"100px\" \/><\/a>\n\n<hr \/>\n\n<strong><img loading=\"lazy\" decoding=\"async\" class=\"alignright wp-image-241 size-thumbnail\" src=\"https:\/\/ubuconla.org\/2024\/wp-content\/uploads\/sites\/3\/2024\/06\/julian_espina-Espina-Del-Angel-Jose-Julian.redimensionado-150x150.jpeg\" alt=\"Foto de perfil\" width=\"150\" height=\"150\" srcset=\"https:\/\/ubuconla.org\/2024\/wp-content\/uploads\/sites\/3\/2024\/06\/julian_espina-Espina-Del-Angel-Jose-Julian.redimensionado-150x150.jpeg 150w, https:\/\/ubuconla.org\/2024\/wp-content\/uploads\/sites\/3\/2024\/06\/julian_espina-Espina-Del-Angel-Jose-Julian.redimensionado-300x300.jpeg 300w, https:\/\/ubuconla.org\/2024\/wp-content\/uploads\/sites\/3\/2024\/06\/julian_espina-Espina-Del-Angel-Jose-Julian.redimensionado.jpeg 450w\" sizes=\"(max-width: 150px) 100vw, 150px\" \/>1:45PM a 2:30PM &#8211; &#8220;Demistificando el &#8220;Undefined Behaviour&#8221;<\/strong>\n\nPor <span data-sheets-root=\"1\">Jos\u00e9 Juli\u00e1n Espina Del \u00c1ngel &#8211; M\u00e9xico \ud83c\uddf2\ud83c\uddfd<\/span>\n\n<em>Peque\u00f1a charla explicando a detalle el &#8220;Undefined Behaviour&#8221;, la raz\u00f3n por la cual existe, diferencias con respecto al &#8220;Unspecified Behaviour&#8221;, y c\u00f3mo los ingenieros de compiladores lo aprovechan para aplicar optimizaciones interesantes en c\u00f3digo de alto rendimiento.<\/em>\n\n<a href=\"https:\/\/www.youtube.com\/watch?v=VnYvHtJPO0w\" target=\"_blank\" rel=\"noopener\"><img decoding=\"async\" class=\"aligncenter\" src=\"https:\/\/ubuconla.org\/2024\/wp-content\/uploads\/sites\/3\/2024\/08\/live.svg\" width=\"100px\" \/><\/a>\n\n<hr \/>\n\n<strong>2:30PM a 2:40PM &#8211; Break<\/strong>\n\n<hr \/>\n\n<strong><img loading=\"lazy\" decoding=\"async\" class=\"alignright wp-image-256 size-thumbnail\" src=\"https:\/\/ubuconla.org\/2024\/wp-content\/uploads\/sites\/3\/2024\/06\/sergio_cazzolato.redimensionado-e1718401673237-150x150.jpg\" alt=\"Foto de perfil\" width=\"150\" height=\"150\" srcset=\"https:\/\/ubuconla.org\/2024\/wp-content\/uploads\/sites\/3\/2024\/06\/sergio_cazzolato.redimensionado-e1718401673237-150x150.jpg 150w, https:\/\/ubuconla.org\/2024\/wp-content\/uploads\/sites\/3\/2024\/06\/sergio_cazzolato.redimensionado-e1718401673237-300x300.jpg 300w, https:\/\/ubuconla.org\/2024\/wp-content\/uploads\/sites\/3\/2024\/06\/sergio_cazzolato.redimensionado-e1718401673237.jpg 450w\" sizes=\"(max-width: 150px) 100vw, 150px\" \/><img loading=\"lazy\" decoding=\"async\" class=\"alignright wp-image-253 size-thumbnail\" src=\"https:\/\/ubuconla.org\/2024\/wp-content\/uploads\/sites\/3\/2024\/06\/maria_emilia_torino.redimensionado-150x150.jpg\" alt=\"Foto de perfil\" width=\"150\" height=\"150\" srcset=\"https:\/\/ubuconla.org\/2024\/wp-content\/uploads\/sites\/3\/2024\/06\/maria_emilia_torino.redimensionado-150x150.jpg 150w, https:\/\/ubuconla.org\/2024\/wp-content\/uploads\/sites\/3\/2024\/06\/maria_emilia_torino.redimensionado-300x300.jpg 300w, https:\/\/ubuconla.org\/2024\/wp-content\/uploads\/sites\/3\/2024\/06\/maria_emilia_torino.redimensionado.jpg 450w\" sizes=\"(max-width: 150px) 100vw, 150px\" \/>2:40PM a 3:20PM &#8211; &#8220;Identificando y mitigando las posibles amenazas de seguridad de las aplicaciones\nen Linux a trav\u00e9s del Threat modeling&#8221;<\/strong>\n\nPor <span data-sheets-root=\"1\">Maria Emilia Torino y Sergio Cazzolato &#8211; Argentina \ud83c\udde6\ud83c\uddf7<\/span>\n\n<em>En esta charla explicaremos la importancia de generar Threat models en etapas tempranas del desarrollo de aplicaciones y detallaremos las particularidades de su aplicaci\u00f3n en el contexto de los sistemas de gesti\u00f3n de paquetes utilizados en ubuntu: snaps y debs, enfoc\u00e1ndonos en las variantes Ubuntu y Ubuntu Core.\nTanto los snaps como los debs son esenciales en el ecosistema Linux para la distribuci\u00f3n de software, pero difieren significativamente en su arquitectura y enfoque de seguridad. El dise\u00f1o y la implementaci\u00f3n de un threat model efectivo son cruciales para garantizar la seguridad y la privacidad de las aplicaciones en ambos entornos. Exploraremos c\u00f3mo se adapta este modelo a las peculiaridades de snaps y debs en Ubuntu y Ubuntu Core, destacando las estrategias espec\u00edficas para mitigar riesgos y proteger la integridad del sistema y los datos del usuario. Adem\u00e1s, se discutir\u00e1n las mejores pr\u00e1cticas y las consideraciones clave para el desarrollo y la implementaci\u00f3n de paquetes seguros en cada uno de estos entornos, proporcionando una visi\u00f3n integral de la seguridad del software en el ecosistema Ubuntu.<\/em>\n\n<a href=\"https:\/\/www.youtube.com\/watch?v=fgp59sQptX4\" target=\"_blank\" rel=\"noopener\"><img decoding=\"async\" class=\"aligncenter\" src=\"https:\/\/ubuconla.org\/2024\/wp-content\/uploads\/sites\/3\/2024\/08\/live.svg\" width=\"100px\" \/><\/a>\n\n<hr \/>\n\n<strong><img loading=\"lazy\" decoding=\"async\" class=\"alignright wp-image-227 size-thumbnail\" src=\"https:\/\/ubuconla.org\/2024\/wp-content\/uploads\/sites\/3\/2024\/06\/galoget_latorre-Galoget-Latorre.redimensionado-150x150.png\" alt=\"Foto de perfil\" width=\"150\" height=\"150\" srcset=\"https:\/\/ubuconla.org\/2024\/wp-content\/uploads\/sites\/3\/2024\/06\/galoget_latorre-Galoget-Latorre.redimensionado-150x150.png 150w, https:\/\/ubuconla.org\/2024\/wp-content\/uploads\/sites\/3\/2024\/06\/galoget_latorre-Galoget-Latorre.redimensionado-300x300.png 300w, https:\/\/ubuconla.org\/2024\/wp-content\/uploads\/sites\/3\/2024\/06\/galoget_latorre-Galoget-Latorre.redimensionado.png 450w\" sizes=\"(max-width: 150px) 100vw, 150px\" \/>3:20PM a 4:05PM &#8211; &#8220;Python for Offensive Security in Ubuntu&#8221;<\/strong>\n\nPor <span data-sheets-root=\"1\">Galoget Latorre &#8211; Ecuador \ud83c\uddea\ud83c\udde8<\/span>\n\n<em>En esta charla, exploraremos c\u00f3mo utilizar Python para desarrollar herramientas de seguridad ofensiva en un entorno Ubuntu, enfoc\u00e1ndonos en su aplicabilidad en proyectos de Ethical Hacking, Penetration Testing y Red Team. Se presentar\u00e1n y demostrar\u00e1n las bibliotecas m\u00e1s comunes y poderosas que permiten a los profesionales de seguridad crear scripts y aplicaciones personalizadas para identificar, explotar y mitigar vulnerabilidades en sistemas y redes.\nTambi\u00e9n se abordar\u00e1n t\u00e9cnicas para la automatizaci\u00f3n de pruebas de seguridad, la extracci\u00f3n de informaci\u00f3n y la simulaci\u00f3n de ataques reales. Los asistentes aprender\u00e1n c\u00f3mo aprovechar la versatilidad y potencia de Python para fortalecer sus habilidades en la creaci\u00f3n de soluciones de seguridad ofensiva efectivas y adaptadas a diversas necesidades operativas. Al finalizar, los participantes tendr\u00e1n una comprensi\u00f3n s\u00f3lida de c\u00f3mo integrar Python en sus flujos de trabajo de seguridad, mejorando as\u00ed la eficiencia y efectividad de sus evaluaciones de seguridad.<\/em>\n\n<a href=\"https:\/\/www.youtube.com\/watch?v=f9QP8BEL398\" target=\"_blank\" rel=\"noopener\"><img decoding=\"async\" class=\"aligncenter\" src=\"https:\/\/ubuconla.org\/2024\/wp-content\/uploads\/sites\/3\/2024\/08\/live.svg\" width=\"100px\" \/><\/a>\n\n<hr \/>\n\n<strong>4:05PM a 4:40PM &#8211; PANEL MIXTO\n<\/strong>Por Daniela Charris ,Galoget Latorre , Maria Emilia Torino\n\n<a href=\"https:\/\/www.youtube.com\/watch?v=hAk3qmoeFJM\" target=\"_blank\" rel=\"noopener\"><img decoding=\"async\" class=\"aligncenter\" src=\"https:\/\/ubuconla.org\/2024\/wp-content\/uploads\/sites\/3\/2024\/08\/live.svg\" width=\"100px\" \/><\/a>\n\n<hr \/>\n\n<strong>4:40PM a 5:00PM &#8211; CLAUSURA UbuConLA 2024<\/strong><\/div>\n\t\t\t\t\t\t\t\t\t<div class=\"elementor-tab-title elementor-tab-mobile-title\" aria-selected=\"false\" data-tab=\"4\" role=\"tab\" tabindex=\"-1\" aria-controls=\"elementor-tab-content-2564\" aria-expanded=\"false\">D\u00eda 2 - 31 de Agosto - Sala PosGrados<\/div>\n\t\t\t\t\t<div id=\"elementor-tab-content-2564\" class=\"elementor-tab-content elementor-clearfix\" data-tab=\"4\" role=\"tabpanel\" aria-labelledby=\"elementor-tab-title-2564\" tabindex=\"0\" hidden=\"hidden\"><strong>8:00AM a 9:00AM &#8211; Apertura D\u00eda 2<\/strong>\n\n<hr \/>\n\n<strong><img loading=\"lazy\" decoding=\"async\" class=\"alignright wp-image-221 size-thumbnail\" src=\"https:\/\/ubuconla.org\/2024\/wp-content\/uploads\/sites\/3\/2024\/06\/IMG20240310110838-Andres-Mujica.redimensionado-e1718325141635-150x150.jpg\" alt=\"Foto de perfil\" width=\"150\" height=\"150\" srcset=\"https:\/\/ubuconla.org\/2024\/wp-content\/uploads\/sites\/3\/2024\/06\/IMG20240310110838-Andres-Mujica.redimensionado-e1718325141635-150x150.jpg 150w, https:\/\/ubuconla.org\/2024\/wp-content\/uploads\/sites\/3\/2024\/06\/IMG20240310110838-Andres-Mujica.redimensionado-e1718325141635-300x300.jpg 300w, https:\/\/ubuconla.org\/2024\/wp-content\/uploads\/sites\/3\/2024\/06\/IMG20240310110838-Andres-Mujica.redimensionado-e1718325141635.jpg 450w\" sizes=\"(max-width: 150px) 100vw, 150px\" \/>9:00AM a 9:45AM &#8211; &#8220;Dominando el futuro de la tecnolog\u00eda: Linux, Contenedores y Kubernetes en acci\u00f3n&#8221;<\/strong> Parte 2\/2\n\nPor Andres Mujica &#8211; Colombia \ud83c\udde8\ud83c\uddf4\n\n<span data-sheets-root=\"1\"><em>Primeros Pasos con Contenedores<\/em>\n<em>Hello World con Docker: Ejecutar un contenedor simple usando docker run hello-world para demostrar la facilidad de uso de Docker.<\/em>\n<em>Ejecuci\u00f3n de una Aplicaci\u00f3n Simple: Desplegar una aplicaci\u00f3n web sencilla (como un servidor web est\u00e1tico) en un contenedor Docker, mostrando el proceso de construcci\u00f3n de una imagen Docker usando un Dockerfile.<\/em>\n<em>Introducci\u00f3n a Kubernetes<\/em>\n<em>MiniKube: Instalaci\u00f3n y configuraci\u00f3n de MiniKube como un entorno local de Kubernetes.<\/em>\n<em>Desplegar la Aplicaci\u00f3n en Kubernetes: Utilizar kubectl, el CLI de Kubernetes, para desplegar la aplicaci\u00f3n web sencilla en Kubernetes. <\/em>\n<em>Mostrar c\u00f3mo escalar la aplicaci\u00f3n aumentando el n\u00famero de r\u00e9plicas.<\/em>\n<em>Monitoreo y Logs: Breve demostraci\u00f3n de c\u00f3mo monitorear el estado de los pods y visualizar logs en Kubernetes, destacando la importancia de estos procesos en el manejo de aplicaciones en producci\u00f3n.<\/em><\/span>\n\n<a href=\"https:\/\/www.youtube.com\/watch?v=Xv2dj-HES2g\" target=\"_blank\"><img decoding=\"async\" src=\"https:\/\/ubuconla.org\/2024\/wp-content\/uploads\/sites\/3\/2024\/08\/live.svg\" width=\"100px\"><\/a>\n<hr \/>\n\n<strong>10:00AM a 10:10AM &#8211; Break<\/strong>\n\n<hr \/>\n\n<strong><img loading=\"lazy\" decoding=\"async\" class=\"alignright wp-image-237 size-thumbnail\" src=\"https:\/\/ubuconla.org\/2024\/wp-content\/uploads\/sites\/3\/2024\/06\/jorge-aguilar-jda-ed.redimensionado-150x150.jpeg\" alt=\"Foto de perfil\" width=\"150\" height=\"150\" srcset=\"https:\/\/ubuconla.org\/2024\/wp-content\/uploads\/sites\/3\/2024\/06\/jorge-aguilar-jda-ed.redimensionado-150x150.jpeg 150w, https:\/\/ubuconla.org\/2024\/wp-content\/uploads\/sites\/3\/2024\/06\/jorge-aguilar-jda-ed.redimensionado-300x300.jpeg 300w, https:\/\/ubuconla.org\/2024\/wp-content\/uploads\/sites\/3\/2024\/06\/jorge-aguilar-jda-ed.redimensionado.jpeg 450w\" sizes=\"(max-width: 150px) 100vw, 150px\" \/>10:10AM a 11:00AM &#8211; Crea tu propio laboratorio de Big Data con MicroK8s y Spark<\/strong>\n\nPor <span data-sheets-root=\"1\">Jorge Daniel Aguilar Orozco &#8211; Colombia \ud83c\udde8\ud83c\uddf4<\/span>\n\n<em>Demostrar como podemos crear un laboratorio de Big Data utilizando Spark desplegado con la herramienta MicroK8s de Canonical. Para practicar BIg Data e intentando emular una arquitectura de datos<\/em>\n\n<a href=\"https:\/\/www.youtube.com\/watch?v=kSlLjAXISA8\" target=\"_blank\"><img decoding=\"async\" src=\"https:\/\/ubuconla.org\/2024\/wp-content\/uploads\/sites\/3\/2024\/08\/live.svg\" width=\"100px\"><\/a>\n<br><br><br>\n\n<hr \/>\n\n<strong><img loading=\"lazy\" decoding=\"async\" class=\"alignright wp-image-262 size-thumbnail\" src=\"https:\/\/ubuconla.org\/2024\/wp-content\/uploads\/sites\/3\/2024\/06\/stephen_jimenez-Stephen-Jimenez.redimensionado-150x150.jpg\" alt=\"Foto de perfil\" width=\"150\" height=\"150\" srcset=\"https:\/\/ubuconla.org\/2024\/wp-content\/uploads\/sites\/3\/2024\/06\/stephen_jimenez-Stephen-Jimenez.redimensionado-150x150.jpg 150w, https:\/\/ubuconla.org\/2024\/wp-content\/uploads\/sites\/3\/2024\/06\/stephen_jimenez-Stephen-Jimenez.redimensionado-300x300.jpg 300w, https:\/\/ubuconla.org\/2024\/wp-content\/uploads\/sites\/3\/2024\/06\/stephen_jimenez-Stephen-Jimenez.redimensionado.jpg 450w\" sizes=\"(max-width: 150px) 100vw, 150px\" \/>11:15AM a 12:00PM &#8211; Inteligencia artificial aplicada con el uso de redes neuronales de convoluci\u00f3n (CNNs) para la detecci\u00f3n y traslado de objetos por medio de un brazo rob\u00f3tico.<\/strong>\n\nPor <span data-sheets-root=\"1\">Stephen Jimenez &#8211; Colombia \ud83c\udde8\ud83c\uddf4<\/span>\n\n<em>El taller explora el uso de la inteligencia artificial en la automatizaci\u00f3n industrial, incluyendo la simulaci\u00f3n de un proceso donde un actuador selecciona objetos utilizando la clasificaci\u00f3n basada en redes neuronales de convoluci\u00f3n. Se abordar\u00e1n tanto los aspectos te\u00f3ricos como pr\u00e1cticos para implementar estas tecnolog\u00edas en entornos industriales.<\/em>\n\n<a href=\"https:\/\/www.youtube.com\/watch?v=km10bgVB22g\" target=\"_blank\" rel=\"noopener\"><img decoding=\"async\" class=\"aligncenter\" src=\"https:\/\/ubuconla.org\/2024\/wp-content\/uploads\/sites\/3\/2024\/08\/live.svg\" width=\"100px\" \/><\/a>\n\n<hr \/>\n\n<strong>12:00PM a 1:00PM &#8211; Almuerzo<\/strong>\n\n<hr \/>\n\n<strong><img loading=\"lazy\" decoding=\"async\" class=\"alignright wp-image-229 size-thumbnail\" src=\"https:\/\/ubuconla.org\/2024\/wp-content\/uploads\/sites\/3\/2024\/06\/isabel_yepes-Isabel-Cristina-Yepes-Ocampo.redimensionado-150x150.jpg\" alt=\"Foto de perfil\" width=\"150\" height=\"150\" srcset=\"https:\/\/ubuconla.org\/2024\/wp-content\/uploads\/sites\/3\/2024\/06\/isabel_yepes-Isabel-Cristina-Yepes-Ocampo.redimensionado-150x150.jpg 150w, https:\/\/ubuconla.org\/2024\/wp-content\/uploads\/sites\/3\/2024\/06\/isabel_yepes-Isabel-Cristina-Yepes-Ocampo.redimensionado-300x300.jpg 300w, https:\/\/ubuconla.org\/2024\/wp-content\/uploads\/sites\/3\/2024\/06\/isabel_yepes-Isabel-Cristina-Yepes-Ocampo.redimensionado.jpg 450w\" sizes=\"(max-width: 150px) 100vw, 150px\" \/>1:00PM a 1:45PM &#8211; IaC con Terraform para despliegue de cluster kubernetes.<\/strong>\n\n<span data-sheets-root=\"1\">Isabel Yepes &#8211; Colombia \ud83c\udde8\ud83c\uddf4<\/span>\n\n<em>Participar\u00e1s en una demostraci\u00f3n pr\u00e1ctica que integra tecnolog\u00edas de Terraform para el despliegue de un cluster de kubernetes, usando automatizaci\u00f3n con Azure DevOps y desplegando en AWS como proveedor de nube.<\/em>\n\n<a href=\"https:\/\/www.youtube.com\/watch?v=IBkAFBmF8Z8\" target=\"_blank\" rel=\"noopener\"><img decoding=\"async\" class=\"aligncenter\" src=\"https:\/\/ubuconla.org\/2024\/wp-content\/uploads\/sites\/3\/2024\/08\/live.svg\" width=\"100px\" \/><\/a>\n\n<hr \/>\n\n<strong><img loading=\"lazy\" decoding=\"async\" class=\"alignright wp-image-219 size-thumbnail\" src=\"https:\/\/ubuconla.org\/2024\/wp-content\/uploads\/sites\/3\/2024\/06\/FB_IMG_1713274948773-Andres-Felipe-Mejia-Florez.redimensionado-150x150.jpg\" alt=\"Foto de perfil\" width=\"150\" height=\"150\" srcset=\"https:\/\/ubuconla.org\/2024\/wp-content\/uploads\/sites\/3\/2024\/06\/FB_IMG_1713274948773-Andres-Felipe-Mejia-Florez.redimensionado-150x150.jpg 150w, https:\/\/ubuconla.org\/2024\/wp-content\/uploads\/sites\/3\/2024\/06\/FB_IMG_1713274948773-Andres-Felipe-Mejia-Florez.redimensionado-300x300.jpg 300w, https:\/\/ubuconla.org\/2024\/wp-content\/uploads\/sites\/3\/2024\/06\/FB_IMG_1713274948773-Andres-Felipe-Mejia-Florez.redimensionado.jpg 450w\" sizes=\"(max-width: 150px) 100vw, 150px\" \/>1:45PM a 2:30PM &#8211; Trabajando IoT y rob\u00f3tica en Open hardware con Ubuntu<\/strong>\n\n<span data-sheets-root=\"1\">Por Andr\u00e9s Felipe Mejia Fl\u00f3rez &#8211; Colombia \ud83c\udde8\ud83c\uddf4\n<\/span>\n\n<span data-sheets-root=\"1\"><em>C\u00f3mo podemos instalar Ubuntu en equipos de bajo costo como raspberry para trabajar IoT y rob\u00f3tica en ambientes simulador antes de trabajar en modelos f\u00edsicos<\/em> <\/span>\n\n<a href=\"https:\/\/www.youtube.com\/watch?v=-eRsNo-0WnQ\" target=\"_blank\" rel=\"noopener\"><img decoding=\"async\" class=\"aligncenter\" src=\"https:\/\/ubuconla.org\/2024\/wp-content\/uploads\/sites\/3\/2024\/08\/live.svg\" width=\"100px\" \/><\/a>\n\n<hr \/>\n\n<strong>2:30PM a 2:45PM &#8211; Break<\/strong>\n\n<hr \/>\n\n<strong><img loading=\"lazy\" decoding=\"async\" class=\"alignright wp-image-264 size-thumbnail\" src=\"https:\/\/ubuconla.org\/2024\/wp-content\/uploads\/sites\/3\/2024\/06\/Sergio_Schvezov-20231029-dscf2369_v1-Sergio-Schvezov.redimensionado-150x150.jpg\" alt=\"Foto de perfil\" width=\"150\" height=\"150\" srcset=\"https:\/\/ubuconla.org\/2024\/wp-content\/uploads\/sites\/3\/2024\/06\/Sergio_Schvezov-20231029-dscf2369_v1-Sergio-Schvezov.redimensionado-150x150.jpg 150w, https:\/\/ubuconla.org\/2024\/wp-content\/uploads\/sites\/3\/2024\/06\/Sergio_Schvezov-20231029-dscf2369_v1-Sergio-Schvezov.redimensionado-300x300.jpg 300w, https:\/\/ubuconla.org\/2024\/wp-content\/uploads\/sites\/3\/2024\/06\/Sergio_Schvezov-20231029-dscf2369_v1-Sergio-Schvezov.redimensionado.jpg 450w\" sizes=\"(max-width: 150px) 100vw, 150px\" \/>2:45PM a 3:50PM\u00a0 &#8211; MASTER CLASS &#8220;Consistencia en desarrollo y experiencia&#8221;<\/strong>\n\nPor <span data-sheets-root=\"1\">Sergio Schvezov &#8211; Argentina \ud83c\udde6\ud83c\uddf7<\/span>\n\n<em>Presentar\u00e9 de forma sistem\u00e1tica como usando los mismos patrones podemos desarrollar para crear un snap, un charm o un contendor (OCI). Integrarlo todo y verlo en acci\u00f3n.\nUsaremos como ejemplo una aplicaci\u00f3n en Flask que llegar\u00e1 a la &#8220;nube&#8221;.<\/em>\n\n<a href=\"https:\/\/www.youtube.com\/watch?v=vx_Ov-v37EI\" target=\"_blank\" rel=\"noopener\"><img decoding=\"async\" class=\"aligncenter\" src=\"https:\/\/ubuconla.org\/2024\/wp-content\/uploads\/sites\/3\/2024\/08\/live.svg\" width=\"100px\" \/><\/a><\/div>\n\t\t\t\t\t\t\t<\/div>\n\t\t<\/div>\n\t\t\t\t\t\t<\/div>\n\t\t\t\t<\/div>\n\t\t\t\t<\/div>\n\t\t\t\t<\/div>\n\t\t<div class=\"elementor-element elementor-element-2bbdacc e-flex e-con-boxed e-con e-parent\" data-id=\"2bbdacc\" data-element_type=\"container\" data-e-type=\"container\">\n\t\t\t\t\t<div class=\"e-con-inner\">\n\t\t\t\t<div class=\"elementor-element elementor-element-07b7858 elementor-widget elementor-widget-image\" data-id=\"07b7858\" data-element_type=\"widget\" data-e-type=\"widget\" data-widget_type=\"image.default\">\n\t\t\t\t<div class=\"elementor-widget-container\">\n\t\t\t\t\t\t\t\t\t\t\t\t\t\t\t<img loading=\"lazy\" decoding=\"async\" width=\"2600\" height=\"471\" src=\"https:\/\/ubuconla.org\/2024\/wp-content\/uploads\/sites\/3\/2024\/04\/0000_suru-main-25x75-light.png\" class=\"attachment-full size-full wp-image-67\" alt=\"\" srcset=\"https:\/\/ubuconla.org\/2024\/wp-content\/uploads\/sites\/3\/2024\/04\/0000_suru-main-25x75-light.png 2600w, https:\/\/ubuconla.org\/2024\/wp-content\/uploads\/sites\/3\/2024\/04\/0000_suru-main-25x75-light-300x54.png 300w, https:\/\/ubuconla.org\/2024\/wp-content\/uploads\/sites\/3\/2024\/04\/0000_suru-main-25x75-light-1024x186.png 1024w, https:\/\/ubuconla.org\/2024\/wp-content\/uploads\/sites\/3\/2024\/04\/0000_suru-main-25x75-light-768x139.png 768w, https:\/\/ubuconla.org\/2024\/wp-content\/uploads\/sites\/3\/2024\/04\/0000_suru-main-25x75-light-1536x278.png 1536w, https:\/\/ubuconla.org\/2024\/wp-content\/uploads\/sites\/3\/2024\/04\/0000_suru-main-25x75-light-2048x371.png 2048w\" sizes=\"(max-width: 2600px) 100vw, 2600px\" \/>\t\t\t\t\t\t\t\t\t\t\t\t\t\t\t<\/div>\n\t\t\t\t<\/div>\n\t\t\t\t\t<\/div>\n\t\t\t\t<\/div>\n\t\t\t\t<\/div>\n\t\t","protected":false},"excerpt":{"rendered":"<p>El evento m\u00e1s importante de Ubuntu en Latinoam\u00e9rica Barranquilla &#8211; Colombia Novena Edici\u00f3n &#8211; UbuconLA 30 y 31 de Agosto de 2024 Universidad de la Costa \/\/ Barranquilla &#8211; Colombia \u00bfQu\u00e9 es la UbuCon Latinoam\u00e9rica? UbuConLA es la edici\u00f3n Latinoamericana de UbuCon. La UbuConLA como fue bautizada desde sus inicios, se realiza anualmente en una [&hellip;]<\/p>\n","protected":false},"author":1,"featured_media":0,"parent":0,"menu_order":0,"comment_status":"closed","ping_status":"closed","template":"elementor_header_footer","meta":{"footnotes":""},"class_list":["post-10","page","type-page","status-publish","hentry"],"_links":{"self":[{"href":"https:\/\/ubuconla.org\/2024\/wp-json\/wp\/v2\/pages\/10","targetHints":{"allow":["GET"]}}],"collection":[{"href":"https:\/\/ubuconla.org\/2024\/wp-json\/wp\/v2\/pages"}],"about":[{"href":"https:\/\/ubuconla.org\/2024\/wp-json\/wp\/v2\/types\/page"}],"author":[{"embeddable":true,"href":"https:\/\/ubuconla.org\/2024\/wp-json\/wp\/v2\/users\/1"}],"replies":[{"embeddable":true,"href":"https:\/\/ubuconla.org\/2024\/wp-json\/wp\/v2\/comments?post=10"}],"version-history":[{"count":407,"href":"https:\/\/ubuconla.org\/2024\/wp-json\/wp\/v2\/pages\/10\/revisions"}],"predecessor-version":[{"id":708,"href":"https:\/\/ubuconla.org\/2024\/wp-json\/wp\/v2\/pages\/10\/revisions\/708"}],"wp:attachment":[{"href":"https:\/\/ubuconla.org\/2024\/wp-json\/wp\/v2\/media?parent=10"}],"curies":[{"name":"wp","href":"https:\/\/api.w.org\/{rel}","templated":true}]}}